{"version":"1.0","provider_name":"Darka Mazi","provider_url":"https:\/\/darkamazi.site","title":"CEM\u0130L BAYIK\u2019IN A\u00c7IKLAMASININ K\u00dcRTLERE B\u0130R FAYDASI VAR MI - Darka Mazi","type":"rich","width":600,"height":338,"html":"<blockquote class=\"darka-embedded-content\" data-secret=\"oeTkPm32rx\"><a href=\"https:\/\/darkamazi.site\/archives\/1006747\">CEM\u0130L BAYIK\u2019IN A\u00c7IKLAMASININ K\u00dcRTLERE B\u0130R FAYDASI VAR MI<\/a><\/blockquote><iframe sandbox=\"allow-scripts\" security=\"restricted\" src=\"https:\/\/darkamazi.site\/archives\/1006747\/embed#?secret=oeTkPm32rx\" width=\"600\" height=\"338\" title=\"&#8220;CEM\u0130L BAYIK\u2019IN A\u00c7IKLAMASININ K\u00dcRTLERE B\u0130R FAYDASI VAR MI&#8221; &#8212; Darka Mazi\" data-secret=\"oeTkPm32rx\" frameborder=\"0\" marginwidth=\"0\" marginheight=\"0\" scrolling=\"no\" class=\"darka-embedded-content\"><\/iframe><script>\n\/*! This file is auto-generated *\/\n!function(d,l){\"use strict\";l.querySelector&&d.addEventListener&&\"undefined\"!=typeof URL&&(d.wp=d.wp||{},d.wp.receiveEmbedMessage||(d.wp.receiveEmbedMessage=function(e){var t=e.data;if((t||t.secret||t.message||t.value)&&!\/[^a-zA-Z0-9]\/.test(t.secret)){for(var s,r,n,a=l.querySelectorAll('iframe[data-secret=\"'+t.secret+'\"]'),o=l.querySelectorAll('blockquote[data-secret=\"'+t.secret+'\"]'),c=new RegExp(\"^https?:$\",\"i\"),i=0;i<o.length;i++)o[i].style.display=\"none\";for(i=0;i<a.length;i++)s=a[i],e.source===s.contentWindow&&(s.removeAttribute(\"style\"),\"height\"===t.message?(1e3<(r=parseInt(t.value,10))?r=1e3:~~r<200&&(r=200),s.height=r):\"link\"===t.message&&(r=new URL(s.getAttribute(\"src\")),n=new URL(t.value),c.test(n.protocol))&&n.host===r.host&&l.activeElement===s&&(d.top.location.href=t.value))}},d.addEventListener(\"message\",d.wp.receiveEmbedMessage,!1),l.addEventListener(\"DOMContentLoaded\",function(){for(var e,t,s=l.querySelectorAll(\"iframe.darka-embedded-content\"),r=0;r<s.length;r++)(t=(e=s[r]).getAttribute(\"data-secret\"))||(t=Math.random().toString(36).substring(2,12),e.src+=\"#?secret=\"+t,e.setAttribute(\"data-secret\",t)),e.contentWindow.postMessage({message:\"ready\",secret:t},\"*\")},!1)))}(window,document);\n\/\/# sourceURL=https:\/\/darkamazi.site\/other\/js\/wp-embed.min.js\n<\/script>\n","thumbnail_url":"https:\/\/darkamazi.site\/file\/2019\/10\/CEM\u0130L-BAYIK\u2019IN-A\u00c7IKLAMASININ-K\u00dcRTLERE-B\u0130R-FAYDASI-VAR-MI.jpg","thumbnail_width":781,"thumbnail_height":439,"description":"Cemil Bay\u0131k; \u00c7ok daha \u00f6nce Suriye Rejimi ile anla\u015fma sa\u011flanmal\u0131yd\u0131 KCK Y\u00fcr\u00fctme Konseyi Ba\u015fkan\u0131 Cemil Bay\u0131k kendilerine yak\u0131n bir haber sitesine r\u00f6portaj vererek son durumlar\u0131 de\u011ferlendirdi. \u00a0Cemil Bay\u0131k\u2019\u0131n r\u00f6portajda direk Rojava K\u00fcrdistan\u0131 ad\u0131na Tam da uluslararas\u0131 toplum Erdo\u011fan\u2019\u0131n \u201cYPG e\u015fittir PKK\u2019dir\u201d dedi\u011fi bir d\u00f6nemde Bay\u0131k\u2019\u0131n bu a\u00e7\u0131klamas\u0131 dikkat \u00e7ekti. T\u00fcrkiye Ba\u015fbakan\u0131 Erdo\u011fan \u0131srarla YPG PKK\u2019nin [&hellip;]"}