{"version":"1.0","provider_name":"Darka Mazi","provider_url":"https:\/\/darkamazi.site","title":"Barzani: Ebubekir Ba\u011fdadi\u2019nin \u00f6ld\u00fcr\u00fclmesi, I\u015e\u0130D'in yok olmas\u0131 anlam\u0131na gelmez - Darka Mazi","type":"rich","width":600,"height":338,"html":"<blockquote class=\"darka-embedded-content\" data-secret=\"6CbEoRK8mh\"><a href=\"https:\/\/darkamazi.site\/archives\/1006928\">Barzani: Ebubekir Ba\u011fdadi\u2019nin \u00f6ld\u00fcr\u00fclmesi, I\u015e\u0130D&#8217;in yok olmas\u0131 anlam\u0131na gelmez<\/a><\/blockquote><iframe sandbox=\"allow-scripts\" security=\"restricted\" src=\"https:\/\/darkamazi.site\/archives\/1006928\/embed#?secret=6CbEoRK8mh\" width=\"600\" height=\"338\" title=\"&#8220;Barzani: Ebubekir Ba\u011fdadi\u2019nin \u00f6ld\u00fcr\u00fclmesi, I\u015e\u0130D&#8217;in yok olmas\u0131 anlam\u0131na gelmez&#8221; &#8212; Darka Mazi\" data-secret=\"6CbEoRK8mh\" frameborder=\"0\" marginwidth=\"0\" marginheight=\"0\" scrolling=\"no\" class=\"darka-embedded-content\"><\/iframe><script>\n\/*! This file is auto-generated *\/\n!function(d,l){\"use strict\";l.querySelector&&d.addEventListener&&\"undefined\"!=typeof URL&&(d.wp=d.wp||{},d.wp.receiveEmbedMessage||(d.wp.receiveEmbedMessage=function(e){var t=e.data;if((t||t.secret||t.message||t.value)&&!\/[^a-zA-Z0-9]\/.test(t.secret)){for(var s,r,n,a=l.querySelectorAll('iframe[data-secret=\"'+t.secret+'\"]'),o=l.querySelectorAll('blockquote[data-secret=\"'+t.secret+'\"]'),c=new RegExp(\"^https?:$\",\"i\"),i=0;i<o.length;i++)o[i].style.display=\"none\";for(i=0;i<a.length;i++)s=a[i],e.source===s.contentWindow&&(s.removeAttribute(\"style\"),\"height\"===t.message?(1e3<(r=parseInt(t.value,10))?r=1e3:~~r<200&&(r=200),s.height=r):\"link\"===t.message&&(r=new URL(s.getAttribute(\"src\")),n=new URL(t.value),c.test(n.protocol))&&n.host===r.host&&l.activeElement===s&&(d.top.location.href=t.value))}},d.addEventListener(\"message\",d.wp.receiveEmbedMessage,!1),l.addEventListener(\"DOMContentLoaded\",function(){for(var e,t,s=l.querySelectorAll(\"iframe.darka-embedded-content\"),r=0;r<s.length;r++)(t=(e=s[r]).getAttribute(\"data-secret\"))||(t=Math.random().toString(36).substring(2,12),e.src+=\"#?secret=\"+t,e.setAttribute(\"data-secret\",t)),e.contentWindow.postMessage({message:\"ready\",secret:t},\"*\")},!1)))}(window,document);\n\/\/# sourceURL=https:\/\/darkamazi.site\/other\/js\/wp-embed.min.js\n<\/script>\n","thumbnail_url":"https:\/\/darkamazi.site\/file\/2019\/10\/barzani-ba\u011fdadi-a\u00e7\u0131klamas\u0131.jpg","thumbnail_width":640,"thumbnail_height":440,"description":"I\u015eID lideri Ebubekir Ba\u011fdadi\u2019nin \u00f6ld\u00fcr\u00fcld\u00fc\u011f\u00fcn\u00fcn a\u00e7\u0131lanmas\u0131ndan sonra bir a\u00e7\u0131klama da KDP Genel Ba\u015fkan\u0131 Mesut Barzani\u2019den geldi \u00a0KDP Genel Ba\u015fkan\u0131 Mesud Barzani, I\u015e\u0130D\u2019in lideri Ebubekir Ba\u011fdadi\u2019nin \u00f6ld\u00fcr\u00fclmesinin, \u00f6rg\u00fct\u00fcn yok olmas\u0131 anlam\u0131na gelmedi\u011fini belirterek, uluslararas\u0131 toplumun I\u015e\u0130D ile m\u00fccadeleye devam etmesi gerekti\u011fini belirtti. Barzani I\u015e\u0130D lideri Ebubekir Ba\u011fdadi\u2019nin \u00f6ld\u00fcr\u00fclmesiyle ilgili bir mesaj yay\u0131mlad\u0131. \u00a0Mesud Barzani&#8217;in mesaj\u0131 \u015fu [&hellip;]"}