{"version":"1.0","provider_name":"Darka Mazi","provider_url":"https:\/\/darkamazi.site","title":"Kuzeydeki sessizli\u011fin nedeni HDP\u2019mi? - Darka Mazi","type":"rich","width":600,"height":338,"html":"<blockquote class=\"darka-embedded-content\" data-secret=\"LrlJDD06aE\"><a href=\"https:\/\/darkamazi.site\/archives\/1007027\">Kuzeydeki sessizli\u011fin nedeni HDP\u2019mi?<\/a><\/blockquote><iframe sandbox=\"allow-scripts\" security=\"restricted\" src=\"https:\/\/darkamazi.site\/archives\/1007027\/embed#?secret=LrlJDD06aE\" width=\"600\" height=\"338\" title=\"&#8220;Kuzeydeki sessizli\u011fin nedeni HDP\u2019mi?&#8221; &#8212; Darka Mazi\" data-secret=\"LrlJDD06aE\" frameborder=\"0\" marginwidth=\"0\" marginheight=\"0\" scrolling=\"no\" class=\"darka-embedded-content\"><\/iframe><script>\n\/*! This file is auto-generated *\/\n!function(d,l){\"use strict\";l.querySelector&&d.addEventListener&&\"undefined\"!=typeof URL&&(d.wp=d.wp||{},d.wp.receiveEmbedMessage||(d.wp.receiveEmbedMessage=function(e){var t=e.data;if((t||t.secret||t.message||t.value)&&!\/[^a-zA-Z0-9]\/.test(t.secret)){for(var s,r,n,a=l.querySelectorAll('iframe[data-secret=\"'+t.secret+'\"]'),o=l.querySelectorAll('blockquote[data-secret=\"'+t.secret+'\"]'),c=new RegExp(\"^https?:$\",\"i\"),i=0;i<o.length;i++)o[i].style.display=\"none\";for(i=0;i<a.length;i++)s=a[i],e.source===s.contentWindow&&(s.removeAttribute(\"style\"),\"height\"===t.message?(1e3<(r=parseInt(t.value,10))?r=1e3:~~r<200&&(r=200),s.height=r):\"link\"===t.message&&(r=new URL(s.getAttribute(\"src\")),n=new URL(t.value),c.test(n.protocol))&&n.host===r.host&&l.activeElement===s&&(d.top.location.href=t.value))}},d.addEventListener(\"message\",d.wp.receiveEmbedMessage,!1),l.addEventListener(\"DOMContentLoaded\",function(){for(var e,t,s=l.querySelectorAll(\"iframe.darka-embedded-content\"),r=0;r<s.length;r++)(t=(e=s[r]).getAttribute(\"data-secret\"))||(t=Math.random().toString(36).substring(2,12),e.src+=\"#?secret=\"+t,e.setAttribute(\"data-secret\",t)),e.contentWindow.postMessage({message:\"ready\",secret:t},\"*\")},!1)))}(window,document);\n\/\/# sourceURL=https:\/\/darkamazi.site\/other\/js\/wp-embed.min.js\n<\/script>\n","thumbnail_url":"https:\/\/darkamazi.site\/file\/2019\/10\/Kuzeydeki-sessizli\u011fin-nedeni-HDP\u2019mi.jpg","thumbnail_width":1024,"thumbnail_height":576,"description":"T\u00fcrk devletinin Rojava i\u015fgali sonras\u0131 herkes Kuzey K\u00fcrdistan\u2019da ki sessizli\u011fi tart\u0131\u015f\u0131yor, \u00e7o\u011funluk da HDP\u2019yi su\u00e7luyor.\u00a0 Ger\u00e7ekten HDP\u2019mi su\u00e7lu, yoksa HDP\u2019yi kuranlar m\u0131 su\u00e7lu? \u00a0Peki, HDP\u2019yi kim kurdu? 9 Ekim g\u00fcn\u00fc T\u00fcrkiye devletinin Rojava\u2019y\u0131 i\u015fgal giri\u015fimi sonras\u0131 d\u00fcnyan\u0131n her yerinden i\u015fgale kar\u015f\u0131 ses y\u00fckseldi. K\u00fcrtler ve demokrat insanlar meydanlarda beraber i\u015fgale kar\u015f\u0131 tutum ald\u0131. \u0130\u015fgale kar\u015f\u0131 [&hellip;]"}