{"version":"1.0","provider_name":"Darka Mazi","provider_url":"https:\/\/darkamazi.site","title":"Bu d\u00fcnyadan bir Ahmet Kaya ge\u00e7ti\u2026 - Darka Mazi","type":"rich","width":600,"height":338,"html":"<blockquote class=\"darka-embedded-content\" data-secret=\"vogKKIoBNY\"><a href=\"https:\/\/darkamazi.site\/archives\/1007350\">Bu d\u00fcnyadan bir Ahmet Kaya ge\u00e7ti\u2026<\/a><\/blockquote><iframe sandbox=\"allow-scripts\" security=\"restricted\" src=\"https:\/\/darkamazi.site\/archives\/1007350\/embed#?secret=vogKKIoBNY\" width=\"600\" height=\"338\" title=\"&#8220;Bu d\u00fcnyadan bir Ahmet Kaya ge\u00e7ti\u2026&#8221; &#8212; Darka Mazi\" data-secret=\"vogKKIoBNY\" frameborder=\"0\" marginwidth=\"0\" marginheight=\"0\" scrolling=\"no\" class=\"darka-embedded-content\"><\/iframe><script>\n\/*! This file is auto-generated *\/\n!function(d,l){\"use strict\";l.querySelector&&d.addEventListener&&\"undefined\"!=typeof URL&&(d.wp=d.wp||{},d.wp.receiveEmbedMessage||(d.wp.receiveEmbedMessage=function(e){var t=e.data;if((t||t.secret||t.message||t.value)&&!\/[^a-zA-Z0-9]\/.test(t.secret)){for(var s,r,n,a=l.querySelectorAll('iframe[data-secret=\"'+t.secret+'\"]'),o=l.querySelectorAll('blockquote[data-secret=\"'+t.secret+'\"]'),c=new RegExp(\"^https?:$\",\"i\"),i=0;i<o.length;i++)o[i].style.display=\"none\";for(i=0;i<a.length;i++)s=a[i],e.source===s.contentWindow&&(s.removeAttribute(\"style\"),\"height\"===t.message?(1e3<(r=parseInt(t.value,10))?r=1e3:~~r<200&&(r=200),s.height=r):\"link\"===t.message&&(r=new URL(s.getAttribute(\"src\")),n=new URL(t.value),c.test(n.protocol))&&n.host===r.host&&l.activeElement===s&&(d.top.location.href=t.value))}},d.addEventListener(\"message\",d.wp.receiveEmbedMessage,!1),l.addEventListener(\"DOMContentLoaded\",function(){for(var e,t,s=l.querySelectorAll(\"iframe.darka-embedded-content\"),r=0;r<s.length;r++)(t=(e=s[r]).getAttribute(\"data-secret\"))||(t=Math.random().toString(36).substring(2,12),e.src+=\"#?secret=\"+t,e.setAttribute(\"data-secret\",t)),e.contentWindow.postMessage({message:\"ready\",secret:t},\"*\")},!1)))}(window,document);\n\/\/# sourceURL=https:\/\/darkamazi.site\/other\/js\/wp-embed.min.js\n<\/script>\n","thumbnail_url":"https:\/\/darkamazi.site\/file\/2019\/11\/ahmed-kaya.jpg","thumbnail_width":875,"thumbnail_height":506,"description":"Ahmet Kaya&#8217;y\u0131 kaybedeli 19 y\u0131l oldu. Hala \u015fark\u0131lar\u0131 ile dile getirdi\u011fi ac\u0131lar ve umutlar\u00a0 ya\u015fan\u0131yor bunun i\u00e7in olsa gerek \u015fark\u0131lar\u0131 hala sevgi ile dinleniliyor. Ahmet Kaya\u2019y\u0131 kaybedeli 19 y\u0131l oldu. 16 Kas\u0131m 2000 y\u0131l\u0131nda Paris\u2019te kalp krizi sonucu hayat\u0131n\u0131 kaybeden Ahmet Kaya Paris\u2019in Per\u00e9 Lachaise mezarl\u0131\u011f\u0131na defnedildi. Cenaze t\u00f6renine 35 000\u2019e yak\u0131n insan kat\u0131ld\u0131. \u015eark\u0131lar\u0131 [&hellip;]"}