{"version":"1.0","provider_name":"Darka Mazi","provider_url":"https:\/\/darkamazi.site","title":"Ba\u015fkan Ne\u00e7irvan Barzani, Ba\u011fdat\u2019taki K\u00fcrt temsilcilerle g\u00f6r\u00fc\u015ft\u00fc - Darka Mazi","type":"rich","width":600,"height":338,"html":"<blockquote class=\"darka-embedded-content\" data-secret=\"BrSSlofAxT\"><a href=\"https:\/\/darkamazi.site\/archives\/1008516\">Ba\u015fkan Ne\u00e7irvan Barzani, Ba\u011fdat\u2019taki K\u00fcrt temsilcilerle g\u00f6r\u00fc\u015ft\u00fc<\/a><\/blockquote><iframe sandbox=\"allow-scripts\" security=\"restricted\" src=\"https:\/\/darkamazi.site\/archives\/1008516\/embed#?secret=BrSSlofAxT\" width=\"600\" height=\"338\" title=\"&#8220;Ba\u015fkan Ne\u00e7irvan Barzani, Ba\u011fdat\u2019taki K\u00fcrt temsilcilerle g\u00f6r\u00fc\u015ft\u00fc&#8221; &#8212; Darka Mazi\" data-secret=\"BrSSlofAxT\" frameborder=\"0\" marginwidth=\"0\" marginheight=\"0\" scrolling=\"no\" class=\"darka-embedded-content\"><\/iframe><script>\n\/*! This file is auto-generated *\/\n!function(d,l){\"use strict\";l.querySelector&&d.addEventListener&&\"undefined\"!=typeof URL&&(d.wp=d.wp||{},d.wp.receiveEmbedMessage||(d.wp.receiveEmbedMessage=function(e){var t=e.data;if((t||t.secret||t.message||t.value)&&!\/[^a-zA-Z0-9]\/.test(t.secret)){for(var s,r,n,a=l.querySelectorAll('iframe[data-secret=\"'+t.secret+'\"]'),o=l.querySelectorAll('blockquote[data-secret=\"'+t.secret+'\"]'),c=new RegExp(\"^https?:$\",\"i\"),i=0;i<o.length;i++)o[i].style.display=\"none\";for(i=0;i<a.length;i++)s=a[i],e.source===s.contentWindow&&(s.removeAttribute(\"style\"),\"height\"===t.message?(1e3<(r=parseInt(t.value,10))?r=1e3:~~r<200&&(r=200),s.height=r):\"link\"===t.message&&(r=new URL(s.getAttribute(\"src\")),n=new URL(t.value),c.test(n.protocol))&&n.host===r.host&&l.activeElement===s&&(d.top.location.href=t.value))}},d.addEventListener(\"message\",d.wp.receiveEmbedMessage,!1),l.addEventListener(\"DOMContentLoaded\",function(){for(var e,t,s=l.querySelectorAll(\"iframe.darka-embedded-content\"),r=0;r<s.length;r++)(t=(e=s[r]).getAttribute(\"data-secret\"))||(t=Math.random().toString(36).substring(2,12),e.src+=\"#?secret=\"+t,e.setAttribute(\"data-secret\",t)),e.contentWindow.postMessage({message:\"ready\",secret:t},\"*\")},!1)))}(window,document);\n\/\/# sourceURL=https:\/\/darkamazi.site\/other\/js\/wp-embed.min.js\n<\/script>\n","thumbnail_url":"https:\/\/darkamazi.site\/file\/2020\/02\/baskan-necirvan-barzani-bagdattaki-kurt-temsilcilerle-gorustu.jpg","thumbnail_width":650,"thumbnail_height":366,"description":"K\u00fcrdistan B\u00f6lgesi Ba\u015fkan\u0131 Ne\u00e7irvan Barzani, Irak Parlamentosu\u2019ndaki K\u00fcrdistani gruplar\u0131n temsilcileri ile bir araya geldi. K\u00fcrdistan B\u00f6lgesi Ba\u015fkanl\u0131\u011f\u0131\u2019nda ger\u00e7ekle\u015ftirilen toplant\u0131ya K\u00fcrdistan B\u00f6lgesi ba\u015fkan yard\u0131mc\u0131lar\u0131 Cafer \u015eeyh Mustafa ve Mustafa Seyyid Kadir\u2019in yan\u0131 s\u0131ra Irak Parlamentosu Ba\u015fkan Yard\u0131mc\u0131s\u0131 Be\u015fir Haddad da kat\u0131ld\u0131. Ya\u015fanan geli\u015fmeler kar\u015f\u0131s\u0131nda Irak Parlamentosu\u2019ndaki K\u00fcrdistani gruplar\u0131n ortak hareket etmesi ve ortak K\u00fcrdistani Fraksiyon olu\u015fturulmas\u0131n\u0131n [&hellip;]"}