{"version":"1.0","provider_name":"Darka Mazi","provider_url":"https:\/\/darkamazi.site","title":"K\u00fcrtlerin Leylas\u0131n\u0131n idam edili\u015finin \u00fcst\u00fcnden 46 y\u0131l ge\u00e7ti - Darka Mazi","type":"rich","width":600,"height":338,"html":"<blockquote class=\"darka-embedded-content\" data-secret=\"BAwpqkYuvl\"><a href=\"https:\/\/darkamazi.site\/archives\/1009605\">K\u00fcrtlerin Leylas\u0131n\u0131n idam edili\u015finin \u00fcst\u00fcnden 46 y\u0131l ge\u00e7ti<\/a><\/blockquote><iframe sandbox=\"allow-scripts\" security=\"restricted\" src=\"https:\/\/darkamazi.site\/archives\/1009605\/embed#?secret=BAwpqkYuvl\" width=\"600\" height=\"338\" title=\"&#8220;K\u00fcrtlerin Leylas\u0131n\u0131n idam edili\u015finin \u00fcst\u00fcnden 46 y\u0131l ge\u00e7ti&#8221; &#8212; Darka Mazi\" data-secret=\"BAwpqkYuvl\" frameborder=\"0\" marginwidth=\"0\" marginheight=\"0\" scrolling=\"no\" class=\"darka-embedded-content\"><\/iframe><script>\n\/*! This file is auto-generated *\/\n!function(d,l){\"use strict\";l.querySelector&&d.addEventListener&&\"undefined\"!=typeof URL&&(d.wp=d.wp||{},d.wp.receiveEmbedMessage||(d.wp.receiveEmbedMessage=function(e){var t=e.data;if((t||t.secret||t.message||t.value)&&!\/[^a-zA-Z0-9]\/.test(t.secret)){for(var s,r,n,a=l.querySelectorAll('iframe[data-secret=\"'+t.secret+'\"]'),o=l.querySelectorAll('blockquote[data-secret=\"'+t.secret+'\"]'),c=new RegExp(\"^https?:$\",\"i\"),i=0;i<o.length;i++)o[i].style.display=\"none\";for(i=0;i<a.length;i++)s=a[i],e.source===s.contentWindow&&(s.removeAttribute(\"style\"),\"height\"===t.message?(1e3<(r=parseInt(t.value,10))?r=1e3:~~r<200&&(r=200),s.height=r):\"link\"===t.message&&(r=new URL(s.getAttribute(\"src\")),n=new URL(t.value),c.test(n.protocol))&&n.host===r.host&&l.activeElement===s&&(d.top.location.href=t.value))}},d.addEventListener(\"message\",d.wp.receiveEmbedMessage,!1),l.addEventListener(\"DOMContentLoaded\",function(){for(var e,t,s=l.querySelectorAll(\"iframe.darka-embedded-content\"),r=0;r<s.length;r++)(t=(e=s[r]).getAttribute(\"data-secret\"))||(t=Math.random().toString(36).substring(2,12),e.src+=\"#?secret=\"+t,e.setAttribute(\"data-secret\",t)),e.contentWindow.postMessage({message:\"ready\",secret:t},\"*\")},!1)))}(window,document);\n\/\/# sourceURL=https:\/\/darkamazi.site\/other\/js\/wp-embed.min.js\n<\/script>\n","thumbnail_url":"https:\/\/darkamazi.site\/file\/2020\/05\/leyla-darka-maz\u00ee.jpg","thumbnail_width":1280,"thumbnail_height":719,"description":"Leyla Kas\u0131m, 1950 y\u0131l\u0131nda Kerk\u00fck\u2019e ba\u011fl\u0131 Xanekin kentinde d\u00fcnya ya geldi. Gece yar\u0131s\u0131 d\u00fcnyaya geldi\u011finden dolay\u0131 babas\u0131 Arap\u00e7a \u2018gece\u2019 anlam\u0131na Leyla ismini koydu ailesi ona. Be\u015f karde\u015fli ailenin ikinci \u00e7ocu\u011fuydu. \u0130lkokulu Wend okulunda okuyan Leyla, derslerinde ba\u015far\u0131l\u0131yd\u0131. Gen\u00e7lik y\u0131llar\u0131nda K\u00fcrt m\u00fccadelesine ilgi duymaya ba\u015flad\u0131. Baas rejiminin Xaneqin\u2019i Arapla\u015ft\u0131rma politikalar\u0131 y\u00fcz\u00fcnden ailesiyle birlikte Ba\u011fdat\u2019a ta\u015f\u0131nan Leyla [&hellip;]"}