{"version":"1.0","provider_name":"Darka Mazi","provider_url":"https:\/\/darkamazi.site","title":"Askerde \u015f\u00fcpheli \u00f6l\u00fcm: 21 ya\u015f\u0131ndaki Malazgirtli gencin \u00fc\u00e7 kur\u015funla intihar etti dendi - Darka Mazi","type":"rich","width":600,"height":338,"html":"<blockquote class=\"darka-embedded-content\" data-secret=\"NfT6MFOssx\"><a href=\"https:\/\/darkamazi.site\/archives\/1009723\">Askerde \u015f\u00fcpheli \u00f6l\u00fcm: 21 ya\u015f\u0131ndaki Malazgirtli gencin \u00fc\u00e7 kur\u015funla intihar etti dendi<\/a><\/blockquote><iframe sandbox=\"allow-scripts\" security=\"restricted\" src=\"https:\/\/darkamazi.site\/archives\/1009723\/embed#?secret=NfT6MFOssx\" width=\"600\" height=\"338\" title=\"&#8220;Askerde \u015f\u00fcpheli \u00f6l\u00fcm: 21 ya\u015f\u0131ndaki Malazgirtli gencin \u00fc\u00e7 kur\u015funla intihar etti dendi&#8221; &#8212; Darka Mazi\" data-secret=\"NfT6MFOssx\" frameborder=\"0\" marginwidth=\"0\" marginheight=\"0\" scrolling=\"no\" class=\"darka-embedded-content\"><\/iframe><script>\n\/*! This file is auto-generated *\/\n!function(d,l){\"use strict\";l.querySelector&&d.addEventListener&&\"undefined\"!=typeof URL&&(d.wp=d.wp||{},d.wp.receiveEmbedMessage||(d.wp.receiveEmbedMessage=function(e){var t=e.data;if((t||t.secret||t.message||t.value)&&!\/[^a-zA-Z0-9]\/.test(t.secret)){for(var s,r,n,a=l.querySelectorAll('iframe[data-secret=\"'+t.secret+'\"]'),o=l.querySelectorAll('blockquote[data-secret=\"'+t.secret+'\"]'),c=new RegExp(\"^https?:$\",\"i\"),i=0;i<o.length;i++)o[i].style.display=\"none\";for(i=0;i<a.length;i++)s=a[i],e.source===s.contentWindow&&(s.removeAttribute(\"style\"),\"height\"===t.message?(1e3<(r=parseInt(t.value,10))?r=1e3:~~r<200&&(r=200),s.height=r):\"link\"===t.message&&(r=new URL(s.getAttribute(\"src\")),n=new URL(t.value),c.test(n.protocol))&&n.host===r.host&&l.activeElement===s&&(d.top.location.href=t.value))}},d.addEventListener(\"message\",d.wp.receiveEmbedMessage,!1),l.addEventListener(\"DOMContentLoaded\",function(){for(var e,t,s=l.querySelectorAll(\"iframe.darka-embedded-content\"),r=0;r<s.length;r++)(t=(e=s[r]).getAttribute(\"data-secret\"))||(t=Math.random().toString(36).substring(2,12),e.src+=\"#?secret=\"+t,e.setAttribute(\"data-secret\",t)),e.contentWindow.postMessage({message:\"ready\",secret:t},\"*\")},!1)))}(window,document);\n\/\/# sourceURL=https:\/\/darkamazi.site\/other\/js\/wp-embed.min.js\n<\/script>\n","thumbnail_url":"https:\/\/darkamazi.site\/file\/2020\/05\/ahmet-t\u00fcreli.jpg","thumbnail_width":750,"thumbnail_height":505,"description":"T\u00fcrk Silahl\u0131 Kuvvetlerinde zorunlu askerlik yapan Malazgirtli er Ahmet T\u00fcreli\u2019nin intihar etti\u011fi \u00f6ne s\u00fcr\u00fcld\u00fc. A\u011fabeyi Fecri T\u00fcreli ise \u201c karde\u015finin intihar etmesi i\u00e7in bir neden olmad\u0131\u011f\u0131n\u0131, ay sonunda zaten terhis olaca\u011f\u0131n\u0131, soru\u015fturma a\u00e7aca\u011f\u0131z\u201d dedi. Mu\u015f\u2019un Malazgirt il\u00e7esinde ya\u015fayan 21 ya\u015f\u0131ndaki Ahmet T\u00fcreli Van\u2019da askerlik yap\u0131yordu. \u0130ki g\u00fcn \u00f6nce n\u00f6bet yerinde \u00fc\u00e7 kur\u015funla kalbine yak\u0131n bir [&hellip;]"}