{"version":"1.0","provider_name":"Darka Mazi","provider_url":"https:\/\/darkamazi.site","title":"Reber Ahmet: vir\u00fcs tehlikesi olmad\u0131\u011f\u0131 halde h\u00fck\u00fcmetin soka\u011fa \u00e7\u0131kma yasa\u011f\u0131 ilan etti\u011fini iddia edenlerin yasal i\u015flemlere tabi tutulacak - Darka Mazi","type":"rich","width":600,"height":338,"html":"<blockquote class=\"darka-embedded-content\" data-secret=\"wfcmtZQ20V\"><a href=\"https:\/\/darkamazi.site\/archives\/1009812\">Reber Ahmet: vir\u00fcs tehlikesi olmad\u0131\u011f\u0131 halde h\u00fck\u00fcmetin soka\u011fa \u00e7\u0131kma yasa\u011f\u0131 ilan etti\u011fini iddia edenlerin yasal i\u015flemlere tabi tutulacak<\/a><\/blockquote><iframe sandbox=\"allow-scripts\" security=\"restricted\" src=\"https:\/\/darkamazi.site\/archives\/1009812\/embed#?secret=wfcmtZQ20V\" width=\"600\" height=\"338\" title=\"&#8220;Reber Ahmet: vir\u00fcs tehlikesi olmad\u0131\u011f\u0131 halde h\u00fck\u00fcmetin soka\u011fa \u00e7\u0131kma yasa\u011f\u0131 ilan etti\u011fini iddia edenlerin yasal i\u015flemlere tabi tutulacak&#8221; &#8212; Darka Mazi\" data-secret=\"wfcmtZQ20V\" frameborder=\"0\" marginwidth=\"0\" marginheight=\"0\" scrolling=\"no\" class=\"darka-embedded-content\"><\/iframe><script>\n\/*! This file is auto-generated *\/\n!function(d,l){\"use strict\";l.querySelector&&d.addEventListener&&\"undefined\"!=typeof URL&&(d.wp=d.wp||{},d.wp.receiveEmbedMessage||(d.wp.receiveEmbedMessage=function(e){var t=e.data;if((t||t.secret||t.message||t.value)&&!\/[^a-zA-Z0-9]\/.test(t.secret)){for(var s,r,n,a=l.querySelectorAll('iframe[data-secret=\"'+t.secret+'\"]'),o=l.querySelectorAll('blockquote[data-secret=\"'+t.secret+'\"]'),c=new RegExp(\"^https?:$\",\"i\"),i=0;i<o.length;i++)o[i].style.display=\"none\";for(i=0;i<a.length;i++)s=a[i],e.source===s.contentWindow&&(s.removeAttribute(\"style\"),\"height\"===t.message?(1e3<(r=parseInt(t.value,10))?r=1e3:~~r<200&&(r=200),s.height=r):\"link\"===t.message&&(r=new URL(s.getAttribute(\"src\")),n=new URL(t.value),c.test(n.protocol))&&n.host===r.host&&l.activeElement===s&&(d.top.location.href=t.value))}},d.addEventListener(\"message\",d.wp.receiveEmbedMessage,!1),l.addEventListener(\"DOMContentLoaded\",function(){for(var e,t,s=l.querySelectorAll(\"iframe.darka-embedded-content\"),r=0;r<s.length;r++)(t=(e=s[r]).getAttribute(\"data-secret\"))||(t=Math.random().toString(36).substring(2,12),e.src+=\"#?secret=\"+t,e.setAttribute(\"data-secret\",t)),e.contentWindow.postMessage({message:\"ready\",secret:t},\"*\")},!1)))}(window,document);\n\/\/# sourceURL=https:\/\/darkamazi.site\/other\/js\/wp-embed.min.js\n<\/script>\n","thumbnail_url":"https:\/\/darkamazi.site\/file\/2020\/06\/coronavirus-Kurdistan.jpg","thumbnail_width":486,"thumbnail_height":278,"description":"K\u00fcrdistan\u2019da coronavir\u00fcs vakalar\u0131n\u0131n artmas\u0131 \u00fczerine ilan edilene soka\u011fa \u00e7\u0131kma yasa\u011f\u0131na ili\u015fkin \u0130\u00e7i\u015fleri Bakanl\u0131\u011f\u0131\u2019ndan a\u00e7\u0131klama geldi. \u0130\u00e7i\u015fleri Bakan\u0131 Reber Ahmed, yar\u0131ndan itibaren halk i\u00e7in baz\u0131 d\u00fckkanlar\u0131n a\u00e7\u0131l\u0131p, kolayl\u0131klara gidilece\u011fini belirtti. Coronavir\u00fcsle M\u00fccadele Y\u00fcksek Toplant\u0131s\u0131\u2019n\u0131n ard\u0131ndan a\u00e7\u0131klamalarda bulunan \u0130\u00e7i\u015fleri Bakan\u0131 Reber Ahmed, soka\u011fa \u00e7\u0131kma yasa\u011f\u0131n\u0131 uzatmay\u0131 d\u00fc\u015f\u00fcnmediklerini ve halka kolayl\u0131k sa\u011flayacaklar\u0131n\u0131 s\u00f6yledi. Halka kolayl\u0131k olmas\u0131 i\u00e7in bir [&hellip;]"}