{"version":"1.0","provider_name":"Darka Mazi","provider_url":"https:\/\/darkamazi.site","title":"\u015eii milisler Ha\u015fdi \u015eabi'nin en radikal ve K\u00fcrt d\u00fc\u015fman\u0131 gurubu Kerk\u00fck \u00e7evresine getirildi - Darka Mazi","type":"rich","width":600,"height":338,"html":"<blockquote class=\"darka-embedded-content\" data-secret=\"KySAZq7bQY\"><a href=\"https:\/\/darkamazi.site\/archives\/1010448\">\u015eii milisler Ha\u015fdi \u015eabi&#8217;nin en radikal ve K\u00fcrt d\u00fc\u015fman\u0131 gurubu Kerk\u00fck \u00e7evresine getirildi<\/a><\/blockquote><iframe sandbox=\"allow-scripts\" security=\"restricted\" src=\"https:\/\/darkamazi.site\/archives\/1010448\/embed#?secret=KySAZq7bQY\" width=\"600\" height=\"338\" title=\"&#8220;\u015eii milisler Ha\u015fdi \u015eabi&#8217;nin en radikal ve K\u00fcrt d\u00fc\u015fman\u0131 gurubu Kerk\u00fck \u00e7evresine getirildi&#8221; &#8212; Darka Mazi\" data-secret=\"KySAZq7bQY\" frameborder=\"0\" marginwidth=\"0\" marginheight=\"0\" scrolling=\"no\" class=\"darka-embedded-content\"><\/iframe><script>\n\/*! This file is auto-generated *\/\n!function(d,l){\"use strict\";l.querySelector&&d.addEventListener&&\"undefined\"!=typeof URL&&(d.wp=d.wp||{},d.wp.receiveEmbedMessage||(d.wp.receiveEmbedMessage=function(e){var t=e.data;if((t||t.secret||t.message||t.value)&&!\/[^a-zA-Z0-9]\/.test(t.secret)){for(var s,r,n,a=l.querySelectorAll('iframe[data-secret=\"'+t.secret+'\"]'),o=l.querySelectorAll('blockquote[data-secret=\"'+t.secret+'\"]'),c=new RegExp(\"^https?:$\",\"i\"),i=0;i<o.length;i++)o[i].style.display=\"none\";for(i=0;i<a.length;i++)s=a[i],e.source===s.contentWindow&&(s.removeAttribute(\"style\"),\"height\"===t.message?(1e3<(r=parseInt(t.value,10))?r=1e3:~~r<200&&(r=200),s.height=r):\"link\"===t.message&&(r=new URL(s.getAttribute(\"src\")),n=new URL(t.value),c.test(n.protocol))&&n.host===r.host&&l.activeElement===s&&(d.top.location.href=t.value))}},d.addEventListener(\"message\",d.wp.receiveEmbedMessage,!1),l.addEventListener(\"DOMContentLoaded\",function(){for(var e,t,s=l.querySelectorAll(\"iframe.darka-embedded-content\"),r=0;r<s.length;r++)(t=(e=s[r]).getAttribute(\"data-secret\"))||(t=Math.random().toString(36).substring(2,12),e.src+=\"#?secret=\"+t,e.setAttribute(\"data-secret\",t)),e.contentWindow.postMessage({message:\"ready\",secret:t},\"*\")},!1)))}(window,document);\n\/\/# sourceURL=https:\/\/darkamazi.site\/other\/js\/wp-embed.min.js\n<\/script>\n","thumbnail_url":"https:\/\/darkamazi.site\/file\/2020\/08\/ha\u015fdi-\u015faabi.jpg","thumbnail_width":1500,"thumbnail_height":945,"description":"Kerk\u00fck\u2019\u00fcn Dibuz il\u00e7esine K\u00fcrtlere kar\u015f\u0131 \u015fovenist tavr\u0131 ve d\u00fc\u015fmanl\u0131\u011f\u0131 ile nam salm\u0131\u015f Ha\u015fdi \u0130mameyn g\u00fc\u00e7leri yerle\u015ftirilmeye ba\u015fland\u0131\u011f\u0131 a\u00e7\u0131kland\u0131. Bu g\u00fcn BasNews&#8217;te ge\u00e7en habere g\u00f6re\u00a0 K\u00fcrtlere kar\u015f\u0131 \u015fovenist tutumlar\u0131 ve d\u00fc\u015fmanl\u0131\u011f\u0131 ile tan\u0131nan \u0130mameyn g\u00fc\u00e7lerinin b\u00f6lgeye yerle\u015ftirilmesi K\u00fcrtlerde endi\u015fe ve korkuya yol a\u00e7t\u0131. Kerk\u00fck\u2019te bulunan Ha\u015fdi \u015eabi g\u00fc\u00e7lerinin bir k\u0131sm\u0131 Dubiz il\u00e7esine kayd\u0131r\u0131ld\u0131. BasNews\u2019in edindi\u011fi bilgilere [&hellip;]"}