{"version":"1.0","provider_name":"Darka Mazi","provider_url":"https:\/\/darkamazi.site","title":"Rewenda Kurd: PKK\u2019nin sald\u0131r\u0131lar\u0131 ve faaliyetleri K\u00fcrdistan B\u00f6lgesi\u2019nin huzur ortam\u0131n\u0131 bozuyor - Darka Mazi","type":"rich","width":600,"height":338,"html":"<blockquote class=\"darka-embedded-content\" data-secret=\"5j7URglamy\"><a href=\"https:\/\/darkamazi.site\/archives\/1011591\">Rewenda Kurd: PKK\u2019nin sald\u0131r\u0131lar\u0131 ve faaliyetleri K\u00fcrdistan B\u00f6lgesi\u2019nin huzur ortam\u0131n\u0131 bozuyor<\/a><\/blockquote><iframe sandbox=\"allow-scripts\" security=\"restricted\" src=\"https:\/\/darkamazi.site\/archives\/1011591\/embed#?secret=5j7URglamy\" width=\"600\" height=\"338\" title=\"&#8220;Rewenda Kurd: PKK\u2019nin sald\u0131r\u0131lar\u0131 ve faaliyetleri K\u00fcrdistan B\u00f6lgesi\u2019nin huzur ortam\u0131n\u0131 bozuyor&#8221; &#8212; Darka Mazi\" data-secret=\"5j7URglamy\" frameborder=\"0\" marginwidth=\"0\" marginheight=\"0\" scrolling=\"no\" class=\"darka-embedded-content\"><\/iframe><script>\n\/*! This file is auto-generated *\/\n!function(d,l){\"use strict\";l.querySelector&&d.addEventListener&&\"undefined\"!=typeof URL&&(d.wp=d.wp||{},d.wp.receiveEmbedMessage||(d.wp.receiveEmbedMessage=function(e){var t=e.data;if((t||t.secret||t.message||t.value)&&!\/[^a-zA-Z0-9]\/.test(t.secret)){for(var s,r,n,a=l.querySelectorAll('iframe[data-secret=\"'+t.secret+'\"]'),o=l.querySelectorAll('blockquote[data-secret=\"'+t.secret+'\"]'),c=new RegExp(\"^https?:$\",\"i\"),i=0;i<o.length;i++)o[i].style.display=\"none\";for(i=0;i<a.length;i++)s=a[i],e.source===s.contentWindow&&(s.removeAttribute(\"style\"),\"height\"===t.message?(1e3<(r=parseInt(t.value,10))?r=1e3:~~r<200&&(r=200),s.height=r):\"link\"===t.message&&(r=new URL(s.getAttribute(\"src\")),n=new URL(t.value),c.test(n.protocol))&&n.host===r.host&&l.activeElement===s&&(d.top.location.href=t.value))}},d.addEventListener(\"message\",d.wp.receiveEmbedMessage,!1),l.addEventListener(\"DOMContentLoaded\",function(){for(var e,t,s=l.querySelectorAll(\"iframe.darka-embedded-content\"),r=0;r<s.length;r++)(t=(e=s[r]).getAttribute(\"data-secret\"))||(t=Math.random().toString(36).substring(2,12),e.src+=\"#?secret=\"+t,e.setAttribute(\"data-secret\",t)),e.contentWindow.postMessage({message:\"ready\",secret:t},\"*\")},!1)))}(window,document);\n\/\/# sourceURL=https:\/\/darkamazi.site\/other\/js\/wp-embed.min.js\n<\/script>\n","thumbnail_url":"https:\/\/darkamazi.site\/file\/2020\/11\/Rawenda-Kurd.jpg","thumbnail_width":512,"thumbnail_height":237,"description":"Rewenda Kurd (K\u00fcrt Diasporas\u0131) PKK\u2019nin Pe\u015fmerge G\u00fc\u00e7leri\u2019ne sald\u0131r\u0131s\u0131n\u0131 k\u0131nad\u0131. Yap\u0131lan a\u00e7\u0131klamada, &#8220;D\u00f6nem sorun ve \u00e7eli\u015fkileri derinle\u015ftirme de\u011fil, dayalog ve \u00e7\u00f6z\u00fcm\u00fc geli\u015ftirme d\u00f6nemidir\u201d denildi. Rewenda Kurd yapt\u0131\u011f\u0131 yaz\u0131l\u0131 a\u00e7\u0131klamada, I\u015e\u0130D sald\u0131r\u0131s\u0131 ve Pe\u015fmerge G\u00fc\u00e7leri\u2019nin ba\u015far\u0131s\u0131 ard\u0131ndan K\u00fcrdistan B\u00f6lgesi\u2019nin hasas bir d\u00f6nemden ge\u00e7ti\u011fi belirtilerek, K\u00fcrdistan B\u00f6lgesi\u2019nde PKK\u2019nin sald\u0131r\u0131lar\u0131 ve faaliyetlerin K\u00fcrdistan B\u00f6lgesi\u2019nin huzur ortam\u0131n\u0131 bozdu\u011fu toplumu olumsuz [&hellip;]"}