{"version":"1.0","provider_name":"Darka Mazi","provider_url":"https:\/\/darkamazi.site","title":"Sergio Vieira de Mello \u00d6d\u00fcl\u00fc Ezidileri Kurtarma Ofisi Sorumlusu Husen Qaidi'nin - Darka Mazi","type":"rich","width":600,"height":338,"html":"<blockquote class=\"darka-embedded-content\" data-secret=\"Y4i32C018Y\"><a href=\"https:\/\/darkamazi.site\/archives\/1011639\">Sergio Vieira de Mello \u00d6d\u00fcl\u00fc Ezidileri Kurtarma Ofisi Sorumlusu Husen Qaidi&#8217;nin<\/a><\/blockquote><iframe sandbox=\"allow-scripts\" security=\"restricted\" src=\"https:\/\/darkamazi.site\/archives\/1011639\/embed#?secret=Y4i32C018Y\" width=\"600\" height=\"338\" title=\"&#8220;Sergio Vieira de Mello \u00d6d\u00fcl\u00fc Ezidileri Kurtarma Ofisi Sorumlusu Husen Qaidi&#8217;nin&#8221; &#8212; Darka Mazi\" data-secret=\"Y4i32C018Y\" frameborder=\"0\" marginwidth=\"0\" marginheight=\"0\" scrolling=\"no\" class=\"darka-embedded-content\"><\/iframe><script>\n\/*! This file is auto-generated *\/\n!function(d,l){\"use strict\";l.querySelector&&d.addEventListener&&\"undefined\"!=typeof URL&&(d.wp=d.wp||{},d.wp.receiveEmbedMessage||(d.wp.receiveEmbedMessage=function(e){var t=e.data;if((t||t.secret||t.message||t.value)&&!\/[^a-zA-Z0-9]\/.test(t.secret)){for(var s,r,n,a=l.querySelectorAll('iframe[data-secret=\"'+t.secret+'\"]'),o=l.querySelectorAll('blockquote[data-secret=\"'+t.secret+'\"]'),c=new RegExp(\"^https?:$\",\"i\"),i=0;i<o.length;i++)o[i].style.display=\"none\";for(i=0;i<a.length;i++)s=a[i],e.source===s.contentWindow&&(s.removeAttribute(\"style\"),\"height\"===t.message?(1e3<(r=parseInt(t.value,10))?r=1e3:~~r<200&&(r=200),s.height=r):\"link\"===t.message&&(r=new URL(s.getAttribute(\"src\")),n=new URL(t.value),c.test(n.protocol))&&n.host===r.host&&l.activeElement===s&&(d.top.location.href=t.value))}},d.addEventListener(\"message\",d.wp.receiveEmbedMessage,!1),l.addEventListener(\"DOMContentLoaded\",function(){for(var e,t,s=l.querySelectorAll(\"iframe.darka-embedded-content\"),r=0;r<s.length;r++)(t=(e=s[r]).getAttribute(\"data-secret\"))||(t=Math.random().toString(36).substring(2,12),e.src+=\"#?secret=\"+t,e.setAttribute(\"data-secret\",t)),e.contentWindow.postMessage({message:\"ready\",secret:t},\"*\")},!1)))}(window,document);\n\/\/# sourceURL=https:\/\/darkamazi.site\/other\/js\/wp-embed.min.js\n<\/script>\n","thumbnail_url":"https:\/\/darkamazi.site\/file\/2020\/11\/Ezidi-kurtarma-ofisi-muduru.jpg","thumbnail_width":710,"thumbnail_height":399,"description":"Ezdileri Kurtarma Ofisi\u00a0Sorumlusu\u00a0Husen Qaidi, insan haklar\u0131 savunuculu\u011fu ve diyalogu destekleyen ki\u015fi ve kurulu\u015flara verilen\u00a0Sergio Vieira de Mello \u00d6d\u00fcl\u00fc\u2019ne lay\u0131k g\u00f6r\u00fcld\u00fc. 2002-2003 y\u0131llar\u0131 aras\u0131nda Birle\u015fmi\u015f Milletler \u0130nsan Haklar\u0131 Komisyonu Ba\u015fkan\u0131 olarak g\u00f6rev yapan Sergio Vieira de Mello ad\u0131na verilen \u00f6d\u00fcl 17\u2019nci kez veriliyor. Her y\u0131l Polonya\u2019da verilen \u00f6d\u00fcle bu y\u0131l,\u00a0K\u00fcrdistan B\u00f6lgesi H\u00fck\u00fcmeti\u2019ne ba\u011fl\u0131 Ezdileri Kurtarma Ofisi [&hellip;]"}