{"version":"1.0","provider_name":"Darka Mazi","provider_url":"https:\/\/darkamazi.site","title":"Kakailer Papa'ya taleplerini anlat\u0131yor: Irak Anayasas\u0131nda belirlenen 140\u2019\u0131nc\u0131 Maddenin gereklerinin uygulanmas\u0131n\u0131 istiyoruz. - Darka Mazi","type":"rich","width":600,"height":338,"html":"<blockquote class=\"darka-embedded-content\" data-secret=\"trDCjcgaxR\"><a href=\"https:\/\/darkamazi.site\/archives\/1013374\">Kakailer Papa&#8217;ya taleplerini anlat\u0131yor: Irak Anayasas\u0131nda belirlenen 140\u2019\u0131nc\u0131 Maddenin gereklerinin uygulanmas\u0131n\u0131 istiyoruz.<\/a><\/blockquote><iframe sandbox=\"allow-scripts\" security=\"restricted\" src=\"https:\/\/darkamazi.site\/archives\/1013374\/embed#?secret=trDCjcgaxR\" width=\"600\" height=\"338\" title=\"&#8220;Kakailer Papa&#8217;ya taleplerini anlat\u0131yor: Irak Anayasas\u0131nda belirlenen 140\u2019\u0131nc\u0131 Maddenin gereklerinin uygulanmas\u0131n\u0131 istiyoruz.&#8221; &#8212; Darka Mazi\" data-secret=\"trDCjcgaxR\" frameborder=\"0\" marginwidth=\"0\" marginheight=\"0\" scrolling=\"no\" class=\"darka-embedded-content\"><\/iframe><script>\n\/*! This file is auto-generated *\/\n!function(d,l){\"use strict\";l.querySelector&&d.addEventListener&&\"undefined\"!=typeof URL&&(d.wp=d.wp||{},d.wp.receiveEmbedMessage||(d.wp.receiveEmbedMessage=function(e){var t=e.data;if((t||t.secret||t.message||t.value)&&!\/[^a-zA-Z0-9]\/.test(t.secret)){for(var s,r,n,a=l.querySelectorAll('iframe[data-secret=\"'+t.secret+'\"]'),o=l.querySelectorAll('blockquote[data-secret=\"'+t.secret+'\"]'),c=new RegExp(\"^https?:$\",\"i\"),i=0;i<o.length;i++)o[i].style.display=\"none\";for(i=0;i<a.length;i++)s=a[i],e.source===s.contentWindow&&(s.removeAttribute(\"style\"),\"height\"===t.message?(1e3<(r=parseInt(t.value,10))?r=1e3:~~r<200&&(r=200),s.height=r):\"link\"===t.message&&(r=new URL(s.getAttribute(\"src\")),n=new URL(t.value),c.test(n.protocol))&&n.host===r.host&&l.activeElement===s&&(d.top.location.href=t.value))}},d.addEventListener(\"message\",d.wp.receiveEmbedMessage,!1),l.addEventListener(\"DOMContentLoaded\",function(){for(var e,t,s=l.querySelectorAll(\"iframe.darka-embedded-content\"),r=0;r<s.length;r++)(t=(e=s[r]).getAttribute(\"data-secret\"))||(t=Math.random().toString(36).substring(2,12),e.src+=\"#?secret=\"+t,e.setAttribute(\"data-secret\",t)),e.contentWindow.postMessage({message:\"ready\",secret:t},\"*\")},!1)))}(window,document);\n\/\/# sourceURL=https:\/\/darkamazi.site\/other\/js\/wp-embed.min.js\n<\/script>\n","thumbnail_url":"https:\/\/darkamazi.site\/file\/2021\/03\/Kakeiler-ve-Papa.jpg","thumbnail_width":752,"thumbnail_height":472,"description":"Papa Franciscu, Ayetullah El Sistani&#8217;yi ziyaretinin ard\u0131ndan Ur ovas\u0131nda dinler aras\u0131 bulu\u015fmaya kat\u0131ld\u0131. K\u00fcrdistan\u2019dan giden Zerd\u00fc\u015fti ve Kakai temsilciler de Papa ile g\u00f6r\u00fc\u015f\u00fcp taleplerini aktarmak istediklerini belirtti. Irak ve K\u00fcrdistan B\u00f6lgesi ziyaretinin ikinci g\u00fcn\u00fcnde tarihi Ur kentine ge\u00e7en Papa, burada d\u00fczenlenen dinler aras\u0131 bulu\u015fmaya kat\u0131ld\u0131. \u201cKakailerin sorunu topraklar\u0131n\u0131n i\u015fgali\u201d Kakai temsilci Ferman Kakai de, \u201cBiz [&hellip;]"}