{"version":"1.0","provider_name":"Darka Mazi","provider_url":"https:\/\/darkamazi.site","title":"Foto\u011fraflarla Papa\u2019n\u0131n Erbil ziyareti - Darka Mazi","type":"rich","width":600,"height":338,"html":"<blockquote class=\"darka-embedded-content\" data-secret=\"5VEwdedKbO\"><a href=\"https:\/\/darkamazi.site\/archives\/1013401\">Foto\u011fraflarla Papa\u2019n\u0131n Erbil ziyareti<\/a><\/blockquote><iframe sandbox=\"allow-scripts\" security=\"restricted\" src=\"https:\/\/darkamazi.site\/archives\/1013401\/embed#?secret=5VEwdedKbO\" width=\"600\" height=\"338\" title=\"&#8220;Foto\u011fraflarla Papa\u2019n\u0131n Erbil ziyareti&#8221; &#8212; Darka Mazi\" data-secret=\"5VEwdedKbO\" frameborder=\"0\" marginwidth=\"0\" marginheight=\"0\" scrolling=\"no\" class=\"darka-embedded-content\"><\/iframe><script>\n\/*! This file is auto-generated *\/\n!function(d,l){\"use strict\";l.querySelector&&d.addEventListener&&\"undefined\"!=typeof URL&&(d.wp=d.wp||{},d.wp.receiveEmbedMessage||(d.wp.receiveEmbedMessage=function(e){var t=e.data;if((t||t.secret||t.message||t.value)&&!\/[^a-zA-Z0-9]\/.test(t.secret)){for(var s,r,n,a=l.querySelectorAll('iframe[data-secret=\"'+t.secret+'\"]'),o=l.querySelectorAll('blockquote[data-secret=\"'+t.secret+'\"]'),c=new RegExp(\"^https?:$\",\"i\"),i=0;i<o.length;i++)o[i].style.display=\"none\";for(i=0;i<a.length;i++)s=a[i],e.source===s.contentWindow&&(s.removeAttribute(\"style\"),\"height\"===t.message?(1e3<(r=parseInt(t.value,10))?r=1e3:~~r<200&&(r=200),s.height=r):\"link\"===t.message&&(r=new URL(s.getAttribute(\"src\")),n=new URL(t.value),c.test(n.protocol))&&n.host===r.host&&l.activeElement===s&&(d.top.location.href=t.value))}},d.addEventListener(\"message\",d.wp.receiveEmbedMessage,!1),l.addEventListener(\"DOMContentLoaded\",function(){for(var e,t,s=l.querySelectorAll(\"iframe.darka-embedded-content\"),r=0;r<s.length;r++)(t=(e=s[r]).getAttribute(\"data-secret\"))||(t=Math.random().toString(36).substring(2,12),e.src+=\"#?secret=\"+t,e.setAttribute(\"data-secret\",t)),e.contentWindow.postMessage({message:\"ready\",secret:t},\"*\")},!1)))}(window,document);\n\/\/# sourceURL=https:\/\/darkamazi.site\/other\/js\/wp-embed.min.js\n<\/script>\n","thumbnail_url":"https:\/\/darkamazi.site\/file\/2021\/03\/Papa-Kurdistan-2.jpg","thumbnail_width":900,"thumbnail_height":497,"description":"[darkamazi_row][darkamazi_column][darkamazi_message message_box_style=&#8221;3d&#8221; message_box_color=&#8221;chino&#8221;] Katoliklerin dini lideri Papa a Francis Hewler ziyaretinin yank\u0131lar\u0131 s\u00fcr\u00fcyor. Papa\u2019n\u0131n ziyaretinin K\u00fcrdistan i\u00e7in \u00f6zel bir anlam\u0131 var. Papa Francis ziyareti s\u0131ras\u0131nda K\u00fcrdistan B\u00f6lgesel Y\u00f6netimi s\u0131n\u0131rlar\u0131 i\u00e7indeki dini ve etnik guruplar\u0131n bir arada ya\u015fama k\u00fclt\u00fcr\u00fcn\u00fc de \u00f6vd\u00fc. Papa K\u00fcrdistan B\u00f6lgesinin kurtar\u0131c\u0131 oldu\u011funu s\u00f6yledi. Papa\u2019n\u0131n Erbil\u2019deki g\u00f6r\u00fc\u015fmelerinden olu\u015fan fotolar\u0131 da K\u00fcrdistan B\u00f6lgesi\u2019nin Papa\u2019ya, [&hellip;]"}