{"version":"1.0","provider_name":"Darka Mazi","provider_url":"https:\/\/darkamazi.site","title":"Papa'dan K\u00fcrdistan'a mesaj: \u201cBir kez daha K\u00fcrt halk\u0131na s\u0131cak kar\u015f\u0131lamalar\u0131 i\u00e7in te\u015fekk\u00fcr ediyorum\u201d - Darka Mazi","type":"rich","width":600,"height":338,"html":"<blockquote class=\"darka-embedded-content\" data-secret=\"X0FW4xzQqI\"><a href=\"https:\/\/darkamazi.site\/archives\/1013476\">Papa&#8217;dan K\u00fcrdistan&#8217;a mesaj: \u201cBir kez daha K\u00fcrt halk\u0131na s\u0131cak kar\u015f\u0131lamalar\u0131 i\u00e7in te\u015fekk\u00fcr ediyorum\u201d<\/a><\/blockquote><iframe sandbox=\"allow-scripts\" security=\"restricted\" src=\"https:\/\/darkamazi.site\/archives\/1013476\/embed#?secret=X0FW4xzQqI\" width=\"600\" height=\"338\" title=\"&#8220;Papa&#8217;dan K\u00fcrdistan&#8217;a mesaj: \u201cBir kez daha K\u00fcrt halk\u0131na s\u0131cak kar\u015f\u0131lamalar\u0131 i\u00e7in te\u015fekk\u00fcr ediyorum\u201d&#8221; &#8212; Darka Mazi\" data-secret=\"X0FW4xzQqI\" frameborder=\"0\" marginwidth=\"0\" marginheight=\"0\" scrolling=\"no\" class=\"darka-embedded-content\"><\/iframe><script>\n\/*! This file is auto-generated *\/\n!function(d,l){\"use strict\";l.querySelector&&d.addEventListener&&\"undefined\"!=typeof URL&&(d.wp=d.wp||{},d.wp.receiveEmbedMessage||(d.wp.receiveEmbedMessage=function(e){var t=e.data;if((t||t.secret||t.message||t.value)&&!\/[^a-zA-Z0-9]\/.test(t.secret)){for(var s,r,n,a=l.querySelectorAll('iframe[data-secret=\"'+t.secret+'\"]'),o=l.querySelectorAll('blockquote[data-secret=\"'+t.secret+'\"]'),c=new RegExp(\"^https?:$\",\"i\"),i=0;i<o.length;i++)o[i].style.display=\"none\";for(i=0;i<a.length;i++)s=a[i],e.source===s.contentWindow&&(s.removeAttribute(\"style\"),\"height\"===t.message?(1e3<(r=parseInt(t.value,10))?r=1e3:~~r<200&&(r=200),s.height=r):\"link\"===t.message&&(r=new URL(s.getAttribute(\"src\")),n=new URL(t.value),c.test(n.protocol))&&n.host===r.host&&l.activeElement===s&&(d.top.location.href=t.value))}},d.addEventListener(\"message\",d.wp.receiveEmbedMessage,!1),l.addEventListener(\"DOMContentLoaded\",function(){for(var e,t,s=l.querySelectorAll(\"iframe.darka-embedded-content\"),r=0;r<s.length;r++)(t=(e=s[r]).getAttribute(\"data-secret\"))||(t=Math.random().toString(36).substring(2,12),e.src+=\"#?secret=\"+t,e.setAttribute(\"data-secret\",t)),e.contentWindow.postMessage({message:\"ready\",secret:t},\"*\")},!1)))}(window,document);\n\/\/# sourceURL=https:\/\/darkamazi.site\/other\/js\/wp-embed.min.js\n<\/script>\n","thumbnail_url":"https:\/\/darkamazi.site\/file\/2021\/03\/Papa-in-Erbil.jpg","thumbnail_width":580,"thumbnail_height":330,"description":"Papa Franciscus, 5-7 Mart aras\u0131nda Irak ve K\u00fcrdistan\u2019a yapt\u0131\u011f\u0131 tarihi ziyaretlerin ard\u0131ndan Twitter\u2019da K\u00fcrdistan\u2019a te\u015fekk\u00fcr mesaj\u0131 payla\u015ft\u0131. Papa Franciscus, sosyal medya hesab\u0131 Twitter\u2019dan yapt\u0131\u011f\u0131 a\u00e7\u0131klamada Erbil\u2019deki kar\u015f\u0131lamaya ili\u015fkin K\u00fcrdistan Ba\u015fkan\u0131\u00a0Ne\u00e7irvan Barzani,\u00a0Ba\u015fbakan\u00a0Mesrur Barzani\u00a0ve K\u00fcrt halk\u0131na te\u015fekk\u00fcr etti. Papa, \u201cBir kez daha K\u00fcrt halk\u0131na s\u0131cak kar\u015f\u0131lamalar\u0131 i\u00e7in te\u015fekk\u00fcr ediyorum\u201d ifadesini kulland\u0131. Katoliklerin ruhani lideri Papa Franciscus, 5-7 [&hellip;]"}