{"version":"1.0","provider_name":"Darka Mazi","provider_url":"https:\/\/darkamazi.site","title":"D\u0131\u015fi\u015fleri Bakan\u0131 Antony Blinken: Erbil ve Ba\u011fdat aras\u0131ndaki ili\u015fkilerde \u00e7\u00f6z\u00fcme do\u011fru ilerleme var - Darka Mazi","type":"rich","width":600,"height":338,"html":"<blockquote class=\"darka-embedded-content\" data-secret=\"5lknRsnBZ8\"><a href=\"https:\/\/darkamazi.site\/archives\/1013919\">D\u0131\u015fi\u015fleri Bakan\u0131 Antony Blinken: Erbil ve Ba\u011fdat aras\u0131ndaki ili\u015fkilerde \u00e7\u00f6z\u00fcme do\u011fru ilerleme var<\/a><\/blockquote><iframe sandbox=\"allow-scripts\" security=\"restricted\" src=\"https:\/\/darkamazi.site\/archives\/1013919\/embed#?secret=5lknRsnBZ8\" width=\"600\" height=\"338\" title=\"&#8220;D\u0131\u015fi\u015fleri Bakan\u0131 Antony Blinken: Erbil ve Ba\u011fdat aras\u0131ndaki ili\u015fkilerde \u00e7\u00f6z\u00fcme do\u011fru ilerleme var&#8221; &#8212; Darka Mazi\" data-secret=\"5lknRsnBZ8\" frameborder=\"0\" marginwidth=\"0\" marginheight=\"0\" scrolling=\"no\" class=\"darka-embedded-content\"><\/iframe><script>\n\/*! This file is auto-generated *\/\n!function(d,l){\"use strict\";l.querySelector&&d.addEventListener&&\"undefined\"!=typeof URL&&(d.wp=d.wp||{},d.wp.receiveEmbedMessage||(d.wp.receiveEmbedMessage=function(e){var t=e.data;if((t||t.secret||t.message||t.value)&&!\/[^a-zA-Z0-9]\/.test(t.secret)){for(var s,r,n,a=l.querySelectorAll('iframe[data-secret=\"'+t.secret+'\"]'),o=l.querySelectorAll('blockquote[data-secret=\"'+t.secret+'\"]'),c=new RegExp(\"^https?:$\",\"i\"),i=0;i<o.length;i++)o[i].style.display=\"none\";for(i=0;i<a.length;i++)s=a[i],e.source===s.contentWindow&&(s.removeAttribute(\"style\"),\"height\"===t.message?(1e3<(r=parseInt(t.value,10))?r=1e3:~~r<200&&(r=200),s.height=r):\"link\"===t.message&&(r=new URL(s.getAttribute(\"src\")),n=new URL(t.value),c.test(n.protocol))&&n.host===r.host&&l.activeElement===s&&(d.top.location.href=t.value))}},d.addEventListener(\"message\",d.wp.receiveEmbedMessage,!1),l.addEventListener(\"DOMContentLoaded\",function(){for(var e,t,s=l.querySelectorAll(\"iframe.darka-embedded-content\"),r=0;r<s.length;r++)(t=(e=s[r]).getAttribute(\"data-secret\"))||(t=Math.random().toString(36).substring(2,12),e.src+=\"#?secret=\"+t,e.setAttribute(\"data-secret\",t)),e.contentWindow.postMessage({message:\"ready\",secret:t},\"*\")},!1)))}(window,document);\n\/\/# sourceURL=https:\/\/darkamazi.site\/other\/js\/wp-embed.min.js\n<\/script>\n","thumbnail_url":"https:\/\/darkamazi.site\/file\/2021\/04\/USA-Blinken.jpg","thumbnail_width":600,"thumbnail_height":450,"description":"ABD D\u0131\u015fi\u015fleri Bakan\u0131 Antony Blinken, Erbil ile Ba\u011fdat aras\u0131ndaki ili\u015fkilerde, sorunlar\u0131n \u00e7\u00f6z\u00fcm\u00fc do\u011frultusunda ilerleme sa\u011fland\u0131\u011f\u0131n\u0131 s\u00f6yledi. ABD ile Irak aras\u0131ndaki stratejik m\u00fczakerelerin 3\u2019\u00fcnc\u00fc turu, ABD D\u0131\u015fi\u015fleri Bakan\u0131 Antony Blinken ve Irak D\u0131\u015fi\u015fleri Bakan\u0131 Fuad H\u00fcseyin\u2019in kat\u0131l\u0131m\u0131yla online ortamda ba\u015flad\u0131. Online m\u00fczakerelerin a\u00e7\u0131l\u0131\u015f konu\u015fmalar\u0131n\u0131 ABD ve Irak d\u0131\u015fi\u015fleri bakanlar\u0131 yaparken, Erbil ile Ba\u011fdat aras\u0131ndaki ili\u015fkiler de [&hellip;]"}