{"version":"1.0","provider_name":"Darka Mazi","provider_url":"https:\/\/darkamazi.site","title":"Ne\u00e7irvan Barzani: K\u00fcrdistan B\u00f6lgesi'nin Federal stat\u00fcs\u00fcn\u00fc korumak birlik ve beraberlikten ge\u00e7er - Darka Mazi","type":"rich","width":600,"height":338,"html":"<blockquote class=\"darka-embedded-content\" data-secret=\"JPWKMEeNh3\"><a href=\"https:\/\/darkamazi.site\/archives\/1013950\">Ne\u00e7irvan Barzani: K\u00fcrdistan B\u00f6lgesi&#8217;nin Federal stat\u00fcs\u00fcn\u00fc korumak birlik ve beraberlikten ge\u00e7er<\/a><\/blockquote><iframe sandbox=\"allow-scripts\" security=\"restricted\" src=\"https:\/\/darkamazi.site\/archives\/1013950\/embed#?secret=JPWKMEeNh3\" width=\"600\" height=\"338\" title=\"&#8220;Ne\u00e7irvan Barzani: K\u00fcrdistan B\u00f6lgesi&#8217;nin Federal stat\u00fcs\u00fcn\u00fc korumak birlik ve beraberlikten ge\u00e7er&#8221; &#8212; Darka Mazi\" data-secret=\"JPWKMEeNh3\" frameborder=\"0\" marginwidth=\"0\" marginheight=\"0\" scrolling=\"no\" class=\"darka-embedded-content\"><\/iframe><script>\n\/*! This file is auto-generated *\/\n!function(d,l){\"use strict\";l.querySelector&&d.addEventListener&&\"undefined\"!=typeof URL&&(d.wp=d.wp||{},d.wp.receiveEmbedMessage||(d.wp.receiveEmbedMessage=function(e){var t=e.data;if((t||t.secret||t.message||t.value)&&!\/[^a-zA-Z0-9]\/.test(t.secret)){for(var s,r,n,a=l.querySelectorAll('iframe[data-secret=\"'+t.secret+'\"]'),o=l.querySelectorAll('blockquote[data-secret=\"'+t.secret+'\"]'),c=new RegExp(\"^https?:$\",\"i\"),i=0;i<o.length;i++)o[i].style.display=\"none\";for(i=0;i<a.length;i++)s=a[i],e.source===s.contentWindow&&(s.removeAttribute(\"style\"),\"height\"===t.message?(1e3<(r=parseInt(t.value,10))?r=1e3:~~r<200&&(r=200),s.height=r):\"link\"===t.message&&(r=new URL(s.getAttribute(\"src\")),n=new URL(t.value),c.test(n.protocol))&&n.host===r.host&&l.activeElement===s&&(d.top.location.href=t.value))}},d.addEventListener(\"message\",d.wp.receiveEmbedMessage,!1),l.addEventListener(\"DOMContentLoaded\",function(){for(var e,t,s=l.querySelectorAll(\"iframe.darka-embedded-content\"),r=0;r<s.length;r++)(t=(e=s[r]).getAttribute(\"data-secret\"))||(t=Math.random().toString(36).substring(2,12),e.src+=\"#?secret=\"+t,e.setAttribute(\"data-secret\",t)),e.contentWindow.postMessage({message:\"ready\",secret:t},\"*\")},!1)))}(window,document);\n\/\/# sourceURL=https:\/\/darkamazi.site\/other\/js\/wp-embed.min.js\n<\/script>\n","thumbnail_url":"https:\/\/darkamazi.site\/file\/2021\/04\/572579Image1.jpg","thumbnail_width":752,"thumbnail_height":472,"description":"Ba\u015fkan Ne\u00e7irvan Barzani, K\u00fcrdistan B\u00f6lgesi\u2019ndeki siyasi parti temsilcileri ile ger\u00e7ekle\u015ftirilen toplant\u0131da, \u201cKriz ve sorunlar\u0131 a\u015fman\u0131n tek yolu hak ve kazan\u0131mlar\u0131m\u0131z\u0131n yan\u0131 s\u0131ra K\u00fcrdistan B\u00f6lgesi\u2019nin federal stat\u00fcs\u00fcn\u00fc korumak, birlik ve baraberli\u011fimizi muhafaza etmekten ge\u00e7iyor\u201d dedi. K\u00fcrdistan B\u00f6lgesi Ba\u015fkan\u0131 Ne\u00e7irvanBarzani, ba\u015fkent Erbil&#8217;de K\u00fcrdistan\u2019daki siyasi parti temsilcileri ile bir araya geldi. Ba\u015fkanl\u0131k binas\u0131nda d\u00fczenlenen toplant\u0131ya K\u00fcrdistan B\u00f6lgesi Ba\u015fkan\u0131 [&hellip;]"}