{"version":"1.0","provider_name":"Darka Mazi","provider_url":"https:\/\/darkamazi.site","title":"\"Kurt u Kurmanci\" filim festivali d\u00fczenleniyor - Darka Mazi","type":"rich","width":600,"height":338,"html":"<blockquote class=\"darka-embedded-content\" data-secret=\"WmqLkcy141\"><a href=\"https:\/\/darkamazi.site\/archives\/1014712\">&#8220;Kurt u Kurmanci&#8221; filim festivali d\u00fczenleniyor<\/a><\/blockquote><iframe sandbox=\"allow-scripts\" security=\"restricted\" src=\"https:\/\/darkamazi.site\/archives\/1014712\/embed#?secret=WmqLkcy141\" width=\"600\" height=\"338\" title=\"&#8220;&#8220;Kurt u Kurmanci&#8221; filim festivali d\u00fczenleniyor&#8221; &#8212; Darka Mazi\" data-secret=\"WmqLkcy141\" frameborder=\"0\" marginwidth=\"0\" marginheight=\"0\" scrolling=\"no\" class=\"darka-embedded-content\"><\/iframe><script>\n\/*! This file is auto-generated *\/\n!function(d,l){\"use strict\";l.querySelector&&d.addEventListener&&\"undefined\"!=typeof URL&&(d.wp=d.wp||{},d.wp.receiveEmbedMessage||(d.wp.receiveEmbedMessage=function(e){var t=e.data;if((t||t.secret||t.message||t.value)&&!\/[^a-zA-Z0-9]\/.test(t.secret)){for(var s,r,n,a=l.querySelectorAll('iframe[data-secret=\"'+t.secret+'\"]'),o=l.querySelectorAll('blockquote[data-secret=\"'+t.secret+'\"]'),c=new RegExp(\"^https?:$\",\"i\"),i=0;i<o.length;i++)o[i].style.display=\"none\";for(i=0;i<a.length;i++)s=a[i],e.source===s.contentWindow&&(s.removeAttribute(\"style\"),\"height\"===t.message?(1e3<(r=parseInt(t.value,10))?r=1e3:~~r<200&&(r=200),s.height=r):\"link\"===t.message&&(r=new URL(s.getAttribute(\"src\")),n=new URL(t.value),c.test(n.protocol))&&n.host===r.host&&l.activeElement===s&&(d.top.location.href=t.value))}},d.addEventListener(\"message\",d.wp.receiveEmbedMessage,!1),l.addEventListener(\"DOMContentLoaded\",function(){for(var e,t,s=l.querySelectorAll(\"iframe.darka-embedded-content\"),r=0;r<s.length;r++)(t=(e=s[r]).getAttribute(\"data-secret\"))||(t=Math.random().toString(36).substring(2,12),e.src+=\"#?secret=\"+t,e.setAttribute(\"data-secret\",t)),e.contentWindow.postMessage({message:\"ready\",secret:t},\"*\")},!1)))}(window,document);\n\/\/# sourceURL=https:\/\/darkamazi.site\/other\/js\/wp-embed.min.js\n<\/script>\n","thumbnail_url":"https:\/\/darkamazi.site\/file\/2021\/05\/Kurt-u-kurmanci.jpg","thumbnail_width":690,"thumbnail_height":390,"description":"Sinemayakurdi.com ile Tor Film Production taraf\u0131ndan \u201cFest\u00eevala Filman a Kurt \u00fb Kurmanc\u00ee\u201d (Kurmanci K\u0131sa Film Festivali) d\u00fczenleyecek. 1 dakikal\u0131k filmlerin kat\u0131labilece\u011fi yar\u0131\u015fman\u0131n sonunda ba\u015far\u0131l\u0131 olanlara \u00f6d\u00fcl verilecek. sinemayakurdi.com ile Tor Film Production, K\u00fcrt\u00e7e dil temal\u0131 \u201cKurmanci K\u0131sa Film Festivali\u201d d\u00fczenliyor. K\u00fcrt\u00e7e konulu filmlerin kabul edilece\u011fi festivale 22 A\u011fustos\u2019a kadar film g\u00f6nderilebilecek. Festivale en uzun 1 [&hellip;]"}