{"version":"1.0","provider_name":"Darka Mazi","provider_url":"https:\/\/darkamazi.site","title":"Sidekan Nahiye Y\u00f6netimi \u00c7elebi: 118 k\u00f6y bo\u015fald\u0131, PKK k\u00f6y yollar\u0131n\u0131 may\u0131nlad\u0131\u011f\u0131 i\u00e7in bu say\u0131 arta bilir - Darka Mazi","type":"rich","width":600,"height":338,"html":"<blockquote class=\"darka-embedded-content\" data-secret=\"MFQDJXhRIB\"><a href=\"https:\/\/darkamazi.site\/archives\/1015051\">Sidekan Nahiye Y\u00f6netimi \u00c7elebi: 118 k\u00f6y bo\u015fald\u0131, PKK k\u00f6y yollar\u0131n\u0131 may\u0131nlad\u0131\u011f\u0131 i\u00e7in  bu say\u0131 arta bilir<\/a><\/blockquote><iframe sandbox=\"allow-scripts\" security=\"restricted\" src=\"https:\/\/darkamazi.site\/archives\/1015051\/embed#?secret=MFQDJXhRIB\" width=\"600\" height=\"338\" title=\"&#8220;Sidekan Nahiye Y\u00f6netimi \u00c7elebi: 118 k\u00f6y bo\u015fald\u0131, PKK k\u00f6y yollar\u0131n\u0131 may\u0131nlad\u0131\u011f\u0131 i\u00e7in  bu say\u0131 arta bilir&#8221; &#8212; Darka Mazi\" data-secret=\"MFQDJXhRIB\" frameborder=\"0\" marginwidth=\"0\" marginheight=\"0\" scrolling=\"no\" class=\"darka-embedded-content\"><\/iframe><script>\n\/*! This file is auto-generated *\/\n!function(d,l){\"use strict\";l.querySelector&&d.addEventListener&&\"undefined\"!=typeof URL&&(d.wp=d.wp||{},d.wp.receiveEmbedMessage||(d.wp.receiveEmbedMessage=function(e){var t=e.data;if((t||t.secret||t.message||t.value)&&!\/[^a-zA-Z0-9]\/.test(t.secret)){for(var s,r,n,a=l.querySelectorAll('iframe[data-secret=\"'+t.secret+'\"]'),o=l.querySelectorAll('blockquote[data-secret=\"'+t.secret+'\"]'),c=new RegExp(\"^https?:$\",\"i\"),i=0;i<o.length;i++)o[i].style.display=\"none\";for(i=0;i<a.length;i++)s=a[i],e.source===s.contentWindow&&(s.removeAttribute(\"style\"),\"height\"===t.message?(1e3<(r=parseInt(t.value,10))?r=1e3:~~r<200&&(r=200),s.height=r):\"link\"===t.message&&(r=new URL(s.getAttribute(\"src\")),n=new URL(t.value),c.test(n.protocol))&&n.host===r.host&&l.activeElement===s&&(d.top.location.href=t.value))}},d.addEventListener(\"message\",d.wp.receiveEmbedMessage,!1),l.addEventListener(\"DOMContentLoaded\",function(){for(var e,t,s=l.querySelectorAll(\"iframe.darka-embedded-content\"),r=0;r<s.length;r++)(t=(e=s[r]).getAttribute(\"data-secret\"))||(t=Math.random().toString(36).substring(2,12),e.src+=\"#?secret=\"+t,e.setAttribute(\"data-secret\",t)),e.contentWindow.postMessage({message:\"ready\",secret:t},\"*\")},!1)))}(window,document);\n\/\/# sourceURL=https:\/\/darkamazi.site\/other\/js\/wp-embed.min.js\n<\/script>\n","thumbnail_url":"https:\/\/darkamazi.site\/file\/2021\/06\/PKK-Mayin.jpg","thumbnail_width":2000,"thumbnail_height":1200,"description":"\u00a0S\u00eedekan Nahiye Yetkilisi \u00cehsan \u00c7elebi yapt\u0131\u011f\u0131 a\u00e7\u0131klamada, b\u00f6lgede K\u00fcrdistan \u0130\u015f\u00e7i Partisi (PKK) faaliyetleri nedeniyle 118 k\u00f6y\u00fcn bo\u015falt\u0131ld\u0131\u011f\u0131n\u0131, bir \u00e7ok k\u00f6y\u00fcnde bo\u015falt\u0131lama tehlikesiyle kar\u015f\u0131 kar\u015f\u0131ya kald\u0131\u011f\u0131n\u0131 \u00e7\u00fcnk\u00fc PKK\u2019nin k\u00f6y yollar\u0131na may\u0131n d\u00f6\u015fedi\u011fini belirtti. Konuya ili\u015fkin Basnews\u2019e a\u00e7\u0131klamalarda bulunan \u00cehsan \u00c7elebi \u015funlar\u0131 s\u00f6yledi: \u201cS\u00eedekan\u2019a ba\u011fl\u0131 264 k\u00f6yden 118 k\u00f6y PKK\u2019nin silahl\u0131 faaliyetleri nedeniyle bo\u015falt\u0131lm\u0131\u015f durumda. PKK b\u00f6lge [&hellip;]"}