{"version":"1.0","provider_name":"Darka Mazi","provider_url":"https:\/\/darkamazi.site","title":"Erbil BM binas\u0131 \u00f6n\u00fcnde PKK protesto edildi - Darka Mazi","type":"rich","width":600,"height":338,"html":"<blockquote class=\"darka-embedded-content\" data-secret=\"lJBt1nxzwd\"><a href=\"https:\/\/darkamazi.site\/archives\/1015264\">Erbil BM binas\u0131 \u00f6n\u00fcnde PKK protesto edildi<\/a><\/blockquote><iframe sandbox=\"allow-scripts\" security=\"restricted\" src=\"https:\/\/darkamazi.site\/archives\/1015264\/embed#?secret=lJBt1nxzwd\" width=\"600\" height=\"338\" title=\"&#8220;Erbil BM binas\u0131 \u00f6n\u00fcnde PKK protesto edildi&#8221; &#8212; Darka Mazi\" data-secret=\"lJBt1nxzwd\" frameborder=\"0\" marginwidth=\"0\" marginheight=\"0\" scrolling=\"no\" class=\"darka-embedded-content\"><\/iframe><script>\n\/*! This file is auto-generated *\/\n!function(d,l){\"use strict\";l.querySelector&&d.addEventListener&&\"undefined\"!=typeof URL&&(d.wp=d.wp||{},d.wp.receiveEmbedMessage||(d.wp.receiveEmbedMessage=function(e){var t=e.data;if((t||t.secret||t.message||t.value)&&!\/[^a-zA-Z0-9]\/.test(t.secret)){for(var s,r,n,a=l.querySelectorAll('iframe[data-secret=\"'+t.secret+'\"]'),o=l.querySelectorAll('blockquote[data-secret=\"'+t.secret+'\"]'),c=new RegExp(\"^https?:$\",\"i\"),i=0;i<o.length;i++)o[i].style.display=\"none\";for(i=0;i<a.length;i++)s=a[i],e.source===s.contentWindow&&(s.removeAttribute(\"style\"),\"height\"===t.message?(1e3<(r=parseInt(t.value,10))?r=1e3:~~r<200&&(r=200),s.height=r):\"link\"===t.message&&(r=new URL(s.getAttribute(\"src\")),n=new URL(t.value),c.test(n.protocol))&&n.host===r.host&&l.activeElement===s&&(d.top.location.href=t.value))}},d.addEventListener(\"message\",d.wp.receiveEmbedMessage,!1),l.addEventListener(\"DOMContentLoaded\",function(){for(var e,t,s=l.querySelectorAll(\"iframe.darka-embedded-content\"),r=0;r<s.length;r++)(t=(e=s[r]).getAttribute(\"data-secret\"))||(t=Math.random().toString(36).substring(2,12),e.src+=\"#?secret=\"+t,e.setAttribute(\"data-secret\",t)),e.contentWindow.postMessage({message:\"ready\",secret:t},\"*\")},!1)))}(window,document);\n\/\/# sourceURL=https:\/\/darkamazi.site\/other\/js\/wp-embed.min.js\n<\/script>\n","thumbnail_url":"https:\/\/darkamazi.site\/file\/2021\/06\/206205041_5687623434643394_1930667340956981228_n.jpg","thumbnail_width":1600,"thumbnail_height":1200,"description":"Erbil\u2019de Birle\u015fmi\u015f Milletler(BM) binas\u0131 \u00f6n\u00fcnde toplanan bir grup vatanda\u015f ve sivil toplum \u00f6rg\u00fct\u00fc PKK\u2019nin K\u00fcrdistan B\u00f6lgesi\u2019ndeki varl\u0131\u011f\u0131n\u0131 protesto ederek, PKK\u2019nin K\u00fcrdistan B\u00f6lgesi s\u0131n\u0131rlar\u0131ndan \u00e7\u0131kar\u0131lmas\u0131 i\u00e7in toplanan imzalar\u0131 BM temsilcilerine teslim etti. Bug\u00fcn BM\u2019nin Erbil temsilcili\u011fi \u00f6n\u00fcnde Rojaval\u0131 sivil toplum \u00f6rg\u00fctleri \u00f6nc\u00fcl\u00fc\u011f\u00fcnde toplanan bir grup K\u00fcrdistanl\u0131 PKK\u2019nin K\u00fcrdistan B\u00f6lgesi\u2019ndeki varl\u0131\u011f\u0131n\u0131 protesto etti. Ellerinde PKK\u2019nin K\u00fcrdistan B\u00f6lgesi\u2019nde [&hellip;]"}