{"version":"1.0","provider_name":"Darka Mazi","provider_url":"https:\/\/darkamazi.site","title":"Mesut Barzani, Avrupa Birli\u011fi'nin Ba\u011fdat B\u00fcy\u00fcel\u00e7isi ile Suriye meselesini g\u00f6r\u00fc\u015ft\u00fc - Darka Mazi","type":"rich","width":600,"height":338,"html":"<blockquote class=\"darka-embedded-content\" data-secret=\"fYjiK6cOyi\"><a href=\"https:\/\/darkamazi.site\/archives\/1015710\">Mesut Barzani, Avrupa Birli\u011fi&#8217;nin Ba\u011fdat B\u00fcy\u00fcel\u00e7isi ile Suriye meselesini g\u00f6r\u00fc\u015ft\u00fc<\/a><\/blockquote><iframe sandbox=\"allow-scripts\" security=\"restricted\" src=\"https:\/\/darkamazi.site\/archives\/1015710\/embed#?secret=fYjiK6cOyi\" width=\"600\" height=\"338\" title=\"&#8220;Mesut Barzani, Avrupa Birli\u011fi&#8217;nin Ba\u011fdat B\u00fcy\u00fcel\u00e7isi ile Suriye meselesini g\u00f6r\u00fc\u015ft\u00fc&#8221; &#8212; Darka Mazi\" data-secret=\"fYjiK6cOyi\" frameborder=\"0\" marginwidth=\"0\" marginheight=\"0\" scrolling=\"no\" class=\"darka-embedded-content\"><\/iframe><script>\n\/*! This file is auto-generated *\/\n!function(d,l){\"use strict\";l.querySelector&&d.addEventListener&&\"undefined\"!=typeof URL&&(d.wp=d.wp||{},d.wp.receiveEmbedMessage||(d.wp.receiveEmbedMessage=function(e){var t=e.data;if((t||t.secret||t.message||t.value)&&!\/[^a-zA-Z0-9]\/.test(t.secret)){for(var s,r,n,a=l.querySelectorAll('iframe[data-secret=\"'+t.secret+'\"]'),o=l.querySelectorAll('blockquote[data-secret=\"'+t.secret+'\"]'),c=new RegExp(\"^https?:$\",\"i\"),i=0;i<o.length;i++)o[i].style.display=\"none\";for(i=0;i<a.length;i++)s=a[i],e.source===s.contentWindow&&(s.removeAttribute(\"style\"),\"height\"===t.message?(1e3<(r=parseInt(t.value,10))?r=1e3:~~r<200&&(r=200),s.height=r):\"link\"===t.message&&(r=new URL(s.getAttribute(\"src\")),n=new URL(t.value),c.test(n.protocol))&&n.host===r.host&&l.activeElement===s&&(d.top.location.href=t.value))}},d.addEventListener(\"message\",d.wp.receiveEmbedMessage,!1),l.addEventListener(\"DOMContentLoaded\",function(){for(var e,t,s=l.querySelectorAll(\"iframe.darka-embedded-content\"),r=0;r<s.length;r++)(t=(e=s[r]).getAttribute(\"data-secret\"))||(t=Math.random().toString(36).substring(2,12),e.src+=\"#?secret=\"+t,e.setAttribute(\"data-secret\",t)),e.contentWindow.postMessage({message:\"ready\",secret:t},\"*\")},!1)))}(window,document);\n\/\/# sourceURL=https:\/\/darkamazi.site\/other\/js\/wp-embed.min.js\n<\/script>\n","thumbnail_url":"https:\/\/darkamazi.site\/file\/2021\/08\/Barzani-Suriye-elcisi.jpg","thumbnail_width":710,"thumbnail_height":399,"description":"Ba\u015fkan Mesud Barzani, AB Ba\u011fdat B\u00fcy\u00fckel\u00e7isi Martin Huth ile Suriye\u2019de K\u00fcrtlerin gelece\u011fini g\u00f6r\u00fc\u015ft\u00fc. Ba\u015fkan Mesud Barzani, AB Ba\u011fdat B\u00fcy\u00fckel\u00e7isi Martin Huth ile Suriye\u2019de K\u00fcrtlerin gelece\u011fini g\u00f6r\u00fc\u015ft\u00fc. Ba\u015fkan Mesud Barzani, g\u00f6rev s\u00fcresi dolmas\u0131 sebebiyle Erbil\u2019e veda ziyaretinde bulunan Avrupa Birli\u011fi (AB) Ba\u011fdat B\u00fcy\u00fckel\u00e7isi Martin Huth\u2019u kabul etti. Selahaddin\u2019deki g\u00f6r\u00fc\u015fmede AB Ba\u011fdat B\u00fcy\u00fckel\u00e7isi Martin Huth, K\u00fcrdistan B\u00f6lgesi\u2019nin [&hellip;]"}