{"version":"1.0","provider_name":"Darka Mazi","provider_url":"https:\/\/darkamazi.site","title":"TSK ve PKK \u00e7at\u0131\u015fmas\u0131n\u0131n son iki ay i\u00e7inde do\u011fada yaratt\u0131\u011f\u0131 tahribat\u0131n bilan\u00e7osu a\u00e7\u0131kland\u0131 - Darka Mazi","type":"rich","width":600,"height":338,"html":"<blockquote class=\"darka-embedded-content\" data-secret=\"EPgfm2StKG\"><a href=\"https:\/\/darkamazi.site\/archives\/1015714\">TSK ve PKK \u00e7at\u0131\u015fmas\u0131n\u0131n son iki ay i\u00e7inde do\u011fada yaratt\u0131\u011f\u0131 tahribat\u0131n bilan\u00e7osu a\u00e7\u0131kland\u0131<\/a><\/blockquote><iframe sandbox=\"allow-scripts\" security=\"restricted\" src=\"https:\/\/darkamazi.site\/archives\/1015714\/embed#?secret=EPgfm2StKG\" width=\"600\" height=\"338\" title=\"&#8220;TSK ve PKK \u00e7at\u0131\u015fmas\u0131n\u0131n son iki ay i\u00e7inde do\u011fada yaratt\u0131\u011f\u0131 tahribat\u0131n bilan\u00e7osu a\u00e7\u0131kland\u0131&#8221; &#8212; Darka Mazi\" data-secret=\"EPgfm2StKG\" frameborder=\"0\" marginwidth=\"0\" marginheight=\"0\" scrolling=\"no\" class=\"darka-embedded-content\"><\/iframe><script>\n\/*! This file is auto-generated *\/\n!function(d,l){\"use strict\";l.querySelector&&d.addEventListener&&\"undefined\"!=typeof URL&&(d.wp=d.wp||{},d.wp.receiveEmbedMessage||(d.wp.receiveEmbedMessage=function(e){var t=e.data;if((t||t.secret||t.message||t.value)&&!\/[^a-zA-Z0-9]\/.test(t.secret)){for(var s,r,n,a=l.querySelectorAll('iframe[data-secret=\"'+t.secret+'\"]'),o=l.querySelectorAll('blockquote[data-secret=\"'+t.secret+'\"]'),c=new RegExp(\"^https?:$\",\"i\"),i=0;i<o.length;i++)o[i].style.display=\"none\";for(i=0;i<a.length;i++)s=a[i],e.source===s.contentWindow&&(s.removeAttribute(\"style\"),\"height\"===t.message?(1e3<(r=parseInt(t.value,10))?r=1e3:~~r<200&&(r=200),s.height=r):\"link\"===t.message&&(r=new URL(s.getAttribute(\"src\")),n=new URL(t.value),c.test(n.protocol))&&n.host===r.host&&l.activeElement===s&&(d.top.location.href=t.value))}},d.addEventListener(\"message\",d.wp.receiveEmbedMessage,!1),l.addEventListener(\"DOMContentLoaded\",function(){for(var e,t,s=l.querySelectorAll(\"iframe.darka-embedded-content\"),r=0;r<s.length;r++)(t=(e=s[r]).getAttribute(\"data-secret\"))||(t=Math.random().toString(36).substring(2,12),e.src+=\"#?secret=\"+t,e.setAttribute(\"data-secret\",t)),e.contentWindow.postMessage({message:\"ready\",secret:t},\"*\")},!1)))}(window,document);\n\/\/# sourceURL=https:\/\/darkamazi.site\/other\/js\/wp-embed.min.js\n<\/script>\n","thumbnail_url":"https:\/\/darkamazi.site\/file\/2021\/08\/TSK-PKK-catisma.jpg","thumbnail_width":500,"thumbnail_height":261,"description":"PKK ve T\u00fcrkiye \u00e7at\u0131\u015fmalar\u0131 sonucu Duhok s\u0131n\u0131rlar\u0131 i\u00e7inde 3 bin d\u00f6n\u00fcm arazi yand\u0131 T\u00fcrkiye\u2019deki orman yang\u0131n\u0131 herkesin g\u00fcndemini i\u015fgal etmi\u015f durumda. Fakat K\u00fcrdistan B\u00f6lgesi s\u0131n\u0131rlar\u0131 i\u00e7inde de PKK ve TSK \u00e7at\u0131\u015fmas\u0131 nedeni ile a\u011fa\u00e7lar, ba\u011flar ve bah\u00e7eler yan\u0131yor. Duhok ili s\u0131n\u0131rlar\u0131 i\u00e7inde ki PKK ve TSK \u00e7at\u0131\u015fmalar\u0131 halka b\u00fcy\u00fck zararlar verdi\u011fi gibi do\u011faya ve tarihi [&hellip;]"}