{"version":"1.0","provider_name":"Darka Mazi","provider_url":"https:\/\/darkamazi.site","title":"I\u015e\u0130D'e kar\u015f\u0131 sava\u015fta yaralanan pe\u015fmergelerin foto\u011fraflar\u0131n\u0131n yer ald\u0131\u011f\u0131 \"A\u00e7\u0131k Yaralar\" alb\u00fcm\u00fcne Alt\u0131n Madalya - Darka Mazi","type":"rich","width":600,"height":338,"html":"<blockquote class=\"darka-embedded-content\" data-secret=\"d8EoFVWxCG\"><a href=\"https:\/\/darkamazi.site\/archives\/1015882\">I\u015e\u0130D&#8217;e kar\u015f\u0131 sava\u015fta yaralanan pe\u015fmergelerin foto\u011fraflar\u0131n\u0131n yer ald\u0131\u011f\u0131 &#8220;A\u00e7\u0131k Yaralar&#8221; alb\u00fcm\u00fcne Alt\u0131n Madalya<\/a><\/blockquote><iframe sandbox=\"allow-scripts\" security=\"restricted\" src=\"https:\/\/darkamazi.site\/archives\/1015882\/embed#?secret=d8EoFVWxCG\" width=\"600\" height=\"338\" title=\"&#8220;I\u015e\u0130D&#8217;e kar\u015f\u0131 sava\u015fta yaralanan pe\u015fmergelerin foto\u011fraflar\u0131n\u0131n yer ald\u0131\u011f\u0131 &#8220;A\u00e7\u0131k Yaralar&#8221; alb\u00fcm\u00fcne Alt\u0131n Madalya&#8221; &#8212; Darka Mazi\" data-secret=\"d8EoFVWxCG\" frameborder=\"0\" marginwidth=\"0\" marginheight=\"0\" scrolling=\"no\" class=\"darka-embedded-content\"><\/iframe><script>\n\/*! This file is auto-generated *\/\n!function(d,l){\"use strict\";l.querySelector&&d.addEventListener&&\"undefined\"!=typeof URL&&(d.wp=d.wp||{},d.wp.receiveEmbedMessage||(d.wp.receiveEmbedMessage=function(e){var t=e.data;if((t||t.secret||t.message||t.value)&&!\/[^a-zA-Z0-9]\/.test(t.secret)){for(var s,r,n,a=l.querySelectorAll('iframe[data-secret=\"'+t.secret+'\"]'),o=l.querySelectorAll('blockquote[data-secret=\"'+t.secret+'\"]'),c=new RegExp(\"^https?:$\",\"i\"),i=0;i<o.length;i++)o[i].style.display=\"none\";for(i=0;i<a.length;i++)s=a[i],e.source===s.contentWindow&&(s.removeAttribute(\"style\"),\"height\"===t.message?(1e3<(r=parseInt(t.value,10))?r=1e3:~~r<200&&(r=200),s.height=r):\"link\"===t.message&&(r=new URL(s.getAttribute(\"src\")),n=new URL(t.value),c.test(n.protocol))&&n.host===r.host&&l.activeElement===s&&(d.top.location.href=t.value))}},d.addEventListener(\"message\",d.wp.receiveEmbedMessage,!1),l.addEventListener(\"DOMContentLoaded\",function(){for(var e,t,s=l.querySelectorAll(\"iframe.darka-embedded-content\"),r=0;r<s.length;r++)(t=(e=s[r]).getAttribute(\"data-secret\"))||(t=Math.random().toString(36).substring(2,12),e.src+=\"#?secret=\"+t,e.setAttribute(\"data-secret\",t)),e.contentWindow.postMessage({message:\"ready\",secret:t},\"*\")},!1)))}(window,document);\n\/\/# sourceURL=https:\/\/darkamazi.site\/other\/js\/wp-embed.min.js\n<\/script>\n","thumbnail_url":"https:\/\/darkamazi.site\/file\/2021\/08\/Acik-yaralar.jpg","thumbnail_width":1600,"thumbnail_height":1066,"description":"K\u00fcrt foto\u011fraf sanat\u00e7\u0131s\u0131 Yunus Muhammed\u2019in I\u015e\u0130D\u2019e kar\u015f\u0131 sava\u015fta foto\u011fraflar\u0131n\u0131 \u00e7ekti\u011fi yaral\u0131 Pe\u015fmegeleri anlatan \u201cA\u00e7\u0131k Yaralar\u201d alb\u00fcm\u00fc Moskova\u2019da d\u00fczenlenen uluslararas\u0131 foto\u011fraf yar\u0131\u015fmas\u0131nda Alt\u0131n Madalya kazand\u0131. Rusya\u2019n\u0131n ba\u015fkenti Moskova\u2019da d\u00fczenlenen Moskova Uluslararas\u0131 Foto\u011fraf Yar\u0131\u015fmas\u0131\u2019nda (Moscow Interinational Photo Awards) K\u00fcrt foto\u011fraf\u00e7\u0131 Yunus Muhammed\u2019in \u00e7ekti\u011fi alb\u00fcm Editoreal\/Conflict Categori\u2019de birinci oldu. R\u00fbdaw\u2019a konu\u015fan Muhammed, yar\u0131\u015fmaya, I\u015e\u0130D sava\u015f\u0131nda yaralanarak \u00e7e\u015fitli uzuvlar\u0131n\u0131 [&hellip;]"}