{"version":"1.0","provider_name":"Darka Mazi","provider_url":"https:\/\/darkamazi.site","title":"Vedat Ayd\u0131n\u2019\u0131n gen\u00e7 o\u011flu \u015eevder Ayd\u0131n Koronadan dolay\u0131 hayat\u0131n\u0131 kaybetti - Darka Mazi","type":"rich","width":600,"height":338,"html":"<blockquote class=\"darka-embedded-content\" data-secret=\"meGX5gvqge\"><a href=\"https:\/\/darkamazi.site\/archives\/1015943\">Vedat Ayd\u0131n\u2019\u0131n gen\u00e7 o\u011flu \u015eevder Ayd\u0131n Koronadan dolay\u0131 hayat\u0131n\u0131 kaybetti<\/a><\/blockquote><iframe sandbox=\"allow-scripts\" security=\"restricted\" src=\"https:\/\/darkamazi.site\/archives\/1015943\/embed#?secret=meGX5gvqge\" width=\"600\" height=\"338\" title=\"&#8220;Vedat Ayd\u0131n\u2019\u0131n gen\u00e7 o\u011flu \u015eevder Ayd\u0131n Koronadan dolay\u0131 hayat\u0131n\u0131 kaybetti&#8221; &#8212; Darka Mazi\" data-secret=\"meGX5gvqge\" frameborder=\"0\" marginwidth=\"0\" marginheight=\"0\" scrolling=\"no\" class=\"darka-embedded-content\"><\/iframe><script>\n\/*! This file is auto-generated *\/\n!function(d,l){\"use strict\";l.querySelector&&d.addEventListener&&\"undefined\"!=typeof URL&&(d.wp=d.wp||{},d.wp.receiveEmbedMessage||(d.wp.receiveEmbedMessage=function(e){var t=e.data;if((t||t.secret||t.message||t.value)&&!\/[^a-zA-Z0-9]\/.test(t.secret)){for(var s,r,n,a=l.querySelectorAll('iframe[data-secret=\"'+t.secret+'\"]'),o=l.querySelectorAll('blockquote[data-secret=\"'+t.secret+'\"]'),c=new RegExp(\"^https?:$\",\"i\"),i=0;i<o.length;i++)o[i].style.display=\"none\";for(i=0;i<a.length;i++)s=a[i],e.source===s.contentWindow&&(s.removeAttribute(\"style\"),\"height\"===t.message?(1e3<(r=parseInt(t.value,10))?r=1e3:~~r<200&&(r=200),s.height=r):\"link\"===t.message&&(r=new URL(s.getAttribute(\"src\")),n=new URL(t.value),c.test(n.protocol))&&n.host===r.host&&l.activeElement===s&&(d.top.location.href=t.value))}},d.addEventListener(\"message\",d.wp.receiveEmbedMessage,!1),l.addEventListener(\"DOMContentLoaded\",function(){for(var e,t,s=l.querySelectorAll(\"iframe.darka-embedded-content\"),r=0;r<s.length;r++)(t=(e=s[r]).getAttribute(\"data-secret\"))||(t=Math.random().toString(36).substring(2,12),e.src+=\"#?secret=\"+t,e.setAttribute(\"data-secret\",t)),e.contentWindow.postMessage({message:\"ready\",secret:t},\"*\")},!1)))}(window,document);\n\/\/# sourceURL=https:\/\/darkamazi.site\/other\/js\/wp-embed.min.js\n<\/script>\n","thumbnail_url":"https:\/\/darkamazi.site\/file\/2021\/08\/vedat-aydin.jpg","thumbnail_width":710,"thumbnail_height":524,"description":"Diyarbak\u0131r Halk\u0131n Emek Partisi (HEP) \u0130l Ba\u015fkan\u0131 Vedat Ayd\u0131n\u2019\u0131n in\u015faat m\u00fchendisi gen\u00e7 o\u011flu \u015eevder Ayd\u0131n yakaland\u0131\u011f\u0131 koronav\u00fcr\u00fcs hastala\u011f\u0131ndan dolay\u0131 hayat\u0131n\u0131 kaybetti. Vedat Ayd\u0131n\u2019\u0131n in\u015faat m\u00fchendisi gen\u00e7 o\u011flu \u015eevder Ayd\u0131n tedavi g\u00f6rd\u00fc\u011f\u00fc Ankara \u015eehir Hastanesi\u2019nde \u00e7oklu organ yetmezli\u011finden dolay\u0131 d\u00fcn ak\u015fam saatlerinde hayat\u0131n\u0131 kaybetti. \u015eevder Ayd\u0131n K\u00fcrdistan B\u00f6lgesi Ba\u015fkenti Erbil\u2019de in\u015faat m\u00fchendisi olarak \u00e7al\u0131\u015f\u0131rken koronaya yakaland\u0131. [&hellip;]"}