{"version":"1.0","provider_name":"Darka Mazi","provider_url":"https:\/\/darkamazi.site","title":"7. B\u00f6l\u00fcm: Kongre\u2019de 70\u2019lerin PKK\u2019sinin \u00f6l\u00fcm\u00fc ve Ali Yolda\u015f\u2019\u0131n Ba\u015fkan Apo olarak yeniden do\u011fu\u015fu - Darka Mazi","type":"rich","width":600,"height":338,"html":"<blockquote class=\"darka-embedded-content\" data-secret=\"cozELvpTwB\"><a href=\"https:\/\/darkamazi.site\/archives\/1016245\">7. B\u00f6l\u00fcm: Kongre\u2019de 70\u2019lerin PKK\u2019sinin \u00f6l\u00fcm\u00fc ve Ali Yolda\u015f\u2019\u0131n Ba\u015fkan Apo olarak yeniden do\u011fu\u015fu<\/a><\/blockquote><iframe sandbox=\"allow-scripts\" security=\"restricted\" src=\"https:\/\/darkamazi.site\/archives\/1016245\/embed#?secret=cozELvpTwB\" width=\"600\" height=\"338\" title=\"&#8220;7. B\u00f6l\u00fcm: Kongre\u2019de 70\u2019lerin PKK\u2019sinin \u00f6l\u00fcm\u00fc ve Ali Yolda\u015f\u2019\u0131n Ba\u015fkan Apo olarak yeniden do\u011fu\u015fu&#8221; &#8212; Darka Mazi\" data-secret=\"cozELvpTwB\" frameborder=\"0\" marginwidth=\"0\" marginheight=\"0\" scrolling=\"no\" class=\"darka-embedded-content\"><\/iframe><script>\n\/*! This file is auto-generated *\/\n!function(d,l){\"use strict\";l.querySelector&&d.addEventListener&&\"undefined\"!=typeof URL&&(d.wp=d.wp||{},d.wp.receiveEmbedMessage||(d.wp.receiveEmbedMessage=function(e){var t=e.data;if((t||t.secret||t.message||t.value)&&!\/[^a-zA-Z0-9]\/.test(t.secret)){for(var s,r,n,a=l.querySelectorAll('iframe[data-secret=\"'+t.secret+'\"]'),o=l.querySelectorAll('blockquote[data-secret=\"'+t.secret+'\"]'),c=new RegExp(\"^https?:$\",\"i\"),i=0;i<o.length;i++)o[i].style.display=\"none\";for(i=0;i<a.length;i++)s=a[i],e.source===s.contentWindow&&(s.removeAttribute(\"style\"),\"height\"===t.message?(1e3<(r=parseInt(t.value,10))?r=1e3:~~r<200&&(r=200),s.height=r):\"link\"===t.message&&(r=new URL(s.getAttribute(\"src\")),n=new URL(t.value),c.test(n.protocol))&&n.host===r.host&&l.activeElement===s&&(d.top.location.href=t.value))}},d.addEventListener(\"message\",d.wp.receiveEmbedMessage,!1),l.addEventListener(\"DOMContentLoaded\",function(){for(var e,t,s=l.querySelectorAll(\"iframe.darka-embedded-content\"),r=0;r<s.length;r++)(t=(e=s[r]).getAttribute(\"data-secret\"))||(t=Math.random().toString(36).substring(2,12),e.src+=\"#?secret=\"+t,e.setAttribute(\"data-secret\",t)),e.contentWindow.postMessage({message:\"ready\",secret:t},\"*\")},!1)))}(window,document);\n\/\/# sourceURL=https:\/\/darkamazi.site\/other\/js\/wp-embed.min.js\n<\/script>\n","thumbnail_url":"https:\/\/darkamazi.site\/file\/2021\/09\/korkmaz-7.jpg","thumbnail_width":900,"thumbnail_height":497,"description":"PKK\u2019nin 3. Kongresinden 4. Kongresine kadar ge\u00e7en 1986-1990 y\u0131llar\u0131 aras\u0131ndaki d\u00f6rt y\u0131l PKK i\u00e7in bir ge\u00e7i\u015f d\u00f6nemdir. Yeni bir PKK yeni bir Abdullah \u00d6calan do\u011fmu\u015ftur. Ar\u0131nma kongresi ve \u00d6calan\u2019\u0131n yol temizli\u011fi PKK 3.\u2019\u00fcnc\u00fc Kongresi PKK i\u00e7in b\u00fcy\u00fck bir d\u00f6n\u00fcm noktas\u0131d\u0131r. PKK\u2019nin kimyas\u0131 yava\u015f yava\u015f de\u011fi\u015fmi\u015ftir. Cemil Bay\u0131k bile Parti Tarihi adl\u0131 kitab\u0131nda 3. Kongre i\u00e7in [&hellip;]"}