{"version":"1.0","provider_name":"Darka Mazi","provider_url":"https:\/\/darkamazi.site","title":"YNK ve Goran y\u00f6neticileri PKK'nin S\u00fcleymaniye faaliyetlerini de\u011ferlendirdi: Tehlikeli bir durum - Darka Mazi","type":"rich","width":600,"height":338,"html":"<blockquote class=\"darka-embedded-content\" data-secret=\"aSV6GrL0U9\"><a href=\"https:\/\/darkamazi.site\/archives\/1016292\">YNK ve Goran y\u00f6neticileri PKK&#8217;nin S\u00fcleymaniye faaliyetlerini de\u011ferlendirdi: Tehlikeli bir durum<\/a><\/blockquote><iframe sandbox=\"allow-scripts\" security=\"restricted\" src=\"https:\/\/darkamazi.site\/archives\/1016292\/embed#?secret=aSV6GrL0U9\" width=\"600\" height=\"338\" title=\"&#8220;YNK ve Goran y\u00f6neticileri PKK&#8217;nin S\u00fcleymaniye faaliyetlerini de\u011ferlendirdi: Tehlikeli bir durum&#8221; &#8212; Darka Mazi\" data-secret=\"aSV6GrL0U9\" frameborder=\"0\" marginwidth=\"0\" marginheight=\"0\" scrolling=\"no\" class=\"darka-embedded-content\"><\/iframe><script>\n\/*! This file is auto-generated *\/\n!function(d,l){\"use strict\";l.querySelector&&d.addEventListener&&\"undefined\"!=typeof URL&&(d.wp=d.wp||{},d.wp.receiveEmbedMessage||(d.wp.receiveEmbedMessage=function(e){var t=e.data;if((t||t.secret||t.message||t.value)&&!\/[^a-zA-Z0-9]\/.test(t.secret)){for(var s,r,n,a=l.querySelectorAll('iframe[data-secret=\"'+t.secret+'\"]'),o=l.querySelectorAll('blockquote[data-secret=\"'+t.secret+'\"]'),c=new RegExp(\"^https?:$\",\"i\"),i=0;i<o.length;i++)o[i].style.display=\"none\";for(i=0;i<a.length;i++)s=a[i],e.source===s.contentWindow&&(s.removeAttribute(\"style\"),\"height\"===t.message?(1e3<(r=parseInt(t.value,10))?r=1e3:~~r<200&&(r=200),s.height=r):\"link\"===t.message&&(r=new URL(s.getAttribute(\"src\")),n=new URL(t.value),c.test(n.protocol))&&n.host===r.host&&l.activeElement===s&&(d.top.location.href=t.value))}},d.addEventListener(\"message\",d.wp.receiveEmbedMessage,!1),l.addEventListener(\"DOMContentLoaded\",function(){for(var e,t,s=l.querySelectorAll(\"iframe.darka-embedded-content\"),r=0;r<s.length;r++)(t=(e=s[r]).getAttribute(\"data-secret\"))||(t=Math.random().toString(36).substring(2,12),e.src+=\"#?secret=\"+t,e.setAttribute(\"data-secret\",t)),e.contentWindow.postMessage({message:\"ready\",secret:t},\"*\")},!1)))}(window,document);\n\/\/# sourceURL=https:\/\/darkamazi.site\/other\/js\/wp-embed.min.js\n<\/script>\n","thumbnail_url":"https:\/\/darkamazi.site\/file\/2021\/09\/YNK-ve-Goran.jpg","thumbnail_width":1536,"thumbnail_height":922,"description":"\u00a0S\u00fcleymaniye kentinde siyasal n\u00fcfuza sahip\u00a0iki parti K\u00fcrdistan Yurtseverler Birli\u011fi (YNK) ve Goran Hareketi, K\u00fcrdistan \u0130\u015f\u00e7i Partisi\u2019nin(PKK) b\u00f6lgede artan manevralar\u0131 ve TSK\u2019n\u0131n bombard\u0131manlar\u0131ndan endi\u015feli. PKK\u2019ye ba\u011fl\u0131 silahl\u0131 g\u00fc\u00e7lerin Rojava ve K\u00fcrdistan B\u00f6lgesi\u2019ndeki varl\u0131\u011f\u0131 nedeniyle T\u00fcrk ordusunun sald\u0131r\u0131lar\u0131na zemin sunarak, b\u00f6lgedeki istikrars\u0131zl\u0131\u011fa ve operasyonlar\u0131n\u0131n artmas\u0131na neden oluyor. T\u00fcrk ordusuna ba\u011fl sava\u015f u\u00e7aklar\u0131 son zamanlarda S\u00fcleymaniye&#8217;nin k\u0131rsal b\u00f6lgelerinde [&hellip;]"}