{"version":"1.0","provider_name":"Darka Mazi","provider_url":"https:\/\/darkamazi.site","title":"7 Sanat\u0131n \u00d6\u011fretmeni Ebas Kemend\u00ee i\u00e7in Erbil'de festival - Darka Mazi","type":"rich","width":600,"height":338,"html":"<blockquote class=\"darka-embedded-content\" data-secret=\"GVuHFVfeK7\"><a href=\"https:\/\/darkamazi.site\/archives\/1016747\">7 Sanat\u0131n \u00d6\u011fretmeni Ebas Kemend\u00ee i\u00e7in Erbil&#8217;de festival<\/a><\/blockquote><iframe sandbox=\"allow-scripts\" security=\"restricted\" src=\"https:\/\/darkamazi.site\/archives\/1016747\/embed#?secret=GVuHFVfeK7\" width=\"600\" height=\"338\" title=\"&#8220;7 Sanat\u0131n \u00d6\u011fretmeni Ebas Kemend\u00ee i\u00e7in Erbil&#8217;de festival&#8221; &#8212; Darka Mazi\" data-secret=\"GVuHFVfeK7\" frameborder=\"0\" marginwidth=\"0\" marginheight=\"0\" scrolling=\"no\" class=\"darka-embedded-content\"><\/iframe><script>\n\/*! This file is auto-generated *\/\n!function(d,l){\"use strict\";l.querySelector&&d.addEventListener&&\"undefined\"!=typeof URL&&(d.wp=d.wp||{},d.wp.receiveEmbedMessage||(d.wp.receiveEmbedMessage=function(e){var t=e.data;if((t||t.secret||t.message||t.value)&&!\/[^a-zA-Z0-9]\/.test(t.secret)){for(var s,r,n,a=l.querySelectorAll('iframe[data-secret=\"'+t.secret+'\"]'),o=l.querySelectorAll('blockquote[data-secret=\"'+t.secret+'\"]'),c=new RegExp(\"^https?:$\",\"i\"),i=0;i<o.length;i++)o[i].style.display=\"none\";for(i=0;i<a.length;i++)s=a[i],e.source===s.contentWindow&&(s.removeAttribute(\"style\"),\"height\"===t.message?(1e3<(r=parseInt(t.value,10))?r=1e3:~~r<200&&(r=200),s.height=r):\"link\"===t.message&&(r=new URL(s.getAttribute(\"src\")),n=new URL(t.value),c.test(n.protocol))&&n.host===r.host&&l.activeElement===s&&(d.top.location.href=t.value))}},d.addEventListener(\"message\",d.wp.receiveEmbedMessage,!1),l.addEventListener(\"DOMContentLoaded\",function(){for(var e,t,s=l.querySelectorAll(\"iframe.darka-embedded-content\"),r=0;r<s.length;r++)(t=(e=s[r]).getAttribute(\"data-secret\"))||(t=Math.random().toString(36).substring(2,12),e.src+=\"#?secret=\"+t,e.setAttribute(\"data-secret\",t)),e.contentWindow.postMessage({message:\"ready\",secret:t},\"*\")},!1)))}(window,document);\n\/\/# sourceURL=https:\/\/darkamazi.site\/other\/js\/wp-embed.min.js\n<\/script>\n","thumbnail_url":"https:\/\/darkamazi.site\/file\/2021\/10\/Abbak-kemendi.jpg","thumbnail_width":900,"thumbnail_height":532,"description":"Erbil\u2019de tan\u0131nm\u0131\u015f K\u00fcrt Sanat\u00e7\u0131 Ebas Kemend\u00ee\u2019yi anma festivali yap\u0131l\u0131yor. Tan\u0131nm\u0131\u015f K\u00fcrt Sanat\u00e7\u0131 Ebas Kemend\u00ee\u2019yi anma festivali bug\u00fcn Erbil Ayd\u0131nlanma Merkezi\u2019nde d\u00fczenleniyor ve festival Bas Medya taraf\u0131ndan organize ediliyor. Festival program\u0131 \u015fu \u015fekilde olacak; 1 &#8211; Gazeteci, Yazar Berhem El\u00ee\u2019nin tan\u0131nm\u0131\u015f Sanat\u00e7\u0131 Ebas Kemend\u00ee hakk\u0131nda yazd\u0131\u011f\u0131 2 kitab\u0131n tan\u0131t\u0131m\u0131. 2 \u2013 K24 TV. Taraf\u0131ndan haz\u0131rlanm\u0131\u015f \u201c7 [&hellip;]"}