{"version":"1.0","provider_name":"Darka Mazi","provider_url":"https:\/\/darkamazi.site","title":"Sanat\u00e7\u0131 Nar\u00een Feqe \"Voices of Change\" konserlerine kat\u0131lan ilk K\u00fcrt sanat\u00e7\u0131 oldu - Darka Mazi","type":"rich","width":600,"height":338,"html":"<blockquote class=\"darka-embedded-content\" data-secret=\"ZERvSttxKE\"><a href=\"https:\/\/darkamazi.site\/archives\/1017709\">Sanat\u00e7\u0131 Nar\u00een Feqe &#8220;Voices of Change&#8221; konserlerine kat\u0131lan ilk K\u00fcrt sanat\u00e7\u0131 oldu<\/a><\/blockquote><iframe sandbox=\"allow-scripts\" security=\"restricted\" src=\"https:\/\/darkamazi.site\/archives\/1017709\/embed#?secret=ZERvSttxKE\" width=\"600\" height=\"338\" title=\"&#8220;Sanat\u00e7\u0131 Nar\u00een Feqe &#8220;Voices of Change&#8221; konserlerine kat\u0131lan ilk K\u00fcrt sanat\u00e7\u0131 oldu&#8221; &#8212; Darka Mazi\" data-secret=\"ZERvSttxKE\" frameborder=\"0\" marginwidth=\"0\" marginheight=\"0\" scrolling=\"no\" class=\"darka-embedded-content\"><\/iframe><script>\n\/*! This file is auto-generated *\/\n!function(d,l){\"use strict\";l.querySelector&&d.addEventListener&&\"undefined\"!=typeof URL&&(d.wp=d.wp||{},d.wp.receiveEmbedMessage||(d.wp.receiveEmbedMessage=function(e){var t=e.data;if((t||t.secret||t.message||t.value)&&!\/[^a-zA-Z0-9]\/.test(t.secret)){for(var s,r,n,a=l.querySelectorAll('iframe[data-secret=\"'+t.secret+'\"]'),o=l.querySelectorAll('blockquote[data-secret=\"'+t.secret+'\"]'),c=new RegExp(\"^https?:$\",\"i\"),i=0;i<o.length;i++)o[i].style.display=\"none\";for(i=0;i<a.length;i++)s=a[i],e.source===s.contentWindow&&(s.removeAttribute(\"style\"),\"height\"===t.message?(1e3<(r=parseInt(t.value,10))?r=1e3:~~r<200&&(r=200),s.height=r):\"link\"===t.message&&(r=new URL(s.getAttribute(\"src\")),n=new URL(t.value),c.test(n.protocol))&&n.host===r.host&&l.activeElement===s&&(d.top.location.href=t.value))}},d.addEventListener(\"message\",d.wp.receiveEmbedMessage,!1),l.addEventListener(\"DOMContentLoaded\",function(){for(var e,t,s=l.querySelectorAll(\"iframe.darka-embedded-content\"),r=0;r<s.length;r++)(t=(e=s[r]).getAttribute(\"data-secret\"))||(t=Math.random().toString(36).substring(2,12),e.src+=\"#?secret=\"+t,e.setAttribute(\"data-secret\",t)),e.contentWindow.postMessage({message:\"ready\",secret:t},\"*\")},!1)))}(window,document);\n\/\/# sourceURL=https:\/\/darkamazi.site\/other\/js\/wp-embed.min.js\n<\/script>\n","thumbnail_url":"https:\/\/darkamazi.site\/file\/2022\/01\/Narin-Feqe-foto.jpg","thumbnail_width":900,"thumbnail_height":500,"description":"\u00a0K\u00fcrt sanat\u00e7\u0131 Nar\u00een Feqe, \u0130sve\u00e7 h\u00fckumeti taraf\u0131ndan d\u00fczenlenen \u201cVoices of Change\u201d konserine kat\u0131ld\u0131. Sanat\u00e7\u0131 konserde d\u00f6rt par\u00e7a seslendirdi. \u00a0Nar\u00een Feqe, Voices of Change konserine kat\u0131lan ilk K\u00fcrt sanat\u00e7\u0131 \u00fcnvan\u0131n\u0131 da ald\u0131. Voices of Change konserleri \u0130sve\u00e7 h\u00fckumeti taraf\u0131ndan d\u00fczenleniyor. \u0130sve\u00e7&#8217;de\u00a0 ya\u015fayan, sanat\u0131 ile toplumu etkileyen farkl\u0131 halklardan sanat\u00e7\u0131lar\u0131 kaps\u0131yor. Voices of Change konserine \u0130sve\u00e7 orkestras\u0131 [&hellip;]"}