{"version":"1.0","provider_name":"Darka Mazi","provider_url":"https:\/\/darkamazi.site","title":"Hollanda Pe\u015fmerge'ye deste\u011fini devam ettirecek - Darka Mazi","type":"rich","width":600,"height":338,"html":"<blockquote class=\"darka-embedded-content\" data-secret=\"bnZ64ZBzIj\"><a href=\"https:\/\/darkamazi.site\/archives\/1018342\">Hollanda Pe\u015fmerge&#8217;ye deste\u011fini devam ettirecek<\/a><\/blockquote><iframe sandbox=\"allow-scripts\" security=\"restricted\" src=\"https:\/\/darkamazi.site\/archives\/1018342\/embed#?secret=bnZ64ZBzIj\" width=\"600\" height=\"338\" title=\"&#8220;Hollanda Pe\u015fmerge&#8217;ye deste\u011fini devam ettirecek&#8221; &#8212; Darka Mazi\" data-secret=\"bnZ64ZBzIj\" frameborder=\"0\" marginwidth=\"0\" marginheight=\"0\" scrolling=\"no\" class=\"darka-embedded-content\"><\/iframe><script>\n\/*! This file is auto-generated *\/\n!function(d,l){\"use strict\";l.querySelector&&d.addEventListener&&\"undefined\"!=typeof URL&&(d.wp=d.wp||{},d.wp.receiveEmbedMessage||(d.wp.receiveEmbedMessage=function(e){var t=e.data;if((t||t.secret||t.message||t.value)&&!\/[^a-zA-Z0-9]\/.test(t.secret)){for(var s,r,n,a=l.querySelectorAll('iframe[data-secret=\"'+t.secret+'\"]'),o=l.querySelectorAll('blockquote[data-secret=\"'+t.secret+'\"]'),c=new RegExp(\"^https?:$\",\"i\"),i=0;i<o.length;i++)o[i].style.display=\"none\";for(i=0;i<a.length;i++)s=a[i],e.source===s.contentWindow&&(s.removeAttribute(\"style\"),\"height\"===t.message?(1e3<(r=parseInt(t.value,10))?r=1e3:~~r<200&&(r=200),s.height=r):\"link\"===t.message&&(r=new URL(s.getAttribute(\"src\")),n=new URL(t.value),c.test(n.protocol))&&n.host===r.host&&l.activeElement===s&&(d.top.location.href=t.value))}},d.addEventListener(\"message\",d.wp.receiveEmbedMessage,!1),l.addEventListener(\"DOMContentLoaded\",function(){for(var e,t,s=l.querySelectorAll(\"iframe.darka-embedded-content\"),r=0;r<s.length;r++)(t=(e=s[r]).getAttribute(\"data-secret\"))||(t=Math.random().toString(36).substring(2,12),e.src+=\"#?secret=\"+t,e.setAttribute(\"data-secret\",t)),e.contentWindow.postMessage({message:\"ready\",secret:t},\"*\")},!1)))}(window,document);\n\/\/# sourceURL=https:\/\/darkamazi.site\/other\/js\/wp-embed.min.js\n<\/script>\n","thumbnail_url":"https:\/\/darkamazi.site\/file\/2022\/02\/Hollanda.jpg","thumbnail_width":900,"thumbnail_height":497,"description":"Uluslararas\u0131 Koalisyon b\u00fcnyesindeki Hollanda g\u00fc\u00e7lerinin dan\u0131\u015fman\u0131 Colonel Paul, Pe\u015fmerge Bakanl\u0131\u011f\u0131 yetkilileriyle, Pe\u015fmerge g\u00fc\u00e7lerine deste\u011fi g\u00f6r\u00fc\u015ft\u00fc. Pe\u015fmerge Bakanl\u0131\u011f\u0131\u2019ndan yap\u0131lan a\u00e7\u0131klamada, Pe\u015fmerge Bakanl\u0131\u011f\u0131 K\u0131demli Dan\u0131\u015fman\u0131 Hejar Omer\u2019in Hollanda g\u00fc\u00e7lerinin k\u0131demli dan\u0131\u015fman\u0131 Colonel Paul ile g\u00f6r\u00fc\u015ft\u00fc\u011f\u00fc bildirildi. Pe\u015fmerge Bakanl\u0131\u011f\u0131\u2019ndaki reform program\u0131n\u0131n ilerlemesinin konu\u015fuldu\u011fu g\u00f6r\u00fc\u015fmede, Hollandal\u0131 k\u0131demli askeri dan\u0131\u015fman Paul\u2019un dan\u0131\u015fmanl\u0131\u011f\u0131n\u0131 yapt\u0131\u011f\u0131 g\u00f6n\u00fcll\u00fc Pe\u015fmergeler konusunun da ele al\u0131nd\u0131\u011f\u0131 belirtildi. [&hellip;]"}