{"version":"1.0","provider_name":"Darka Mazi","provider_url":"https:\/\/darkamazi.site","title":"\u015eahram Nazir\u00ee: K\u00fcrdistan B\u00f6lgesi\u2019nden bana verilen \u00f6d\u00fcl d\u00fcnyadaki b\u00fct\u00fcn \u00f6d\u00fcllerden daha de\u011ferli - Darka Mazi","type":"rich","width":600,"height":338,"html":"<blockquote class=\"darka-embedded-content\" data-secret=\"bBbUbDg0sm\"><a href=\"https:\/\/darkamazi.site\/archives\/1019361\">\u015eahram Nazir\u00ee: K\u00fcrdistan B\u00f6lgesi\u2019nden bana verilen \u00f6d\u00fcl d\u00fcnyadaki b\u00fct\u00fcn \u00f6d\u00fcllerden daha de\u011ferli<\/a><\/blockquote><iframe sandbox=\"allow-scripts\" security=\"restricted\" src=\"https:\/\/darkamazi.site\/archives\/1019361\/embed#?secret=bBbUbDg0sm\" width=\"600\" height=\"338\" title=\"&#8220;\u015eahram Nazir\u00ee: K\u00fcrdistan B\u00f6lgesi\u2019nden bana verilen \u00f6d\u00fcl d\u00fcnyadaki b\u00fct\u00fcn \u00f6d\u00fcllerden daha de\u011ferli&#8221; &#8212; Darka Mazi\" data-secret=\"bBbUbDg0sm\" frameborder=\"0\" marginwidth=\"0\" marginheight=\"0\" scrolling=\"no\" class=\"darka-embedded-content\"><\/iframe><script>\n\/*! This file is auto-generated *\/\n!function(d,l){\"use strict\";l.querySelector&&d.addEventListener&&\"undefined\"!=typeof URL&&(d.wp=d.wp||{},d.wp.receiveEmbedMessage||(d.wp.receiveEmbedMessage=function(e){var t=e.data;if((t||t.secret||t.message||t.value)&&!\/[^a-zA-Z0-9]\/.test(t.secret)){for(var s,r,n,a=l.querySelectorAll('iframe[data-secret=\"'+t.secret+'\"]'),o=l.querySelectorAll('blockquote[data-secret=\"'+t.secret+'\"]'),c=new RegExp(\"^https?:$\",\"i\"),i=0;i<o.length;i++)o[i].style.display=\"none\";for(i=0;i<a.length;i++)s=a[i],e.source===s.contentWindow&&(s.removeAttribute(\"style\"),\"height\"===t.message?(1e3<(r=parseInt(t.value,10))?r=1e3:~~r<200&&(r=200),s.height=r):\"link\"===t.message&&(r=new URL(s.getAttribute(\"src\")),n=new URL(t.value),c.test(n.protocol))&&n.host===r.host&&l.activeElement===s&&(d.top.location.href=t.value))}},d.addEventListener(\"message\",d.wp.receiveEmbedMessage,!1),l.addEventListener(\"DOMContentLoaded\",function(){for(var e,t,s=l.querySelectorAll(\"iframe.darka-embedded-content\"),r=0;r<s.length;r++)(t=(e=s[r]).getAttribute(\"data-secret\"))||(t=Math.random().toString(36).substring(2,12),e.src+=\"#?secret=\"+t,e.setAttribute(\"data-secret\",t)),e.contentWindow.postMessage({message:\"ready\",secret:t},\"*\")},!1)))}(window,document);\n\/\/# sourceURL=https:\/\/darkamazi.site\/other\/js\/wp-embed.min.js\n<\/script>\n","description":"K\u00fcrdistan B\u00f6lgesi H\u00fck\u00fcmeti Ayd\u0131nlanma ve Gen\u00e7lik Bakanl\u0131\u011f\u0131, yakla\u015f\u0131k 50 y\u0131ld\u0131r K\u00fcrt m\u00fczi\u011fi, sanat\u0131, \u015fiirlerine yapt\u0131\u011f\u0131 katk\u0131lar\u0131 nedeniyle Uluslararas\u0131 tan\u0131nm\u0131\u015f K\u00fcrt sanat\u00e7\u0131 \u015eahram Nazir\u00ee\u2019ye \u201cSayg\u0131 \u00d6d\u00fcl\u00fc\u201d takdim etti. K\u00fcrdistan B\u00f6lgesi H\u00fck\u00fcmeti ad\u0131na \u00f6d\u00fcl t\u00f6reninde bir konu\u015fma yapan Ayd\u0131nlanma ve Gen\u00e7lik Bakan\u0131 Heme Heme Se\u00eed, Nazir\u00ee\u2019nin K\u00fcrt sanat\u0131nda \u00f6zel bir yerinin oldu\u011funu, \u015fu ana kadar 40\u2019tan fazla [&hellip;]"}