{"version":"1.0","provider_name":"Darka Mazi","provider_url":"https:\/\/darkamazi.site","title":"Erdo\u011fan Rojava'da yeni i\u015fgal hareketi i\u00e7in konu\u015ftu: G\u00fcvenlik hatt\u0131m\u0131z\u0131n eksikliklerini yeni harekatlarla tamamlayaca\u011f\u0131z - Darka Mazi","type":"rich","width":600,"height":338,"html":"<blockquote class=\"darka-embedded-content\" data-secret=\"xIf62TRVVa\"><a href=\"https:\/\/darkamazi.site\/archives\/1019589\">Erdo\u011fan Rojava&#8217;da yeni i\u015fgal hareketi i\u00e7in konu\u015ftu: G\u00fcvenlik hatt\u0131m\u0131z\u0131n eksikliklerini yeni harekatlarla tamamlayaca\u011f\u0131z<\/a><\/blockquote><iframe sandbox=\"allow-scripts\" security=\"restricted\" src=\"https:\/\/darkamazi.site\/archives\/1019589\/embed#?secret=xIf62TRVVa\" width=\"600\" height=\"338\" title=\"&#8220;Erdo\u011fan Rojava&#8217;da yeni i\u015fgal hareketi i\u00e7in konu\u015ftu: G\u00fcvenlik hatt\u0131m\u0131z\u0131n eksikliklerini yeni harekatlarla tamamlayaca\u011f\u0131z&#8221; &#8212; Darka Mazi\" data-secret=\"xIf62TRVVa\" frameborder=\"0\" marginwidth=\"0\" marginheight=\"0\" scrolling=\"no\" class=\"darka-embedded-content\"><\/iframe><script>\n\/*! This file is auto-generated *\/\n!function(d,l){\"use strict\";l.querySelector&&d.addEventListener&&\"undefined\"!=typeof URL&&(d.wp=d.wp||{},d.wp.receiveEmbedMessage||(d.wp.receiveEmbedMessage=function(e){var t=e.data;if((t||t.secret||t.message||t.value)&&!\/[^a-zA-Z0-9]\/.test(t.secret)){for(var s,r,n,a=l.querySelectorAll('iframe[data-secret=\"'+t.secret+'\"]'),o=l.querySelectorAll('blockquote[data-secret=\"'+t.secret+'\"]'),c=new RegExp(\"^https?:$\",\"i\"),i=0;i<o.length;i++)o[i].style.display=\"none\";for(i=0;i<a.length;i++)s=a[i],e.source===s.contentWindow&&(s.removeAttribute(\"style\"),\"height\"===t.message?(1e3<(r=parseInt(t.value,10))?r=1e3:~~r<200&&(r=200),s.height=r):\"link\"===t.message&&(r=new URL(s.getAttribute(\"src\")),n=new URL(t.value),c.test(n.protocol))&&n.host===r.host&&l.activeElement===s&&(d.top.location.href=t.value))}},d.addEventListener(\"message\",d.wp.receiveEmbedMessage,!1),l.addEventListener(\"DOMContentLoaded\",function(){for(var e,t,s=l.querySelectorAll(\"iframe.darka-embedded-content\"),r=0;r<s.length;r++)(t=(e=s[r]).getAttribute(\"data-secret\"))||(t=Math.random().toString(36).substring(2,12),e.src+=\"#?secret=\"+t,e.setAttribute(\"data-secret\",t)),e.contentWindow.postMessage({message:\"ready\",secret:t},\"*\")},!1)))}(window,document);\n\/\/# sourceURL=https:\/\/darkamazi.site\/other\/js\/wp-embed.min.js\n<\/script>\n","thumbnail_url":"https:\/\/darkamazi.site\/file\/2022\/06\/erdogan.jpeg","thumbnail_width":813,"thumbnail_height":558,"description":"\u00a0T\u00fcrkiye Cumhurba\u015fkan\u0131 Recep Tayip Erdo\u011fan, \u201cG\u00fcney s\u0131n\u0131rlar\u0131m\u0131zdaki g\u00fcvenlik hatt\u0131m\u0131z\u0131n eksikliklerini yeni harekatlarla tamamlayaca\u011f\u0131z. G\u00fcvenlik endi\u015felerini yeni harekatlarla giderece\u011fiz\u201d dedi. Erdo\u011fan, partisinin Ankara K\u0131z\u0131lcahamam\u2019da ger\u00e7ekle\u015ftirilen 30. \u0130sti\u015fare ve De\u011ferlendirme Toplant\u0131s\u0131\u2019na kat\u0131ld\u0131. Erdo\u011fan, kamp\u0131n a\u00e7\u0131l\u0131\u015f\u0131nda yapt\u0131\u011f\u0131 konu\u015fmada g\u00fcndeme ili\u015fkin de\u011ferlendirmelerde bulundu. Rojava\u2019ya y\u00f6nelik olas\u0131 askeri operasyon hakk\u0131nda da konu\u015fan Erdo\u011fan, \u201cG\u00fcney s\u0131n\u0131rlar\u0131m\u0131zdaki g\u00fcvenlik hatt\u0131m\u0131z\u0131n eksikliklerini yeni harekatlarla [&hellip;]"}