{"version":"1.0","provider_name":"Darka Mazi","provider_url":"https:\/\/darkamazi.site","title":"Gelecek Partisinin \"Demokratik Gelece\u011fimizin \u0130n\u015fas\u0131: K\u00fcrt Meselesi\" \u00e7al\u0131\u015ftay\u0131 ! - Darka Mazi","type":"rich","width":600,"height":338,"html":"<blockquote class=\"darka-embedded-content\" data-secret=\"HJNV1jLOKW\"><a href=\"https:\/\/darkamazi.site\/archives\/1019699\">Gelecek Partisinin &#8220;Demokratik Gelece\u011fimizin \u0130n\u015fas\u0131: K\u00fcrt Meselesi&#8221; \u00e7al\u0131\u015ftay\u0131 !<\/a><\/blockquote><iframe sandbox=\"allow-scripts\" security=\"restricted\" src=\"https:\/\/darkamazi.site\/archives\/1019699\/embed#?secret=HJNV1jLOKW\" width=\"600\" height=\"338\" title=\"&#8220;Gelecek Partisinin &#8220;Demokratik Gelece\u011fimizin \u0130n\u015fas\u0131: K\u00fcrt Meselesi&#8221; \u00e7al\u0131\u015ftay\u0131 !&#8221; &#8212; Darka Mazi\" data-secret=\"HJNV1jLOKW\" frameborder=\"0\" marginwidth=\"0\" marginheight=\"0\" scrolling=\"no\" class=\"darka-embedded-content\"><\/iframe><script>\n\/*! This file is auto-generated *\/\n!function(d,l){\"use strict\";l.querySelector&&d.addEventListener&&\"undefined\"!=typeof URL&&(d.wp=d.wp||{},d.wp.receiveEmbedMessage||(d.wp.receiveEmbedMessage=function(e){var t=e.data;if((t||t.secret||t.message||t.value)&&!\/[^a-zA-Z0-9]\/.test(t.secret)){for(var s,r,n,a=l.querySelectorAll('iframe[data-secret=\"'+t.secret+'\"]'),o=l.querySelectorAll('blockquote[data-secret=\"'+t.secret+'\"]'),c=new RegExp(\"^https?:$\",\"i\"),i=0;i<o.length;i++)o[i].style.display=\"none\";for(i=0;i<a.length;i++)s=a[i],e.source===s.contentWindow&&(s.removeAttribute(\"style\"),\"height\"===t.message?(1e3<(r=parseInt(t.value,10))?r=1e3:~~r<200&&(r=200),s.height=r):\"link\"===t.message&&(r=new URL(s.getAttribute(\"src\")),n=new URL(t.value),c.test(n.protocol))&&n.host===r.host&&l.activeElement===s&&(d.top.location.href=t.value))}},d.addEventListener(\"message\",d.wp.receiveEmbedMessage,!1),l.addEventListener(\"DOMContentLoaded\",function(){for(var e,t,s=l.querySelectorAll(\"iframe.darka-embedded-content\"),r=0;r<s.length;r++)(t=(e=s[r]).getAttribute(\"data-secret\"))||(t=Math.random().toString(36).substring(2,12),e.src+=\"#?secret=\"+t,e.setAttribute(\"data-secret\",t)),e.contentWindow.postMessage({message:\"ready\",secret:t},\"*\")},!1)))}(window,document);\n\/\/# sourceURL=https:\/\/darkamazi.site\/other\/js\/wp-embed.min.js\n<\/script>\n","thumbnail_url":"https:\/\/darkamazi.site\/file\/2022\/06\/1654972516davut.jpg","thumbnail_width":781,"thumbnail_height":439,"description":"Davuto\u011flu Diyarbak\u0131r\u2019da K\u00fcrt meselesi ve anadilde e\u011fitime ili\u015fkin yapt\u0131\u011f\u0131 konu\u015fmada \u201cBiz T\u00fcrkiye&#8217;nin b\u00fct\u00fcn meselelerini a\u00e7\u0131k bir \u015fekilde konu\u015furken K\u00fcrt meselesini de kendi aram\u0131zda tart\u0131\u015fm\u0131\u015ft\u0131k. Anadilde e\u011fitim hakk\u0131 belki de ilk kez bizim partimizde a\u00e7\u0131k bir \u015fekilde yaz\u0131ld\u0131\u201d dedi. Gelecek Partisi lideri Ahmet Davuto\u011flu, &#8220;Demokratik Gelece\u011fimizin \u0130n\u015fas\u0131: K\u00fcrt Meselesi&#8221; \u00e7al\u0131\u015ftay\u0131 a\u00e7\u0131l\u0131\u015f\u0131nda konu\u015fma yapt\u0131. Davuto\u011flu konu\u015fmas\u0131nda partisinin [&hellip;]"}