{"version":"1.0","provider_name":"Darka Mazi","provider_url":"https:\/\/darkamazi.site","title":"Abdulkadir Selvi: Yak\u0131nda \u00d6calan ile g\u00f6r\u00fc\u015fme olacak - Darka Mazi","type":"rich","width":600,"height":338,"html":"<blockquote class=\"darka-embedded-content\" data-secret=\"oGDae2zanv\"><a href=\"https:\/\/darkamazi.site\/archives\/1019767\">Abdulkadir Selvi: Yak\u0131nda \u00d6calan ile g\u00f6r\u00fc\u015fme olacak<\/a><\/blockquote><iframe sandbox=\"allow-scripts\" security=\"restricted\" src=\"https:\/\/darkamazi.site\/archives\/1019767\/embed#?secret=oGDae2zanv\" width=\"600\" height=\"338\" title=\"&#8220;Abdulkadir Selvi: Yak\u0131nda \u00d6calan ile g\u00f6r\u00fc\u015fme olacak&#8221; &#8212; Darka Mazi\" data-secret=\"oGDae2zanv\" frameborder=\"0\" marginwidth=\"0\" marginheight=\"0\" scrolling=\"no\" class=\"darka-embedded-content\"><\/iframe><script>\n\/*! This file is auto-generated *\/\n!function(d,l){\"use strict\";l.querySelector&&d.addEventListener&&\"undefined\"!=typeof URL&&(d.wp=d.wp||{},d.wp.receiveEmbedMessage||(d.wp.receiveEmbedMessage=function(e){var t=e.data;if((t||t.secret||t.message||t.value)&&!\/[^a-zA-Z0-9]\/.test(t.secret)){for(var s,r,n,a=l.querySelectorAll('iframe[data-secret=\"'+t.secret+'\"]'),o=l.querySelectorAll('blockquote[data-secret=\"'+t.secret+'\"]'),c=new RegExp(\"^https?:$\",\"i\"),i=0;i<o.length;i++)o[i].style.display=\"none\";for(i=0;i<a.length;i++)s=a[i],e.source===s.contentWindow&&(s.removeAttribute(\"style\"),\"height\"===t.message?(1e3<(r=parseInt(t.value,10))?r=1e3:~~r<200&&(r=200),s.height=r):\"link\"===t.message&&(r=new URL(s.getAttribute(\"src\")),n=new URL(t.value),c.test(n.protocol))&&n.host===r.host&&l.activeElement===s&&(d.top.location.href=t.value))}},d.addEventListener(\"message\",d.wp.receiveEmbedMessage,!1),l.addEventListener(\"DOMContentLoaded\",function(){for(var e,t,s=l.querySelectorAll(\"iframe.darka-embedded-content\"),r=0;r<s.length;r++)(t=(e=s[r]).getAttribute(\"data-secret\"))||(t=Math.random().toString(36).substring(2,12),e.src+=\"#?secret=\"+t,e.setAttribute(\"data-secret\",t)),e.contentWindow.postMessage({message:\"ready\",secret:t},\"*\")},!1)))}(window,document);\n\/\/# sourceURL=https:\/\/darkamazi.site\/other\/js\/wp-embed.min.js\n<\/script>\n","thumbnail_url":"https:\/\/darkamazi.site\/file\/2022\/06\/Selvi.jpg","thumbnail_width":637,"thumbnail_height":332,"description":"\u00a0H\u00fcrriyet Gazetesi yazar\u0131 Abdulkadir Selvi 23 y\u0131ld\u0131r \u0130mral\u0131 Cezaevinde bulunan PKK lideri Abdullah \u00d6calan&#8217;a g\u00f6r\u00fc\u015f izni verilece\u011fini yazd\u0131. \u00d6calan 2 y\u0131ld\u0131r avukatlar\u0131 ve yak\u0131nlar\u0131yla g\u00f6r\u00fc\u015ft\u00fcr\u00fclm\u00fcyor. En son ge\u00e7ti\u011fimiz g\u00fcnlerde HDP, \u00d6calan ile \u00a0g\u00f6r\u00fc\u015fme sa\u011flanmas\u0131 i\u00e7in Gemlik\u2019e y\u00fcr\u00fcy\u00fc\u015f ba\u015flatmak istemi\u015f ancak polis taraf\u0131ndan engellenmi\u015fti. Bug\u00fcnk\u00fc k\u00f6\u015fe yaz\u0131s\u0131nda\u00a0\u00d6calan \u00fczerindeki g\u00f6r\u00fc\u015f yasa\u011f\u0131na yer veren Abdulkadir Selvi, kulislerden edindi\u011fi [&hellip;]"}