{"version":"1.0","provider_name":"Darka Mazi","provider_url":"https:\/\/darkamazi.site","title":"K\u00fcrtler, Rojava devriminin sonuna m\u0131 geldi? - Darka Mazi","type":"rich","width":600,"height":338,"html":"<blockquote class=\"darka-embedded-content\" data-secret=\"k9kQHyMZGf\"><a href=\"https:\/\/darkamazi.site\/archives\/1020142\">K\u00fcrtler, Rojava devriminin sonuna m\u0131 geldi?<\/a><\/blockquote><iframe sandbox=\"allow-scripts\" security=\"restricted\" src=\"https:\/\/darkamazi.site\/archives\/1020142\/embed#?secret=k9kQHyMZGf\" width=\"600\" height=\"338\" title=\"&#8220;K\u00fcrtler, Rojava devriminin sonuna m\u0131 geldi?&#8221; &#8212; Darka Mazi\" data-secret=\"k9kQHyMZGf\" frameborder=\"0\" marginwidth=\"0\" marginheight=\"0\" scrolling=\"no\" class=\"darka-embedded-content\"><\/iframe><script>\n\/*! This file is auto-generated *\/\n!function(d,l){\"use strict\";l.querySelector&&d.addEventListener&&\"undefined\"!=typeof URL&&(d.wp=d.wp||{},d.wp.receiveEmbedMessage||(d.wp.receiveEmbedMessage=function(e){var t=e.data;if((t||t.secret||t.message||t.value)&&!\/[^a-zA-Z0-9]\/.test(t.secret)){for(var s,r,n,a=l.querySelectorAll('iframe[data-secret=\"'+t.secret+'\"]'),o=l.querySelectorAll('blockquote[data-secret=\"'+t.secret+'\"]'),c=new RegExp(\"^https?:$\",\"i\"),i=0;i<o.length;i++)o[i].style.display=\"none\";for(i=0;i<a.length;i++)s=a[i],e.source===s.contentWindow&&(s.removeAttribute(\"style\"),\"height\"===t.message?(1e3<(r=parseInt(t.value,10))?r=1e3:~~r<200&&(r=200),s.height=r):\"link\"===t.message&&(r=new URL(s.getAttribute(\"src\")),n=new URL(t.value),c.test(n.protocol))&&n.host===r.host&&l.activeElement===s&&(d.top.location.href=t.value))}},d.addEventListener(\"message\",d.wp.receiveEmbedMessage,!1),l.addEventListener(\"DOMContentLoaded\",function(){for(var e,t,s=l.querySelectorAll(\"iframe.darka-embedded-content\"),r=0;r<s.length;r++)(t=(e=s[r]).getAttribute(\"data-secret\"))||(t=Math.random().toString(36).substring(2,12),e.src+=\"#?secret=\"+t,e.setAttribute(\"data-secret\",t)),e.contentWindow.postMessage({message:\"ready\",secret:t},\"*\")},!1)))}(window,document);\n\/\/# sourceURL=https:\/\/darkamazi.site\/other\/js\/wp-embed.min.js\n<\/script>\n","thumbnail_url":"https:\/\/darkamazi.site\/file\/2022\/07\/Rojava-hayalinde-sona-dogru-.jpg","thumbnail_width":900,"thumbnail_height":497,"description":"Arap bahar\u0131 Ortado\u011fu halklar\u0131n\u0131n bir sonbahar\u0131 oldu. K\u00fcrtler i\u00e7in b\u00fcy\u00fck bir umutla ba\u015flayan bahar\u0131n sonunun nas\u0131l olaca\u011f\u0131 ise hala belirsiz. Fakat 2012 y\u0131l\u0131nda ba\u015flayan s\u00fcrecin K\u00fcrt men\u015feli \u00fcr\u00fcn\u00fc olan Rojava i\u00e7in tehlike \u00e7anlar\u0131 \u00e7al\u0131yor. Hem K\u00fcrdistan s\u00f6m\u00fcrgecilerinin hem de K\u00fcrtlerin yorum ve \u00e7izdi\u011fi yol haritalar\u0131na bak\u0131nca Rojava\u2019n\u0131n kaderinin nas\u0131l olaca\u011f\u0131 konusunda b\u00fcy\u00fck bir kayg\u0131 duymamak [&hellip;]"}