{"version":"1.0","provider_name":"Darka Mazi","provider_url":"https:\/\/darkamazi.site","title":"Gazeteci Ali Javanmardi Rojava\u2019da vurulan Do\u011fu K\u00fcrdistanl\u0131 Rezan Cawid hakk\u0131nda \u00f6nemli a\u00e7\u0131klamalar yapt\u0131 - Darka Mazi","type":"rich","width":600,"height":338,"html":"<blockquote class=\"darka-embedded-content\" data-secret=\"z8VZVSiN2E\"><a href=\"https:\/\/darkamazi.site\/archives\/1020522\">Gazeteci Ali Javanmardi Rojava\u2019da vurulan Do\u011fu K\u00fcrdistanl\u0131 Rezan Cawid hakk\u0131nda \u00f6nemli a\u00e7\u0131klamalar yapt\u0131<\/a><\/blockquote><iframe sandbox=\"allow-scripts\" security=\"restricted\" src=\"https:\/\/darkamazi.site\/archives\/1020522\/embed#?secret=z8VZVSiN2E\" width=\"600\" height=\"338\" title=\"&#8220;Gazeteci Ali Javanmardi Rojava\u2019da vurulan Do\u011fu K\u00fcrdistanl\u0131 Rezan Cawid hakk\u0131nda \u00f6nemli a\u00e7\u0131klamalar yapt\u0131&#8221; &#8212; Darka Mazi\" data-secret=\"z8VZVSiN2E\" frameborder=\"0\" marginwidth=\"0\" marginheight=\"0\" scrolling=\"no\" class=\"darka-embedded-content\"><\/iframe><script>\n\/*! This file is auto-generated *\/\n!function(d,l){\"use strict\";l.querySelector&&d.addEventListener&&\"undefined\"!=typeof URL&&(d.wp=d.wp||{},d.wp.receiveEmbedMessage||(d.wp.receiveEmbedMessage=function(e){var t=e.data;if((t||t.secret||t.message||t.value)&&!\/[^a-zA-Z0-9]\/.test(t.secret)){for(var s,r,n,a=l.querySelectorAll('iframe[data-secret=\"'+t.secret+'\"]'),o=l.querySelectorAll('blockquote[data-secret=\"'+t.secret+'\"]'),c=new RegExp(\"^https?:$\",\"i\"),i=0;i<o.length;i++)o[i].style.display=\"none\";for(i=0;i<a.length;i++)s=a[i],e.source===s.contentWindow&&(s.removeAttribute(\"style\"),\"height\"===t.message?(1e3<(r=parseInt(t.value,10))?r=1e3:~~r<200&&(r=200),s.height=r):\"link\"===t.message&&(r=new URL(s.getAttribute(\"src\")),n=new URL(t.value),c.test(n.protocol))&&n.host===r.host&&l.activeElement===s&&(d.top.location.href=t.value))}},d.addEventListener(\"message\",d.wp.receiveEmbedMessage,!1),l.addEventListener(\"DOMContentLoaded\",function(){for(var e,t,s=l.querySelectorAll(\"iframe.darka-embedded-content\"),r=0;r<s.length;r++)(t=(e=s[r]).getAttribute(\"data-secret\"))||(t=Math.random().toString(36).substring(2,12),e.src+=\"#?secret=\"+t,e.setAttribute(\"data-secret\",t)),e.contentWindow.postMessage({message:\"ready\",secret:t},\"*\")},!1)))}(window,document);\n\/\/# sourceURL=https:\/\/darkamazi.site\/other\/js\/wp-embed.min.js\n<\/script>\n","thumbnail_url":"https:\/\/darkamazi.site\/file\/2022\/08\/ali-javanmardi.jpg","thumbnail_width":900,"thumbnail_height":497,"description":"Ge\u00e7ti\u011fimiz 8 A\u011fustos g\u00fcn\u00fc T\u00fcrk Devletinin Kami\u015flo\u2019da Sinai Mahellesine yapt\u0131\u011f\u0131 sald\u0131r\u0131da PKK\u2019nin Do\u011fu K\u00fcrdistan\u2019l\u0131 kadrosu Rezan Rojhilat kod adl\u0131 Yusuf Rebani hayat\u0131n\u0131 kaybetmi\u015fti. \u015eu ana de\u011fin TSK sald\u0131r\u0131lar\u0131nda hayat\u0131n\u0131 kaybeden hi\u00e7bir PKK kadrosunun kimli\u011fi a\u00e7\u0131klanm\u0131yordu. Leyla Van, Engin Karaaslan gibi isimler hakk\u0131nda a\u00e7\u0131klamalar yap\u0131lmam\u0131\u015f. Yap\u0131lan a\u00e7\u0131klamalarda da nerede hayatlar\u0131n\u0131 kaybettikleri a\u00e7\u0131klanmam\u0131\u015ft\u0131. \u00a0Rojava y\u00f6netimi ilk kez [&hellip;]"}