{"version":"1.0","provider_name":"Darka Mazi","provider_url":"https:\/\/darkamazi.site","title":"Erbil: Rojhilatl\u0131 Siyaset\u00e7i Kadir Kadiri'yi vuran \u00fc\u00e7 ki\u015fiye idam cezas\u0131 verildi - Darka Mazi","type":"rich","width":600,"height":338,"html":"<blockquote class=\"darka-embedded-content\" data-secret=\"LOtRff7KTp\"><a href=\"https:\/\/darkamazi.site\/archives\/1020549\">Erbil: Rojhilatl\u0131 Siyaset\u00e7i Kadir Kadiri&#8217;yi vuran \u00fc\u00e7 ki\u015fiye idam cezas\u0131 verildi<\/a><\/blockquote><iframe sandbox=\"allow-scripts\" security=\"restricted\" src=\"https:\/\/darkamazi.site\/archives\/1020549\/embed#?secret=LOtRff7KTp\" width=\"600\" height=\"338\" title=\"&#8220;Erbil: Rojhilatl\u0131 Siyaset\u00e7i Kadir Kadiri&#8217;yi vuran \u00fc\u00e7 ki\u015fiye idam cezas\u0131 verildi&#8221; &#8212; Darka Mazi\" data-secret=\"LOtRff7KTp\" frameborder=\"0\" marginwidth=\"0\" marginheight=\"0\" scrolling=\"no\" class=\"darka-embedded-content\"><\/iframe><script>\n\/*! This file is auto-generated *\/\n!function(d,l){\"use strict\";l.querySelector&&d.addEventListener&&\"undefined\"!=typeof URL&&(d.wp=d.wp||{},d.wp.receiveEmbedMessage||(d.wp.receiveEmbedMessage=function(e){var t=e.data;if((t||t.secret||t.message||t.value)&&!\/[^a-zA-Z0-9]\/.test(t.secret)){for(var s,r,n,a=l.querySelectorAll('iframe[data-secret=\"'+t.secret+'\"]'),o=l.querySelectorAll('blockquote[data-secret=\"'+t.secret+'\"]'),c=new RegExp(\"^https?:$\",\"i\"),i=0;i<o.length;i++)o[i].style.display=\"none\";for(i=0;i<a.length;i++)s=a[i],e.source===s.contentWindow&&(s.removeAttribute(\"style\"),\"height\"===t.message?(1e3<(r=parseInt(t.value,10))?r=1e3:~~r<200&&(r=200),s.height=r):\"link\"===t.message&&(r=new URL(s.getAttribute(\"src\")),n=new URL(t.value),c.test(n.protocol))&&n.host===r.host&&l.activeElement===s&&(d.top.location.href=t.value))}},d.addEventListener(\"message\",d.wp.receiveEmbedMessage,!1),l.addEventListener(\"DOMContentLoaded\",function(){for(var e,t,s=l.querySelectorAll(\"iframe.darka-embedded-content\"),r=0;r<s.length;r++)(t=(e=s[r]).getAttribute(\"data-secret\"))||(t=Math.random().toString(36).substring(2,12),e.src+=\"#?secret=\"+t,e.setAttribute(\"data-secret\",t)),e.contentWindow.postMessage({message:\"ready\",secret:t},\"*\")},!1)))}(window,document);\n\/\/# sourceURL=https:\/\/darkamazi.site\/other\/js\/wp-embed.min.js\n<\/script>\n","thumbnail_url":"https:\/\/darkamazi.site\/file\/2022\/08\/Kadir-Kadiri.jpg","thumbnail_width":752,"thumbnail_height":472,"description":"Do\u011fu K\u00fcrdistan partilerinden K\u00fcrdistan Demokrat Partisi (PDK) kadrosu Kadir Kadiri\u2019nin \u00f6ld\u00fcr\u00fclmesi davas\u0131nda mahkeme 3 zanl\u0131ya idam cezas\u0131 verdi. Erbil\u2019de g\u00f6r\u00fclen karar duru\u015fmas\u0131 sonras\u0131 bas\u0131na a\u00e7\u0131klamada bulunan dava avukat\u0131 Eyad Kakeyi, mahkemenin \u00fc\u00e7 zanl\u0131y\u0131\u00a0idam\u00a0cezas\u0131na \u00e7arpt\u0131rd\u0131\u011f\u0131n\u0131, iki zanl\u0131ya da 5\u2019er y\u0131l hapis cezas\u0131 verdi\u011fini s\u00f6yledi. Kakeyi, \u201cZanl\u0131lar\u0131 yakalay\u0131p yarg\u0131 kar\u015f\u0131s\u0131nda \u00e7\u0131kard\u0131\u011f\u0131 i\u00e7in\u00a0K\u00fcrdistan\u00a0B\u00f6lgesi asayi\u015fi ve i\u00e7 g\u00fcvenlik g\u00fc\u00e7lerine [&hellip;]"}