{"version":"1.0","provider_name":"Darka Mazi","provider_url":"https:\/\/darkamazi.site","title":"ABD\u2019den T\u00fcrkiye- Suriye temaslar\u0131na dair a\u00e7\u0131klama: Desteklemiyoruz - Darka Mazi","type":"rich","width":600,"height":338,"html":"<blockquote class=\"darka-embedded-content\" data-secret=\"JTWGzJqR7P\"><a href=\"https:\/\/darkamazi.site\/archives\/1020760\">ABD\u2019den T\u00fcrkiye- Suriye temaslar\u0131na dair a\u00e7\u0131klama: Desteklemiyoruz<\/a><\/blockquote><iframe sandbox=\"allow-scripts\" security=\"restricted\" src=\"https:\/\/darkamazi.site\/archives\/1020760\/embed#?secret=JTWGzJqR7P\" width=\"600\" height=\"338\" title=\"&#8220;ABD\u2019den T\u00fcrkiye- Suriye temaslar\u0131na dair a\u00e7\u0131klama: Desteklemiyoruz&#8221; &#8212; Darka Mazi\" data-secret=\"JTWGzJqR7P\" frameborder=\"0\" marginwidth=\"0\" marginheight=\"0\" scrolling=\"no\" class=\"darka-embedded-content\"><\/iframe><script>\n\/*! This file is auto-generated *\/\n!function(d,l){\"use strict\";l.querySelector&&d.addEventListener&&\"undefined\"!=typeof URL&&(d.wp=d.wp||{},d.wp.receiveEmbedMessage||(d.wp.receiveEmbedMessage=function(e){var t=e.data;if((t||t.secret||t.message||t.value)&&!\/[^a-zA-Z0-9]\/.test(t.secret)){for(var s,r,n,a=l.querySelectorAll('iframe[data-secret=\"'+t.secret+'\"]'),o=l.querySelectorAll('blockquote[data-secret=\"'+t.secret+'\"]'),c=new RegExp(\"^https?:$\",\"i\"),i=0;i<o.length;i++)o[i].style.display=\"none\";for(i=0;i<a.length;i++)s=a[i],e.source===s.contentWindow&&(s.removeAttribute(\"style\"),\"height\"===t.message?(1e3<(r=parseInt(t.value,10))?r=1e3:~~r<200&&(r=200),s.height=r):\"link\"===t.message&&(r=new URL(s.getAttribute(\"src\")),n=new URL(t.value),c.test(n.protocol))&&n.host===r.host&&l.activeElement===s&&(d.top.location.href=t.value))}},d.addEventListener(\"message\",d.wp.receiveEmbedMessage,!1),l.addEventListener(\"DOMContentLoaded\",function(){for(var e,t,s=l.querySelectorAll(\"iframe.darka-embedded-content\"),r=0;r<s.length;r++)(t=(e=s[r]).getAttribute(\"data-secret\"))||(t=Math.random().toString(36).substring(2,12),e.src+=\"#?secret=\"+t,e.setAttribute(\"data-secret\",t)),e.contentWindow.postMessage({message:\"ready\",secret:t},\"*\")},!1)))}(window,document);\n\/\/# sourceURL=https:\/\/darkamazi.site\/other\/js\/wp-embed.min.js\n<\/script>\n","thumbnail_url":"https:\/\/darkamazi.site\/file\/2022\/08\/ABD-aciklama-Suriye-Turkiye.jpg","thumbnail_width":726,"thumbnail_height":408,"description":"\u00a0ABD D\u0131\u015fi\u015fleri Bakanl\u0131\u011f\u0131 S\u00f6zc\u00fc Yard\u0131mc\u0131s\u0131 Patel, &#8220;ABD&#8217;nin Esad rejimi ile diplomatik ili\u015fkileri iyile\u015ftirme niyeti yok ve di\u011fer \u00fclkelerin ili\u015fkileri normalle\u015ftirmesini de desteklemiyoruz&#8221; dedi. Ankara&#8217;dan gelen \u015eam ile diyalog ve temas mesajlar\u0131n\u0131n ard\u0131ndan, Washington y\u00f6netimi ilk kez konuya dair a\u00e7\u0131klama yapt\u0131. G\u00fcnl\u00fck bas\u0131n toplant\u0131s\u0131nda gazetecilerin sorular\u0131n\u0131 yan\u0131tlayan ABD D\u0131\u015fi\u015fleri Bakanl\u0131\u011f\u0131 S\u00f6zc\u00fc Yard\u0131mc\u0131s\u0131 Vedant Patel, T\u00fcrkiye&#8217;nin Suriye [&hellip;]"}