{"version":"1.0","provider_name":"Darka Mazi","provider_url":"https:\/\/darkamazi.site","title":"PKK, Almanya\u2019da Rojaval\u0131 insan haklar\u0131 aktivistine sald\u0131rd\u0131, \u00f6l\u00fcmle tehdit etti - Darka Mazi","type":"rich","width":600,"height":338,"html":"<blockquote class=\"darka-embedded-content\" data-secret=\"HTYlagnmYz\"><a href=\"https:\/\/darkamazi.site\/archives\/1020841\">PKK, Almanya\u2019da Rojaval\u0131 insan haklar\u0131 aktivistine sald\u0131rd\u0131, \u00f6l\u00fcmle tehdit etti<\/a><\/blockquote><iframe sandbox=\"allow-scripts\" security=\"restricted\" src=\"https:\/\/darkamazi.site\/archives\/1020841\/embed#?secret=HTYlagnmYz\" width=\"600\" height=\"338\" title=\"&#8220;PKK, Almanya\u2019da Rojaval\u0131 insan haklar\u0131 aktivistine sald\u0131rd\u0131, \u00f6l\u00fcmle tehdit etti&#8221; &#8212; Darka Mazi\" data-secret=\"HTYlagnmYz\" frameborder=\"0\" marginwidth=\"0\" marginheight=\"0\" scrolling=\"no\" class=\"darka-embedded-content\"><\/iframe><script>\n\/*! This file is auto-generated *\/\n!function(d,l){\"use strict\";l.querySelector&&d.addEventListener&&\"undefined\"!=typeof URL&&(d.wp=d.wp||{},d.wp.receiveEmbedMessage||(d.wp.receiveEmbedMessage=function(e){var t=e.data;if((t||t.secret||t.message||t.value)&&!\/[^a-zA-Z0-9]\/.test(t.secret)){for(var s,r,n,a=l.querySelectorAll('iframe[data-secret=\"'+t.secret+'\"]'),o=l.querySelectorAll('blockquote[data-secret=\"'+t.secret+'\"]'),c=new RegExp(\"^https?:$\",\"i\"),i=0;i<o.length;i++)o[i].style.display=\"none\";for(i=0;i<a.length;i++)s=a[i],e.source===s.contentWindow&&(s.removeAttribute(\"style\"),\"height\"===t.message?(1e3<(r=parseInt(t.value,10))?r=1e3:~~r<200&&(r=200),s.height=r):\"link\"===t.message&&(r=new URL(s.getAttribute(\"src\")),n=new URL(t.value),c.test(n.protocol))&&n.host===r.host&&l.activeElement===s&&(d.top.location.href=t.value))}},d.addEventListener(\"message\",d.wp.receiveEmbedMessage,!1),l.addEventListener(\"DOMContentLoaded\",function(){for(var e,t,s=l.querySelectorAll(\"iframe.darka-embedded-content\"),r=0;r<s.length;r++)(t=(e=s[r]).getAttribute(\"data-secret\"))||(t=Math.random().toString(36).substring(2,12),e.src+=\"#?secret=\"+t,e.setAttribute(\"data-secret\",t)),e.contentWindow.postMessage({message:\"ready\",secret:t},\"*\")},!1)))}(window,document);\n\/\/# sourceURL=https:\/\/darkamazi.site\/other\/js\/wp-embed.min.js\n<\/script>\n","thumbnail_url":"https:\/\/darkamazi.site\/file\/2022\/08\/Rojavali-aktivist.jpg","thumbnail_width":900,"thumbnail_height":497,"description":"Almanya\u2019da ya\u015fayan Rojaval\u0131 insan haklar\u0131 aktivist PKK\u2019nin \u00f6rg\u00fctledi\u011fi ki\u015filer taraf\u0131ndan \u00f6l\u00fcmle tehdit edildi, \u015fiddete maruz kald\u0131. Almanya\u2019n\u0131n Hamlin kasabas\u0131nda sald\u0131r\u0131ya u\u011frayan Mesud Ahmed\u2019e \u201cSeni \u00f6ld\u00fcr\u00fcr\u00fcz, ba\u015f\u0131n\u0131 keseriz\u201d tehdidi yap\u0131ld\u0131. \u00a0Ahmed daha \u00f6nce de PKK taraf\u0131ndan tehdit edilmi\u015fti. Mesud Ahmed Amudeli bir K\u00fcrt. \u00a0\u015eu an Almanya\u2019da ya\u015f\u0131yor. Ahmed PKK\u2019nin Rojava\u2019daki \u00f6rg\u00fct\u00fc PYD\u2019nin faaliyetlerini ele\u015ftiren bir isim. [&hellip;]"}