{"version":"1.0","provider_name":"Darka Mazi","provider_url":"https:\/\/darkamazi.site","title":"\u0130ran istihbarat\u0131 \u0130tlaat taraf\u0131ndan ka\u00e7\u0131r\u0131lan gazetesi Mesud Kurdpur'dan iki aya yak\u0131nd\u0131r haber al\u0131nam\u0131yor - Darka Mazi","type":"rich","width":600,"height":338,"html":"<blockquote class=\"darka-embedded-content\" data-secret=\"67m8Mr7wVv\"><a href=\"https:\/\/darkamazi.site\/archives\/1022042\">\u0130ran istihbarat\u0131 \u0130tlaat taraf\u0131ndan ka\u00e7\u0131r\u0131lan gazetesi Mesud Kurdpur&#8217;dan iki aya yak\u0131nd\u0131r haber al\u0131nam\u0131yor<\/a><\/blockquote><iframe sandbox=\"allow-scripts\" security=\"restricted\" src=\"https:\/\/darkamazi.site\/archives\/1022042\/embed#?secret=67m8Mr7wVv\" width=\"600\" height=\"338\" title=\"&#8220;\u0130ran istihbarat\u0131 \u0130tlaat taraf\u0131ndan ka\u00e7\u0131r\u0131lan gazetesi Mesud Kurdpur&#8217;dan iki aya yak\u0131nd\u0131r haber al\u0131nam\u0131yor&#8221; &#8212; Darka Mazi\" data-secret=\"67m8Mr7wVv\" frameborder=\"0\" marginwidth=\"0\" marginheight=\"0\" scrolling=\"no\" class=\"darka-embedded-content\"><\/iframe><script>\n\/*! This file is auto-generated *\/\n!function(d,l){\"use strict\";l.querySelector&&d.addEventListener&&\"undefined\"!=typeof URL&&(d.wp=d.wp||{},d.wp.receiveEmbedMessage||(d.wp.receiveEmbedMessage=function(e){var t=e.data;if((t||t.secret||t.message||t.value)&&!\/[^a-zA-Z0-9]\/.test(t.secret)){for(var s,r,n,a=l.querySelectorAll('iframe[data-secret=\"'+t.secret+'\"]'),o=l.querySelectorAll('blockquote[data-secret=\"'+t.secret+'\"]'),c=new RegExp(\"^https?:$\",\"i\"),i=0;i<o.length;i++)o[i].style.display=\"none\";for(i=0;i<a.length;i++)s=a[i],e.source===s.contentWindow&&(s.removeAttribute(\"style\"),\"height\"===t.message?(1e3<(r=parseInt(t.value,10))?r=1e3:~~r<200&&(r=200),s.height=r):\"link\"===t.message&&(r=new URL(s.getAttribute(\"src\")),n=new URL(t.value),c.test(n.protocol))&&n.host===r.host&&l.activeElement===s&&(d.top.location.href=t.value))}},d.addEventListener(\"message\",d.wp.receiveEmbedMessage,!1),l.addEventListener(\"DOMContentLoaded\",function(){for(var e,t,s=l.querySelectorAll(\"iframe.darka-embedded-content\"),r=0;r<s.length;r++)(t=(e=s[r]).getAttribute(\"data-secret\"))||(t=Math.random().toString(36).substring(2,12),e.src+=\"#?secret=\"+t,e.setAttribute(\"data-secret\",t)),e.contentWindow.postMessage({message:\"ready\",secret:t},\"*\")},!1)))}(window,document);\n\/\/# sourceURL=https:\/\/darkamazi.site\/other\/js\/wp-embed.min.js\n<\/script>\n","thumbnail_url":"https:\/\/darkamazi.site\/file\/2022\/11\/Mesud-Kurdpur-Darka-Mazi-Urmiye.jpg","thumbnail_width":900,"thumbnail_height":497,"description":"\u0130ran\u2019da g\u00f6zalt\u0131na al\u0131nan K\u00fcrt gazeteci Mesud Kurdpur\u2019dan 50 g\u00fcn\u00fc a\u015fk\u0131nd\u0131r haber al\u0131nam\u0131yor. Bu g\u00fcn medyaya d\u00fc\u015fen bilgilere g\u00f6re bir yak\u0131n\u0131 Mesud Kurdpur a\u00e7l\u0131k grevine ba\u015flad\u0131\u011f\u0131n\u0131 s\u00f6yledi. Fakat \u015fu ana de\u011fin avukatlar\u0131 ve ailesi Kurdpur&#8217;un durumana ili\u015fkin net bir bilgiye ula\u015fa bilmi\u015f de\u011filler. Kurdpur \u0130ran istihbarat\u0131 itlaat&#8217;a ait \u00f6zel g\u00fcvenlikli ve ula\u015f\u0131lamaz cezaevlerinde tutuluyor. burdadaki tutuklular\u0131n [&hellip;]"}