{"version":"1.0","provider_name":"Darka Mazi","provider_url":"https:\/\/darkamazi.site","title":"Duhok Uluslararas\u0131 Film Festivali ilk kez bir m\u00fclteci kamp\u0131nda ger\u00e7ekle\u015ftirilecek - Darka Mazi","type":"rich","width":600,"height":338,"html":"<blockquote class=\"darka-embedded-content\" data-secret=\"7mBQceRvYX\"><a href=\"https:\/\/darkamazi.site\/archives\/1022272\">Duhok Uluslararas\u0131 Film Festivali ilk kez bir m\u00fclteci kamp\u0131nda ger\u00e7ekle\u015ftirilecek<\/a><\/blockquote><iframe sandbox=\"allow-scripts\" security=\"restricted\" src=\"https:\/\/darkamazi.site\/archives\/1022272\/embed#?secret=7mBQceRvYX\" width=\"600\" height=\"338\" title=\"&#8220;Duhok Uluslararas\u0131 Film Festivali ilk kez bir m\u00fclteci kamp\u0131nda ger\u00e7ekle\u015ftirilecek&#8221; &#8212; Darka Mazi\" data-secret=\"7mBQceRvYX\" frameborder=\"0\" marginwidth=\"0\" marginheight=\"0\" scrolling=\"no\" class=\"darka-embedded-content\"><\/iframe><script>\n\/*! This file is auto-generated *\/\n!function(d,l){\"use strict\";l.querySelector&&d.addEventListener&&\"undefined\"!=typeof URL&&(d.wp=d.wp||{},d.wp.receiveEmbedMessage||(d.wp.receiveEmbedMessage=function(e){var t=e.data;if((t||t.secret||t.message||t.value)&&!\/[^a-zA-Z0-9]\/.test(t.secret)){for(var s,r,n,a=l.querySelectorAll('iframe[data-secret=\"'+t.secret+'\"]'),o=l.querySelectorAll('blockquote[data-secret=\"'+t.secret+'\"]'),c=new RegExp(\"^https?:$\",\"i\"),i=0;i<o.length;i++)o[i].style.display=\"none\";for(i=0;i<a.length;i++)s=a[i],e.source===s.contentWindow&&(s.removeAttribute(\"style\"),\"height\"===t.message?(1e3<(r=parseInt(t.value,10))?r=1e3:~~r<200&&(r=200),s.height=r):\"link\"===t.message&&(r=new URL(s.getAttribute(\"src\")),n=new URL(t.value),c.test(n.protocol))&&n.host===r.host&&l.activeElement===s&&(d.top.location.href=t.value))}},d.addEventListener(\"message\",d.wp.receiveEmbedMessage,!1),l.addEventListener(\"DOMContentLoaded\",function(){for(var e,t,s=l.querySelectorAll(\"iframe.darka-embedded-content\"),r=0;r<s.length;r++)(t=(e=s[r]).getAttribute(\"data-secret\"))||(t=Math.random().toString(36).substring(2,12),e.src+=\"#?secret=\"+t,e.setAttribute(\"data-secret\",t)),e.contentWindow.postMessage({message:\"ready\",secret:t},\"*\")},!1)))}(window,document);\n\/\/# sourceURL=https:\/\/darkamazi.site\/other\/js\/wp-embed.min.js\n<\/script>\n","thumbnail_url":"https:\/\/darkamazi.site\/file\/2022\/11\/72e6187b0440b1bca98204cd77622f56_L.jpg","thumbnail_width":710,"thumbnail_height":360,"description":"Duhok Uluslararas\u0131 9\u2019uncu Film Festivali ilk kez Rojava K\u00fcrdistan\u0131 m\u00fcltecilerinin kald\u0131\u011f\u0131 bir kampta ger\u00e7ekle\u015ftirilecek. Duhok Uluslararas\u0131 9\u2019uncu Film Festivali Organizat\u00f6r\u00fc Hesen Ar\u00eef konuyla ilgili \u00a0Basnews\u2019e yapt\u0131\u011f\u0131 a\u00e7\u0131klamada \u015funlar\u0131 s\u00f6yledi: \u201cFestivalde K\u00fcrt ve yabanc\u0131 100\u2019den fazla film g\u00f6sterilecek. Bu festivalde g\u00f6sterilecek filmlerin b\u00fcy\u00fck \u00e7o\u011funlu\u011fu m\u00fcltecilik \u00fczerine ve bu nedenle bir b\u00f6l\u00fcm\u00fc m\u00fcltecilerin ya\u015fad\u0131\u011f\u0131 kampta g\u00f6sterilecek.\u201d Hesen [&hellip;]"}