{"version":"1.0","provider_name":"Darka Mazi","provider_url":"https:\/\/darkamazi.site","title":"Almanya Parlamentosu, Ezidi Soyk\u0131r\u0131m\u0131 g\u00fcndemiyle 26 Ocak\u2019ta toplanacak - Darka Mazi","type":"rich","width":600,"height":338,"html":"<blockquote class=\"darka-embedded-content\" data-secret=\"nxq6GcLzZu\"><a href=\"https:\/\/darkamazi.site\/archives\/1022784\">Almanya Parlamentosu, Ezidi Soyk\u0131r\u0131m\u0131 g\u00fcndemiyle 26 Ocak\u2019ta toplanacak<\/a><\/blockquote><iframe sandbox=\"allow-scripts\" security=\"restricted\" src=\"https:\/\/darkamazi.site\/archives\/1022784\/embed#?secret=nxq6GcLzZu\" width=\"600\" height=\"338\" title=\"&#8220;Almanya Parlamentosu, Ezidi Soyk\u0131r\u0131m\u0131 g\u00fcndemiyle 26 Ocak\u2019ta toplanacak&#8221; &#8212; Darka Mazi\" data-secret=\"nxq6GcLzZu\" frameborder=\"0\" marginwidth=\"0\" marginheight=\"0\" scrolling=\"no\" class=\"darka-embedded-content\"><\/iframe><script>\n\/*! This file is auto-generated *\/\n!function(d,l){\"use strict\";l.querySelector&&d.addEventListener&&\"undefined\"!=typeof URL&&(d.wp=d.wp||{},d.wp.receiveEmbedMessage||(d.wp.receiveEmbedMessage=function(e){var t=e.data;if((t||t.secret||t.message||t.value)&&!\/[^a-zA-Z0-9]\/.test(t.secret)){for(var s,r,n,a=l.querySelectorAll('iframe[data-secret=\"'+t.secret+'\"]'),o=l.querySelectorAll('blockquote[data-secret=\"'+t.secret+'\"]'),c=new RegExp(\"^https?:$\",\"i\"),i=0;i<o.length;i++)o[i].style.display=\"none\";for(i=0;i<a.length;i++)s=a[i],e.source===s.contentWindow&&(s.removeAttribute(\"style\"),\"height\"===t.message?(1e3<(r=parseInt(t.value,10))?r=1e3:~~r<200&&(r=200),s.height=r):\"link\"===t.message&&(r=new URL(s.getAttribute(\"src\")),n=new URL(t.value),c.test(n.protocol))&&n.host===r.host&&l.activeElement===s&&(d.top.location.href=t.value))}},d.addEventListener(\"message\",d.wp.receiveEmbedMessage,!1),l.addEventListener(\"DOMContentLoaded\",function(){for(var e,t,s=l.querySelectorAll(\"iframe.darka-embedded-content\"),r=0;r<s.length;r++)(t=(e=s[r]).getAttribute(\"data-secret\"))||(t=Math.random().toString(36).substring(2,12),e.src+=\"#?secret=\"+t,e.setAttribute(\"data-secret\",t)),e.contentWindow.postMessage({message:\"ready\",secret:t},\"*\")},!1)))}(window,document);\n\/\/# sourceURL=https:\/\/darkamazi.site\/other\/js\/wp-embed.min.js\n<\/script>\n","thumbnail_url":"https:\/\/darkamazi.site\/file\/2023\/01\/Almanya-parlamentosu-Ezidi.jpg","thumbnail_width":900,"thumbnail_height":497,"description":"\u00a0Almanya Parlamentosu\u2019nun 3 A\u011fustos 2014\u2019te I\u015e\u0130D\u2019in Ezidilere y\u00f6nelik ger\u00e7ekle\u015ftirdi\u011fi soyk\u0131r\u0131m\u0131n tan\u0131nmas\u0131n\u0131 oylamak i\u00e7in ge\u00e7ti\u011fimiz 17 Ocak&#8217;ta d\u00fczenlemesini planlad\u0131\u011f\u0131 oturum, 26 Ocak\u2019a ertelendi. K24\u2019\u00fcn haberine g\u00f6re;\u00a0oturuma kat\u0131lacak olan bir Almanya Parlamentosu \u00dcyesi, \u201cBu ay sonunda yap\u0131lacak oturumda Ezidilere y\u00f6nelik soyk\u0131r\u0131ma ili\u015fkin t\u00fcm deliller ve istatistikler haz\u0131rland\u0131\u201d dedi. S\u00f6z konusu kaynak, Ezidilere y\u00f6nelik katliam\u0131n soyk\u0131r\u0131m olarak tan\u0131nmas\u0131n\u0131n [&hellip;]"}