{"version":"1.0","provider_name":"Darka Mazi","provider_url":"https:\/\/darkamazi.site","title":"Mustafa Karasu\u2019dan sonra Cemil Bay\u0131k\u2019ta ayn\u0131 a\u00e7\u0131klamay\u0131 yapt\u0131: \u201cSuriye Rejimi bug\u00fcn ayaktaysa m\u00fccadelemiz sayesindedir\u201d - Darka Mazi","type":"rich","width":600,"height":338,"html":"<blockquote class=\"darka-embedded-content\" data-secret=\"s1SjN3X0QQ\"><a href=\"https:\/\/darkamazi.site\/archives\/1023002\">Mustafa Karasu\u2019dan sonra Cemil Bay\u0131k\u2019ta ayn\u0131 a\u00e7\u0131klamay\u0131 yapt\u0131: \u201cSuriye Rejimi bug\u00fcn ayaktaysa m\u00fccadelemiz sayesindedir\u201d<\/a><\/blockquote><iframe sandbox=\"allow-scripts\" security=\"restricted\" src=\"https:\/\/darkamazi.site\/archives\/1023002\/embed#?secret=s1SjN3X0QQ\" width=\"600\" height=\"338\" title=\"&#8220;Mustafa Karasu\u2019dan sonra Cemil Bay\u0131k\u2019ta ayn\u0131 a\u00e7\u0131klamay\u0131 yapt\u0131: \u201cSuriye Rejimi bug\u00fcn ayaktaysa m\u00fccadelemiz sayesindedir\u201d&#8221; &#8212; Darka Mazi\" data-secret=\"s1SjN3X0QQ\" frameborder=\"0\" marginwidth=\"0\" marginheight=\"0\" scrolling=\"no\" class=\"darka-embedded-content\"><\/iframe><script>\n\/*! This file is auto-generated *\/\n!function(d,l){\"use strict\";l.querySelector&&d.addEventListener&&\"undefined\"!=typeof URL&&(d.wp=d.wp||{},d.wp.receiveEmbedMessage||(d.wp.receiveEmbedMessage=function(e){var t=e.data;if((t||t.secret||t.message||t.value)&&!\/[^a-zA-Z0-9]\/.test(t.secret)){for(var s,r,n,a=l.querySelectorAll('iframe[data-secret=\"'+t.secret+'\"]'),o=l.querySelectorAll('blockquote[data-secret=\"'+t.secret+'\"]'),c=new RegExp(\"^https?:$\",\"i\"),i=0;i<o.length;i++)o[i].style.display=\"none\";for(i=0;i<a.length;i++)s=a[i],e.source===s.contentWindow&&(s.removeAttribute(\"style\"),\"height\"===t.message?(1e3<(r=parseInt(t.value,10))?r=1e3:~~r<200&&(r=200),s.height=r):\"link\"===t.message&&(r=new URL(s.getAttribute(\"src\")),n=new URL(t.value),c.test(n.protocol))&&n.host===r.host&&l.activeElement===s&&(d.top.location.href=t.value))}},d.addEventListener(\"message\",d.wp.receiveEmbedMessage,!1),l.addEventListener(\"DOMContentLoaded\",function(){for(var e,t,s=l.querySelectorAll(\"iframe.darka-embedded-content\"),r=0;r<s.length;r++)(t=(e=s[r]).getAttribute(\"data-secret\"))||(t=Math.random().toString(36).substring(2,12),e.src+=\"#?secret=\"+t,e.setAttribute(\"data-secret\",t)),e.contentWindow.postMessage({message:\"ready\",secret:t},\"*\")},!1)))}(window,document);\n\/\/# sourceURL=https:\/\/darkamazi.site\/other\/js\/wp-embed.min.js\n<\/script>\n","thumbnail_url":"https:\/\/darkamazi.site\/file\/2023\/01\/karasu-baik.jpg","thumbnail_width":900,"thumbnail_height":500,"description":"Cemil Bay\u0131k\u2019\u0131n a\u00e7\u0131klamas\u0131 ne anlama geliyor? PKK y\u00f6neticileri Suriye ve T\u00fcrkiye aras\u0131ndaki g\u00f6r\u00fc\u015fme ve ili\u015fki tart\u0131\u015fmalar\u0131 ba\u015flad\u0131\u011f\u0131ndan bu yanad\u0131r s\u0131ra ile a\u00e7\u0131klama yaparak Suriye rejimini ayakta tuttuklar\u0131n\u0131 s\u00f6yl\u00fcyorlar. En son olarak Mustafa Karasu PKK yay\u0131n organlar\u0131ndan Medya Haber\u2019de kat\u0131larak \u201cSuriye Rejimini biz ayakta tutuyoruz\u201d demi\u015fti. \u0130lgili yaz\u0131ya ula\u015fmak i\u00e7in: https:\/\/darkamazi.site\/archives\/1022860 D\u00fcn ise Cemil Bay\u0131k Sterk [&hellip;]"}