{"version":"1.0","provider_name":"Darka Mazi","provider_url":"https:\/\/darkamazi.site","title":"Pe\u015fmerge'nin I\u015e\u0130D'e kar\u015f\u0131 m\u00fccadelesinde en b\u00fcy\u00fck destek\u00e7ilerden biri Fransa oldu - Darka Mazi","type":"rich","width":600,"height":338,"html":"<blockquote class=\"darka-embedded-content\" data-secret=\"gZ3efybVWP\"><a href=\"https:\/\/darkamazi.site\/archives\/1023402\">Pe\u015fmerge&#8217;nin I\u015e\u0130D&#8217;e kar\u015f\u0131 m\u00fccadelesinde en b\u00fcy\u00fck destek\u00e7ilerden biri Fransa oldu<\/a><\/blockquote><iframe sandbox=\"allow-scripts\" security=\"restricted\" src=\"https:\/\/darkamazi.site\/archives\/1023402\/embed#?secret=gZ3efybVWP\" width=\"600\" height=\"338\" title=\"&#8220;Pe\u015fmerge&#8217;nin I\u015e\u0130D&#8217;e kar\u015f\u0131 m\u00fccadelesinde en b\u00fcy\u00fck destek\u00e7ilerden biri Fransa oldu&#8221; &#8212; Darka Mazi\" data-secret=\"gZ3efybVWP\" frameborder=\"0\" marginwidth=\"0\" marginheight=\"0\" scrolling=\"no\" class=\"darka-embedded-content\"><\/iframe><script>\n\/*! This file is auto-generated *\/\n!function(d,l){\"use strict\";l.querySelector&&d.addEventListener&&\"undefined\"!=typeof URL&&(d.wp=d.wp||{},d.wp.receiveEmbedMessage||(d.wp.receiveEmbedMessage=function(e){var t=e.data;if((t||t.secret||t.message||t.value)&&!\/[^a-zA-Z0-9]\/.test(t.secret)){for(var s,r,n,a=l.querySelectorAll('iframe[data-secret=\"'+t.secret+'\"]'),o=l.querySelectorAll('blockquote[data-secret=\"'+t.secret+'\"]'),c=new RegExp(\"^https?:$\",\"i\"),i=0;i<o.length;i++)o[i].style.display=\"none\";for(i=0;i<a.length;i++)s=a[i],e.source===s.contentWindow&&(s.removeAttribute(\"style\"),\"height\"===t.message?(1e3<(r=parseInt(t.value,10))?r=1e3:~~r<200&&(r=200),s.height=r):\"link\"===t.message&&(r=new URL(s.getAttribute(\"src\")),n=new URL(t.value),c.test(n.protocol))&&n.host===r.host&&l.activeElement===s&&(d.top.location.href=t.value))}},d.addEventListener(\"message\",d.wp.receiveEmbedMessage,!1),l.addEventListener(\"DOMContentLoaded\",function(){for(var e,t,s=l.querySelectorAll(\"iframe.darka-embedded-content\"),r=0;r<s.length;r++)(t=(e=s[r]).getAttribute(\"data-secret\"))||(t=Math.random().toString(36).substring(2,12),e.src+=\"#?secret=\"+t,e.setAttribute(\"data-secret\",t)),e.contentWindow.postMessage({message:\"ready\",secret:t},\"*\")},!1)))}(window,document);\n\/\/# sourceURL=https:\/\/darkamazi.site\/other\/js\/wp-embed.min.js\n<\/script>\n","thumbnail_url":"https:\/\/darkamazi.site\/file\/2023\/02\/Pesmerge3.jpg","thumbnail_width":1024,"thumbnail_height":675,"description":"I\u015e\u0130D&#8217;in ortaya \u00e7\u0131k\u0131\u015f\u0131ndan bu yana en \u00e7ok zarar g\u00f6ren Avrupa \u00fclkelerinden biri olan Fransa, I\u015e\u0130D&#8217;e kar\u015f\u0131 m\u00fccadelede K\u00fcrdistan B\u00f6lgesi&#8217;ne bir\u00e7ok a\u00e7\u0131dan yard\u0131m sa\u011flad\u0131. K\u00fcrdistan B\u00f6lgesi g\u00fcvenlik g\u00fc\u00e7leri, s\u00fcrekli olarak I\u015e\u0130D ard\u0131llar\u0131yla m\u00fccadele etmeye devam ediyor. Co\u011frafik a\u00e7\u0131dan birbirine uzak olan Paris ve Erbil aras\u0131nda s\u0131cak ve k\u00f6kl\u00fc bir ili\u015fkinin varl\u0131\u011f\u0131n\u0131n yan\u0131 s\u0131ra ter\u00f6rle m\u00fccadelede ciddi [&hellip;]"}