{"version":"1.0","provider_name":"Darka Mazi","provider_url":"https:\/\/darkamazi.site","title":"Binlerce K\u00fcrt, Ahvaz, Beluci ve Fars Br\u00fcksel\u2019de topland\u0131: Devrim Muhaf\u0131zlar\u0131 Ordusu ter\u00f6r listesine al\u0131ns\u0131n - Darka Mazi","type":"rich","width":600,"height":338,"html":"<blockquote class=\"darka-embedded-content\" data-secret=\"6UjEHKJSqD\"><a href=\"https:\/\/darkamazi.site\/archives\/1023487\">Binlerce K\u00fcrt, Ahvaz, Beluci ve Fars Br\u00fcksel\u2019de topland\u0131: Devrim Muhaf\u0131zlar\u0131 Ordusu ter\u00f6r listesine al\u0131ns\u0131n<\/a><\/blockquote><iframe sandbox=\"allow-scripts\" security=\"restricted\" src=\"https:\/\/darkamazi.site\/archives\/1023487\/embed#?secret=6UjEHKJSqD\" width=\"600\" height=\"338\" title=\"&#8220;Binlerce K\u00fcrt, Ahvaz, Beluci ve Fars Br\u00fcksel\u2019de topland\u0131: Devrim Muhaf\u0131zlar\u0131 Ordusu ter\u00f6r listesine al\u0131ns\u0131n&#8221; &#8212; Darka Mazi\" data-secret=\"6UjEHKJSqD\" frameborder=\"0\" marginwidth=\"0\" marginheight=\"0\" scrolling=\"no\" class=\"darka-embedded-content\"><\/iframe><script>\n\/*! This file is auto-generated *\/\n!function(d,l){\"use strict\";l.querySelector&&d.addEventListener&&\"undefined\"!=typeof URL&&(d.wp=d.wp||{},d.wp.receiveEmbedMessage||(d.wp.receiveEmbedMessage=function(e){var t=e.data;if((t||t.secret||t.message||t.value)&&!\/[^a-zA-Z0-9]\/.test(t.secret)){for(var s,r,n,a=l.querySelectorAll('iframe[data-secret=\"'+t.secret+'\"]'),o=l.querySelectorAll('blockquote[data-secret=\"'+t.secret+'\"]'),c=new RegExp(\"^https?:$\",\"i\"),i=0;i<o.length;i++)o[i].style.display=\"none\";for(i=0;i<a.length;i++)s=a[i],e.source===s.contentWindow&&(s.removeAttribute(\"style\"),\"height\"===t.message?(1e3<(r=parseInt(t.value,10))?r=1e3:~~r<200&&(r=200),s.height=r):\"link\"===t.message&&(r=new URL(s.getAttribute(\"src\")),n=new URL(t.value),c.test(n.protocol))&&n.host===r.host&&l.activeElement===s&&(d.top.location.href=t.value))}},d.addEventListener(\"message\",d.wp.receiveEmbedMessage,!1),l.addEventListener(\"DOMContentLoaded\",function(){for(var e,t,s=l.querySelectorAll(\"iframe.darka-embedded-content\"),r=0;r<s.length;r++)(t=(e=s[r]).getAttribute(\"data-secret\"))||(t=Math.random().toString(36).substring(2,12),e.src+=\"#?secret=\"+t,e.setAttribute(\"data-secret\",t)),e.contentWindow.postMessage({message:\"ready\",secret:t},\"*\")},!1)))}(window,document);\n\/\/# sourceURL=https:\/\/darkamazi.site\/other\/js\/wp-embed.min.js\n<\/script>\n","thumbnail_url":"https:\/\/darkamazi.site\/file\/2023\/02\/FpbVg4NWABU-S6b.jpeg","thumbnail_width":900,"thumbnail_height":497,"description":"Do\u011fu K\u00fcrdistanl\u0131lar ve \u0130ran\u2019da ya\u015fayan di\u011fer halklar d\u00fcn Br\u00fcksel\u2019de Avrupa Konseyi \u00f6n\u00fcnde b\u00fcy\u00fck bir eylem yapt\u0131. \u0130ran devletinin s\u00f6m\u00fcrd\u00fc\u011f\u00fc halklar \u00fczerindeki zulm\u00fcn\u00fc protesto i\u00e7in Avrupa\u2019da her ge\u00e7en g\u00fcn destek b\u00fcy\u00fcyor. D\u00fcn Br\u00fcksel\u2019de toplanan binlerce ki\u015fi \u0130ran Devrim Muhaf\u0131zlar\u0131 Ordusu\u2019nun ter\u00f6r listesine al\u0131nmas\u0131n\u0131 talep etti. Toplanan b\u00fcy\u00fck kalabal\u0131k \u0130ran ve K\u00fcrdistan bayraklar\u0131n\u0131 ta\u015f\u0131d\u0131. Ayr\u0131ca \u201ctek \u00e7\u00f6z\u00fcm [&hellip;]"}