{"version":"1.0","provider_name":"Darka Mazi","provider_url":"https:\/\/darkamazi.site","title":"Cemil Bay\u0131k\u2019tan HDP\u2019nin paradigmas\u0131n\u0131 ele\u015ftirenlere yan\u0131t: Bo\u015f konu\u015fuyorlar - Darka Mazi","type":"rich","width":600,"height":338,"html":"<blockquote class=\"darka-embedded-content\" data-secret=\"iwXkebo07d\"><a href=\"https:\/\/darkamazi.site\/archives\/1025549\">Cemil Bay\u0131k\u2019tan HDP\u2019nin paradigmas\u0131n\u0131 ele\u015ftirenlere yan\u0131t: Bo\u015f konu\u015fuyorlar<\/a><\/blockquote><iframe sandbox=\"allow-scripts\" security=\"restricted\" src=\"https:\/\/darkamazi.site\/archives\/1025549\/embed#?secret=iwXkebo07d\" width=\"600\" height=\"338\" title=\"&#8220;Cemil Bay\u0131k\u2019tan HDP\u2019nin paradigmas\u0131n\u0131 ele\u015ftirenlere yan\u0131t: Bo\u015f konu\u015fuyorlar&#8221; &#8212; Darka Mazi\" data-secret=\"iwXkebo07d\" frameborder=\"0\" marginwidth=\"0\" marginheight=\"0\" scrolling=\"no\" class=\"darka-embedded-content\"><\/iframe><script>\n\/*! This file is auto-generated *\/\n!function(d,l){\"use strict\";l.querySelector&&d.addEventListener&&\"undefined\"!=typeof URL&&(d.wp=d.wp||{},d.wp.receiveEmbedMessage||(d.wp.receiveEmbedMessage=function(e){var t=e.data;if((t||t.secret||t.message||t.value)&&!\/[^a-zA-Z0-9]\/.test(t.secret)){for(var s,r,n,a=l.querySelectorAll('iframe[data-secret=\"'+t.secret+'\"]'),o=l.querySelectorAll('blockquote[data-secret=\"'+t.secret+'\"]'),c=new RegExp(\"^https?:$\",\"i\"),i=0;i<o.length;i++)o[i].style.display=\"none\";for(i=0;i<a.length;i++)s=a[i],e.source===s.contentWindow&&(s.removeAttribute(\"style\"),\"height\"===t.message?(1e3<(r=parseInt(t.value,10))?r=1e3:~~r<200&&(r=200),s.height=r):\"link\"===t.message&&(r=new URL(s.getAttribute(\"src\")),n=new URL(t.value),c.test(n.protocol))&&n.host===r.host&&l.activeElement===s&&(d.top.location.href=t.value))}},d.addEventListener(\"message\",d.wp.receiveEmbedMessage,!1),l.addEventListener(\"DOMContentLoaded\",function(){for(var e,t,s=l.querySelectorAll(\"iframe.darka-embedded-content\"),r=0;r<s.length;r++)(t=(e=s[r]).getAttribute(\"data-secret\"))||(t=Math.random().toString(36).substring(2,12),e.src+=\"#?secret=\"+t,e.setAttribute(\"data-secret\",t)),e.contentWindow.postMessage({message:\"ready\",secret:t},\"*\")},!1)))}(window,document);\n\/\/# sourceURL=https:\/\/darkamazi.site\/other\/js\/wp-embed.min.js\n<\/script>\n","thumbnail_url":"https:\/\/darkamazi.site\/file\/2023\/06\/Cemi-Bayik-diyalog.jpg","thumbnail_width":900,"thumbnail_height":507,"description":"KCK Y\u00fcr\u00fctme Konseyi E\u015f Ba\u015fkan\u0131 Cemil Bay\u0131k PKK\u2019nin Avrupa\u2019da yay\u0131n yapan televizyonu Sterk\u2019e kat\u0131ld\u0131. Bay\u0131k konu\u015fmas\u0131nda PKK\u2019nin d\u00f6nem siyasetini a\u00e7\u0131klayan de\u011ferlendirmeler yapt\u0131. Konu\u015fmas\u0131nda \u00f6zellikle \u00d6calan\u2019\u0131n paradigmas\u0131, Suriye siyaseti gibi konularda da yorumlar yapt\u0131. Bay\u0131k ayr\u0131ca K\u00fcrdistan B\u00f6lgesel y\u00f6netimi Ba\u015fbakan\u0131 Mesrur Barzani\u2019nin T\u00fcrkiye ziyaretini de de\u011ferlendirdi. Bay\u0131k: \u00d6nder Apo\u2019nun projesine sald\u0131r\u0131 var Cemil Bay\u0131k se\u00e7im s\u00fcreci [&hellip;]"}