{"version":"1.0","provider_name":"Darka Mazi","provider_url":"https:\/\/darkamazi.site","title":"Ezidi K\u00fcrtlere y\u00f6nelik soyk\u0131r\u0131m\u0131n tan\u0131nmas\u0131 i\u00e7in \u0130svi\u00e7re Parlamentosu'na teklif sunulacak - Darka Mazi","type":"rich","width":600,"height":338,"html":"<blockquote class=\"darka-embedded-content\" data-secret=\"5qgJzO4fZs\"><a href=\"https:\/\/darkamazi.site\/archives\/1025606\">Ezidi K\u00fcrtlere y\u00f6nelik soyk\u0131r\u0131m\u0131n tan\u0131nmas\u0131 i\u00e7in \u0130svi\u00e7re Parlamentosu&#8217;na teklif sunulacak<\/a><\/blockquote><iframe sandbox=\"allow-scripts\" security=\"restricted\" src=\"https:\/\/darkamazi.site\/archives\/1025606\/embed#?secret=5qgJzO4fZs\" width=\"600\" height=\"338\" title=\"&#8220;Ezidi K\u00fcrtlere y\u00f6nelik soyk\u0131r\u0131m\u0131n tan\u0131nmas\u0131 i\u00e7in \u0130svi\u00e7re Parlamentosu&#8217;na teklif sunulacak&#8221; &#8212; Darka Mazi\" data-secret=\"5qgJzO4fZs\" frameborder=\"0\" marginwidth=\"0\" marginheight=\"0\" scrolling=\"no\" class=\"darka-embedded-content\"><\/iframe><script>\n\/*! This file is auto-generated *\/\n!function(d,l){\"use strict\";l.querySelector&&d.addEventListener&&\"undefined\"!=typeof URL&&(d.wp=d.wp||{},d.wp.receiveEmbedMessage||(d.wp.receiveEmbedMessage=function(e){var t=e.data;if((t||t.secret||t.message||t.value)&&!\/[^a-zA-Z0-9]\/.test(t.secret)){for(var s,r,n,a=l.querySelectorAll('iframe[data-secret=\"'+t.secret+'\"]'),o=l.querySelectorAll('blockquote[data-secret=\"'+t.secret+'\"]'),c=new RegExp(\"^https?:$\",\"i\"),i=0;i<o.length;i++)o[i].style.display=\"none\";for(i=0;i<a.length;i++)s=a[i],e.source===s.contentWindow&&(s.removeAttribute(\"style\"),\"height\"===t.message?(1e3<(r=parseInt(t.value,10))?r=1e3:~~r<200&&(r=200),s.height=r):\"link\"===t.message&&(r=new URL(s.getAttribute(\"src\")),n=new URL(t.value),c.test(n.protocol))&&n.host===r.host&&l.activeElement===s&&(d.top.location.href=t.value))}},d.addEventListener(\"message\",d.wp.receiveEmbedMessage,!1),l.addEventListener(\"DOMContentLoaded\",function(){for(var e,t,s=l.querySelectorAll(\"iframe.darka-embedded-content\"),r=0;r<s.length;r++)(t=(e=s[r]).getAttribute(\"data-secret\"))||(t=Math.random().toString(36).substring(2,12),e.src+=\"#?secret=\"+t,e.setAttribute(\"data-secret\",t)),e.contentWindow.postMessage({message:\"ready\",secret:t},\"*\")},!1)))}(window,document);\n\/\/# sourceURL=https:\/\/darkamazi.site\/other\/js\/wp-embed.min.js\n<\/script>\n","thumbnail_url":"https:\/\/darkamazi.site\/file\/2023\/07\/16888052375454654.png","thumbnail_width":781,"thumbnail_height":439,"description":"Ezidi K\u00fcrtlere y\u00f6nelik soyk\u0131r\u0131m\u0131n tan\u0131nmas\u0131 i\u00e7in 80 bin ki\u015finin imzalad\u0131\u011f\u0131 metin \u0130svi\u00e7re Parlamentosu&#8217;na sunulacak. Uluslararas\u0131 Ezidi Soyk\u0131r\u0131m\u0131 \u00d6nleme Kurulu\u015fu Sorumlusu Heso Hurmi K24\u2019e konu\u015ftu. Heso Hurmi, Ezidi K\u00fcrtlere y\u00f6nelik soyk\u0131r\u0131m\u0131n tan\u0131nmas\u0131 i\u00e7in baz\u0131 aktivistlerin yapt\u0131klar\u0131 online kampanyaya 80 bin ki\u015finin imza att\u0131\u011f\u0131n\u0131 s\u00f6yledi. \u0130mzalar\u0131n \u0130svi\u00e7re Parlamentosu\u2019na sunulaca\u011f\u0131n\u0131 dile getiren Hurmi, siyasi partilerin destek vermesi gerekti\u011fini [&hellip;]"}