{"version":"1.0","provider_name":"Darka Mazi","provider_url":"https:\/\/darkamazi.site","title":"PKK\u2019nin Tu\u011fgeneral Muhammed Mirza\u2019y\u0131 hedeflemesi genelde Zaxo halk\u0131na \u00f6zelde Sindilere d\u00f6n\u00fck bir sald\u0131r\u0131d\u0131r - Darka Mazi","type":"rich","width":600,"height":338,"html":"<blockquote class=\"darka-embedded-content\" data-secret=\"EJxAMeZ6Jq\"><a href=\"https:\/\/darkamazi.site\/archives\/1025896\">PKK\u2019nin Tu\u011fgeneral Muhammed Mirza\u2019y\u0131 hedeflemesi genelde Zaxo halk\u0131na \u00f6zelde Sindilere d\u00f6n\u00fck bir sald\u0131r\u0131d\u0131r<\/a><\/blockquote><iframe sandbox=\"allow-scripts\" security=\"restricted\" src=\"https:\/\/darkamazi.site\/archives\/1025896\/embed#?secret=EJxAMeZ6Jq\" width=\"600\" height=\"338\" title=\"&#8220;PKK\u2019nin Tu\u011fgeneral Muhammed Mirza\u2019y\u0131 hedeflemesi genelde Zaxo halk\u0131na \u00f6zelde Sindilere d\u00f6n\u00fck bir sald\u0131r\u0131d\u0131r&#8221; &#8212; Darka Mazi\" data-secret=\"EJxAMeZ6Jq\" frameborder=\"0\" marginwidth=\"0\" marginheight=\"0\" scrolling=\"no\" class=\"darka-embedded-content\"><\/iframe><script>\n\/*! This file is auto-generated *\/\n!function(d,l){\"use strict\";l.querySelector&&d.addEventListener&&\"undefined\"!=typeof URL&&(d.wp=d.wp||{},d.wp.receiveEmbedMessage||(d.wp.receiveEmbedMessage=function(e){var t=e.data;if((t||t.secret||t.message||t.value)&&!\/[^a-zA-Z0-9]\/.test(t.secret)){for(var s,r,n,a=l.querySelectorAll('iframe[data-secret=\"'+t.secret+'\"]'),o=l.querySelectorAll('blockquote[data-secret=\"'+t.secret+'\"]'),c=new RegExp(\"^https?:$\",\"i\"),i=0;i<o.length;i++)o[i].style.display=\"none\";for(i=0;i<a.length;i++)s=a[i],e.source===s.contentWindow&&(s.removeAttribute(\"style\"),\"height\"===t.message?(1e3<(r=parseInt(t.value,10))?r=1e3:~~r<200&&(r=200),s.height=r):\"link\"===t.message&&(r=new URL(s.getAttribute(\"src\")),n=new URL(t.value),c.test(n.protocol))&&n.host===r.host&&l.activeElement===s&&(d.top.location.href=t.value))}},d.addEventListener(\"message\",d.wp.receiveEmbedMessage,!1),l.addEventListener(\"DOMContentLoaded\",function(){for(var e,t,s=l.querySelectorAll(\"iframe.darka-embedded-content\"),r=0;r<s.length;r++)(t=(e=s[r]).getAttribute(\"data-secret\"))||(t=Math.random().toString(36).substring(2,12),e.src+=\"#?secret=\"+t,e.setAttribute(\"data-secret\",t)),e.contentWindow.postMessage({message:\"ready\",secret:t},\"*\")},!1)))}(window,document);\n\/\/# sourceURL=https:\/\/darkamazi.site\/other\/js\/wp-embed.min.js\n<\/script>\n","thumbnail_url":"https:\/\/darkamazi.site\/file\/2023\/07\/mohemed-mirza.jpg","thumbnail_width":900,"thumbnail_height":497,"description":"23 Temmuz g\u00fcn\u00fc Zaxo\u2019nun en i\u015flek caddesinde arabas\u0131na konulan bomban\u0131n uzaktan kumanda ile patlat\u0131lmas\u0131 sonucu Tu\u011fgeneral Muhammed Mirza Sofi \u015fehit d\u00fc\u015ft\u00fc. \u00a0K\u00fcrdistan B\u00f6lge Asayi\u015fi sald\u0131r\u0131y\u0131 PKK\u2019nin yapt\u0131\u011f\u0131na dair ku\u015fku b\u0131rakmayacak belgeler yay\u0131nlad\u0131. Darka Mazi\u2019de 9 Temmuz\u2019da PKK\u2019nin K\u00fcrdistan B\u00f6lgesine kar\u015f\u0131 yeni bir sald\u0131r\u0131 hamlesi ba\u015flatt\u0131\u011f\u0131n\u0131 duyurmu\u015ftu PKK, sald\u0131r\u0131lar\u0131 K\u00fcrt kar\u015f\u0131t\u0131 cephenin konsepti dahilinde yap\u0131yor PKK [&hellip;]"}