{"version":"1.0","provider_name":"Darka Mazi","provider_url":"https:\/\/darkamazi.site","title":"K\u00fcrdistan B\u00f6lgesi G\u00fcvenlik Konseyi: Erbil patlamas\u0131n\u0131 PKK'nin Tevgere Azadi \u00f6rg\u00fct\u00fcne \u00fcye Ziyad Celil Xalef yapt\u0131 - Darka Mazi","type":"rich","width":600,"height":338,"html":"<blockquote class=\"darka-embedded-content\" data-secret=\"zwbBx6x0qo\"><a href=\"https:\/\/darkamazi.site\/archives\/1026569\">K\u00fcrdistan B\u00f6lgesi G\u00fcvenlik Konseyi: Erbil patlamas\u0131n\u0131 PKK&#8217;nin Tevgere Azadi \u00f6rg\u00fct\u00fcne \u00fcye Ziyad Celil Xalef yapt\u0131<\/a><\/blockquote><iframe sandbox=\"allow-scripts\" security=\"restricted\" src=\"https:\/\/darkamazi.site\/archives\/1026569\/embed#?secret=zwbBx6x0qo\" width=\"600\" height=\"338\" title=\"&#8220;K\u00fcrdistan B\u00f6lgesi G\u00fcvenlik Konseyi: Erbil patlamas\u0131n\u0131 PKK&#8217;nin Tevgere Azadi \u00f6rg\u00fct\u00fcne \u00fcye Ziyad Celil Xalef yapt\u0131&#8221; &#8212; Darka Mazi\" data-secret=\"zwbBx6x0qo\" frameborder=\"0\" marginwidth=\"0\" marginheight=\"0\" scrolling=\"no\" class=\"darka-embedded-content\"><\/iframe><script>\n\/*! This file is auto-generated *\/\n!function(d,l){\"use strict\";l.querySelector&&d.addEventListener&&\"undefined\"!=typeof URL&&(d.wp=d.wp||{},d.wp.receiveEmbedMessage||(d.wp.receiveEmbedMessage=function(e){var t=e.data;if((t||t.secret||t.message||t.value)&&!\/[^a-zA-Z0-9]\/.test(t.secret)){for(var s,r,n,a=l.querySelectorAll('iframe[data-secret=\"'+t.secret+'\"]'),o=l.querySelectorAll('blockquote[data-secret=\"'+t.secret+'\"]'),c=new RegExp(\"^https?:$\",\"i\"),i=0;i<o.length;i++)o[i].style.display=\"none\";for(i=0;i<a.length;i++)s=a[i],e.source===s.contentWindow&&(s.removeAttribute(\"style\"),\"height\"===t.message?(1e3<(r=parseInt(t.value,10))?r=1e3:~~r<200&&(r=200),s.height=r):\"link\"===t.message&&(r=new URL(s.getAttribute(\"src\")),n=new URL(t.value),c.test(n.protocol))&&n.host===r.host&&l.activeElement===s&&(d.top.location.href=t.value))}},d.addEventListener(\"message\",d.wp.receiveEmbedMessage,!1),l.addEventListener(\"DOMContentLoaded\",function(){for(var e,t,s=l.querySelectorAll(\"iframe.darka-embedded-content\"),r=0;r<s.length;r++)(t=(e=s[r]).getAttribute(\"data-secret\"))||(t=Math.random().toString(36).substring(2,12),e.src+=\"#?secret=\"+t,e.setAttribute(\"data-secret\",t)),e.contentWindow.postMessage({message:\"ready\",secret:t},\"*\")},!1)))}(window,document);\n\/\/# sourceURL=https:\/\/darkamazi.site\/other\/js\/wp-embed.min.js\n<\/script>\n","thumbnail_url":"https:\/\/darkamazi.site\/file\/2023\/09\/tevgera-azad-pkk.jpg","thumbnail_width":900,"thumbnail_height":497,"description":"\u00a0K\u00fcrdistan B\u00f6lgesi G\u00fcvenlik Konseyi, ge\u00e7ti\u011fimiz g\u00fcnlerde Erbil merkezdeki bir \u00fcst ge\u00e7itte meydana gelen patlaman\u0131n \u201cter\u00f6r eylemi\u201d oldu\u011funu ve \u201cPKK taraf\u0131ndan ger\u00e7ekle\u015ftirildi\u011fini\u201d a\u00e7\u0131klad\u0131. 1 Eyl\u00fcl Cuma g\u00fcn\u00fc ak\u015fam saat 18.29 s\u0131ralar\u0131nda ba\u015fkent Eribil\u2019deki en i\u015flek yollar\u0131ndan biri olan 60 Metre Caddesi \u00fczerindeki \u00fcst ge\u00e7itte bir patlama meydana geldi. Patlamada can kayb\u0131 ya\u015fanmazken k\u00f6pr\u00fcde k\u0131smi hasar olu\u015ftu. [&hellip;]"}