{"version":"1.0","provider_name":"Darka Mazi","provider_url":"https:\/\/darkamazi.site","title":"Amude\u2019deki SiHA sald\u0131r\u0131s\u0131nda PKK\u2019nin 34 y\u0131ll\u0131k kadrosu Aslan \u00c7el\u00ea hayat\u0131n\u0131 kaybetti - Darka Mazi","type":"rich","width":600,"height":338,"html":"<blockquote class=\"darka-embedded-content\" data-secret=\"zTsHgXU1ug\"><a href=\"https:\/\/darkamazi.site\/archives\/1026733\">Amude\u2019deki SiHA sald\u0131r\u0131s\u0131nda PKK\u2019nin 34 y\u0131ll\u0131k kadrosu Aslan \u00c7el\u00ea hayat\u0131n\u0131 kaybetti<\/a><\/blockquote><iframe sandbox=\"allow-scripts\" security=\"restricted\" src=\"https:\/\/darkamazi.site\/archives\/1026733\/embed#?secret=zTsHgXU1ug\" width=\"600\" height=\"338\" title=\"&#8220;Amude\u2019deki SiHA sald\u0131r\u0131s\u0131nda PKK\u2019nin 34 y\u0131ll\u0131k kadrosu Aslan \u00c7el\u00ea hayat\u0131n\u0131 kaybetti&#8221; &#8212; Darka Mazi\" data-secret=\"zTsHgXU1ug\" frameborder=\"0\" marginwidth=\"0\" marginheight=\"0\" scrolling=\"no\" class=\"darka-embedded-content\"><\/iframe><script>\n\/*! This file is auto-generated *\/\n!function(d,l){\"use strict\";l.querySelector&&d.addEventListener&&\"undefined\"!=typeof URL&&(d.wp=d.wp||{},d.wp.receiveEmbedMessage||(d.wp.receiveEmbedMessage=function(e){var t=e.data;if((t||t.secret||t.message||t.value)&&!\/[^a-zA-Z0-9]\/.test(t.secret)){for(var s,r,n,a=l.querySelectorAll('iframe[data-secret=\"'+t.secret+'\"]'),o=l.querySelectorAll('blockquote[data-secret=\"'+t.secret+'\"]'),c=new RegExp(\"^https?:$\",\"i\"),i=0;i<o.length;i++)o[i].style.display=\"none\";for(i=0;i<a.length;i++)s=a[i],e.source===s.contentWindow&&(s.removeAttribute(\"style\"),\"height\"===t.message?(1e3<(r=parseInt(t.value,10))?r=1e3:~~r<200&&(r=200),s.height=r):\"link\"===t.message&&(r=new URL(s.getAttribute(\"src\")),n=new URL(t.value),c.test(n.protocol))&&n.host===r.host&&l.activeElement===s&&(d.top.location.href=t.value))}},d.addEventListener(\"message\",d.wp.receiveEmbedMessage,!1),l.addEventListener(\"DOMContentLoaded\",function(){for(var e,t,s=l.querySelectorAll(\"iframe.darka-embedded-content\"),r=0;r<s.length;r++)(t=(e=s[r]).getAttribute(\"data-secret\"))||(t=Math.random().toString(36).substring(2,12),e.src+=\"#?secret=\"+t,e.setAttribute(\"data-secret\",t)),e.contentWindow.postMessage({message:\"ready\",secret:t},\"*\")},!1)))}(window,document);\n\/\/# sourceURL=https:\/\/darkamazi.site\/other\/js\/wp-embed.min.js\n<\/script>\n","thumbnail_url":"https:\/\/darkamazi.site\/file\/2023\/09\/rujava.jpg","thumbnail_width":900,"thumbnail_height":497,"description":"T\u00fcrk devletinin Rojava\u2019daki SiHA sald\u0131r\u0131lar\u0131 son hafta i\u00e7inde yo\u011funla\u015ft\u0131. Sald\u0131r\u0131larda resmi a\u00e7\u0131klama yap\u0131lmazsa da \u00fcst d\u00fczey baz\u0131 y\u00f6neticilerin hayat\u0131n\u0131 kaybetti\u011fi y\u00f6n\u00fcnde bilgiler geliyor. \u00a0Son kay\u0131plar ise Amude\u2019de verildi. Amude\u2019de PKK\u2019nin en eski kadrolar\u0131ndan Aslan \u00c7el\u00ea\u2019nin hayat\u0131n\u0131 kaybetti\u011fi \u00f6\u011frenildi. \u00a017 Eyl\u00fcl&#8217;de Amude-Kam\u0131\u015fl\u0131 yolunda yap\u0131lan hava sald\u0131r\u0131s\u0131nda \u00a0iki Asayi\u015f \u00fcyesi hayat\u0131n\u0131 kaybetmi\u015fti. PKK\u2019nin Rojava\u2019da yay\u0131n yapan yay\u0131n [&hellip;]"}