{"version":"1.0","provider_name":"Darka Mazi","provider_url":"https:\/\/darkamazi.site","title":"Mevl\u00fct Yakut: K\u00fcrdistan B\u00f6lgesi ile ekonomik i\u015f birli\u011finin g\u00fc\u00e7lenmesine ba\u011fl\u0131y\u0131z - Darka Mazi","type":"rich","width":600,"height":338,"html":"<blockquote class=\"darka-embedded-content\" data-secret=\"rcqNVFoarS\"><a href=\"https:\/\/darkamazi.site\/archives\/1026822\">Mevl\u00fct Yakut: K\u00fcrdistan B\u00f6lgesi ile ekonomik i\u015f birli\u011finin g\u00fc\u00e7lenmesine ba\u011fl\u0131y\u0131z<\/a><\/blockquote><iframe sandbox=\"allow-scripts\" security=\"restricted\" src=\"https:\/\/darkamazi.site\/archives\/1026822\/embed#?secret=rcqNVFoarS\" width=\"600\" height=\"338\" title=\"&#8220;Mevl\u00fct Yakut: K\u00fcrdistan B\u00f6lgesi ile ekonomik i\u015f birli\u011finin g\u00fc\u00e7lenmesine ba\u011fl\u0131y\u0131z&#8221; &#8212; Darka Mazi\" data-secret=\"rcqNVFoarS\" frameborder=\"0\" marginwidth=\"0\" marginheight=\"0\" scrolling=\"no\" class=\"darka-embedded-content\"><\/iframe><script>\n\/*! This file is auto-generated *\/\n!function(d,l){\"use strict\";l.querySelector&&d.addEventListener&&\"undefined\"!=typeof URL&&(d.wp=d.wp||{},d.wp.receiveEmbedMessage||(d.wp.receiveEmbedMessage=function(e){var t=e.data;if((t||t.secret||t.message||t.value)&&!\/[^a-zA-Z0-9]\/.test(t.secret)){for(var s,r,n,a=l.querySelectorAll('iframe[data-secret=\"'+t.secret+'\"]'),o=l.querySelectorAll('blockquote[data-secret=\"'+t.secret+'\"]'),c=new RegExp(\"^https?:$\",\"i\"),i=0;i<o.length;i++)o[i].style.display=\"none\";for(i=0;i<a.length;i++)s=a[i],e.source===s.contentWindow&&(s.removeAttribute(\"style\"),\"height\"===t.message?(1e3<(r=parseInt(t.value,10))?r=1e3:~~r<200&&(r=200),s.height=r):\"link\"===t.message&&(r=new URL(s.getAttribute(\"src\")),n=new URL(t.value),c.test(n.protocol))&&n.host===r.host&&l.activeElement===s&&(d.top.location.href=t.value))}},d.addEventListener(\"message\",d.wp.receiveEmbedMessage,!1),l.addEventListener(\"DOMContentLoaded\",function(){for(var e,t,s=l.querySelectorAll(\"iframe.darka-embedded-content\"),r=0;r<s.length;r++)(t=(e=s[r]).getAttribute(\"data-secret\"))||(t=Math.random().toString(36).substring(2,12),e.src+=\"#?secret=\"+t,e.setAttribute(\"data-secret\",t)),e.contentWindow.postMessage({message:\"ready\",secret:t},\"*\")},!1)))}(window,document);\n\/\/# sourceURL=https:\/\/darkamazi.site\/other\/js\/wp-embed.min.js\n<\/script>\n","thumbnail_url":"https:\/\/darkamazi.site\/file\/2023\/09\/musiadgenelmerkezmanset1-scaled.jpeg","thumbnail_width":2560,"thumbnail_height":1111,"description":"T\u00fcrkiye\u2019nin Erbil Ba\u015fkonsolusu Mevl\u00fct Yakut, T\u00fcrkiye\u2019nin K\u00fcrdistan B\u00f6lgesi ile ekonomik i\u015f birli\u011finin g\u00fc\u00e7lendirilmesine ba\u011fl\u0131 oldu\u011funu s\u00f6yledi. M\u00fcstakil Sanayici ve \u0130\u015fadamlar\u0131 Derne\u011fi (M\u00dcS\u0130AD), Irak-K\u00fcrdistan B\u00f6lgesi ve T\u00fcrkiye aras\u0131ndaki ticari ili\u015fkileri geli\u015ftirmek amac\u0131yla Erbil\u2019de, T\u00fcrkiye ve K\u00fcrdistan B\u00f6lgesi\u2019nden \u015firketlerin kar\u015f\u0131l\u0131kl\u0131 g\u00f6r\u00fc\u015fmeler ger\u00e7ekle\u015ftirdi\u011fi bir forum d\u00fczenledi. Toplant\u0131da konu\u015fma yapan Ba\u015fkonsolos Yakut, \u201cBug\u00fcn burada bulunmam\u0131z T\u00fcrkiye\u2019nin b\u00f6lgedeki ortaklar\u0131yla ekonomik [&hellip;]"}