{"version":"1.0","provider_name":"Darka Mazi","provider_url":"https:\/\/darkamazi.site","title":"Esad: Sava\u015f bitmedi, de\u011ferlerimizi korumaya odakland\u0131k - Darka Mazi","type":"rich","width":600,"height":338,"html":"<blockquote class=\"darka-embedded-content\" data-secret=\"Ebc5XcVnlV\"><a href=\"https:\/\/darkamazi.site\/archives\/1026842\">Esad: Sava\u015f bitmedi, de\u011ferlerimizi korumaya odakland\u0131k<\/a><\/blockquote><iframe sandbox=\"allow-scripts\" security=\"restricted\" src=\"https:\/\/darkamazi.site\/archives\/1026842\/embed#?secret=Ebc5XcVnlV\" width=\"600\" height=\"338\" title=\"&#8220;Esad: Sava\u015f bitmedi, de\u011ferlerimizi korumaya odakland\u0131k&#8221; &#8212; Darka Mazi\" data-secret=\"Ebc5XcVnlV\" frameborder=\"0\" marginwidth=\"0\" marginheight=\"0\" scrolling=\"no\" class=\"darka-embedded-content\"><\/iframe><script>\n\/*! This file is auto-generated *\/\n!function(d,l){\"use strict\";l.querySelector&&d.addEventListener&&\"undefined\"!=typeof URL&&(d.wp=d.wp||{},d.wp.receiveEmbedMessage||(d.wp.receiveEmbedMessage=function(e){var t=e.data;if((t||t.secret||t.message||t.value)&&!\/[^a-zA-Z0-9]\/.test(t.secret)){for(var s,r,n,a=l.querySelectorAll('iframe[data-secret=\"'+t.secret+'\"]'),o=l.querySelectorAll('blockquote[data-secret=\"'+t.secret+'\"]'),c=new RegExp(\"^https?:$\",\"i\"),i=0;i<o.length;i++)o[i].style.display=\"none\";for(i=0;i<a.length;i++)s=a[i],e.source===s.contentWindow&&(s.removeAttribute(\"style\"),\"height\"===t.message?(1e3<(r=parseInt(t.value,10))?r=1e3:~~r<200&&(r=200),s.height=r):\"link\"===t.message&&(r=new URL(s.getAttribute(\"src\")),n=new URL(t.value),c.test(n.protocol))&&n.host===r.host&&l.activeElement===s&&(d.top.location.href=t.value))}},d.addEventListener(\"message\",d.wp.receiveEmbedMessage,!1),l.addEventListener(\"DOMContentLoaded\",function(){for(var e,t,s=l.querySelectorAll(\"iframe.darka-embedded-content\"),r=0;r<s.length;r++)(t=(e=s[r]).getAttribute(\"data-secret\"))||(t=Math.random().toString(36).substring(2,12),e.src+=\"#?secret=\"+t,e.setAttribute(\"data-secret\",t)),e.contentWindow.postMessage({message:\"ready\",secret:t},\"*\")},!1)))}(window,document);\n\/\/# sourceURL=https:\/\/darkamazi.site\/other\/js\/wp-embed.min.js\n<\/script>\n","thumbnail_url":"https:\/\/darkamazi.site\/file\/2023\/09\/images-2.jpeg","thumbnail_width":289,"thumbnail_height":175,"description":"Suriye Devlet Ba\u015fkan\u0131 Be\u015far Esad, \u00fclkesindeki sava\u015f bitti\u011finde Suriye halk\u0131n\u0131n \u00fclkelerini yeniden in\u015fa etme kapasitesine sahip oldu\u011funu vurgulayarak, \u201dB\u00f6lgemiz iki t\u00fcr tehlikeyle kar\u015f\u0131 kar\u015f\u0131yad\u0131r: Amerika k\u00f6kenli modern Bat\u0131 liberalizmi tehlikesi ve a\u015f\u0131r\u0131l\u0131k tehlikesi\u201d ifadelerini kulland\u0131. \u00c7in Merkezi Televizyonu (CCTV) ile yapt\u0131\u011f\u0131 r\u00f6portajda, Suriye Devlet Ba\u015fkan\u0131 Be\u015far Esad g\u00fcndeme ili\u015fkin sorular\u0131 yan\u0131tlad\u0131. \u00c7in\u2019in Suriye\u2019yi destekledi\u011fini ifade [&hellip;]"}